{"id":5715,"date":"2019-11-22T12:13:09","date_gmt":"2019-11-22T12:13:09","guid":{"rendered":"https:\/\/ortodonciabarcelona.com\/?page_id=5715"},"modified":"2026-02-03T10:03:20","modified_gmt":"2026-02-03T10:03:20","slug":"home-2-2-2","status":"publish","type":"page","link":"https:\/\/ortodonciabarcelona.com\/ca\/","title":{"rendered":"Inici &#8211; Ortodoncia Barcelona"},"content":{"rendered":"<p><div class=\"fusion-fullwidth fullwidth-box fusion-builder-row-1 fusion-flex-container has-pattern-background has-mask-background hundred-percent-fullwidth non-hundred-percent-height-scrolling fusion-no-medium-visibility fusion-no-large-visibility\" style=\"--awb-border-radius-top-left:0px;--awb-border-radius-top-right:0px;--awb-border-radius-bottom-right:0px;--awb-border-radius-bottom-left:0px;--awb-padding-top:0px;--awb-padding-right:0px;--awb-padding-bottom:0px;--awb-padding-left:0px;--awb-margin-top:100px;--awb-flex-wrap:wrap;\" ><div class=\"fusion-builder-row fusion-row fusion-flex-align-items-flex-start fusion-flex-content-wrap\" style=\"width:104% !important;max-width:104% !important;margin-left: calc(-4% \/ 2 );margin-right: calc(-4% \/ 2 );\"><div class=\"fusion-layout-column fusion_builder_column fusion-builder-column-0 fusion_builder_column_1_1 1_1 fusion-flex-column\" style=\"--awb-bg-size:cover;--awb-width-large:100%;--awb-margin-top-large:0px;--awb-spacing-right-large:1.92%;--awb-margin-bottom-large:0px;--awb-spacing-left-large:1.92%;--awb-width-medium:100%;--awb-order-medium:0;--awb-spacing-right-medium:1.92%;--awb-spacing-left-medium:1.92%;--awb-width-small:100%;--awb-order-small:0;--awb-spacing-right-small:1.92%;--awb-spacing-left-small:1.92%;\"><div class=\"fusion-column-wrapper fusion-column-has-shadow fusion-flex-justify-content-flex-start fusion-content-layout-column\"><div class=\"fusion-image-element fusion-no-medium-visibility fusion-no-large-visibility\" style=\"--awb-caption-title-font-family:var(--h2_typography-font-family);--awb-caption-title-font-weight:var(--h2_typography-font-weight);--awb-caption-title-font-style:var(--h2_typography-font-style);--awb-caption-title-size:var(--h2_typography-font-size);--awb-caption-title-transform:var(--h2_typography-text-transform);--awb-caption-title-line-height:var(--h2_typography-line-height);--awb-caption-title-letter-spacing:var(--h2_typography-letter-spacing);\"><span class=\" fusion-imageframe imageframe-none imageframe-1 hover-type-none\"><a class=\"fusion-no-lightbox\" href=\"https:\/\/ortodonciabarcelona.com\/ca\/tipus-dortodoncia\/ortodoncia-invisalign\/\" target=\"_self\" aria-label=\"3000 somriures invisalign gracies\"><img decoding=\"async\" width=\"480\" height=\"468\" alt=\"3000 somriures invisalign gracies\" src=\"https:\/\/ortodonciabarcelona.com\/wp-content\/uploads\/2024\/10\/sumem-3000-somriures-invisalign-gracies.jpg\" class=\"img-responsive wp-image-13205\" srcset=\"https:\/\/ortodonciabarcelona.com\/wp-content\/uploads\/2024\/10\/sumem-3000-somriures-invisalign-gracies-200x195.jpg 200w, https:\/\/ortodonciabarcelona.com\/wp-content\/uploads\/2024\/10\/sumem-3000-somriures-invisalign-gracies-400x390.jpg 400w, https:\/\/ortodonciabarcelona.com\/wp-content\/uploads\/2024\/10\/sumem-3000-somriures-invisalign-gracies.jpg 480w\" sizes=\"(max-width: 1024px) 100vw, (max-width: 640px) 100vw, 480px\" \/><\/a><\/span><\/div><\/div><\/div><\/div><\/div><div class=\"fusion-fullwidth fullwidth-box fusion-builder-row-2 fusion-flex-container nonhundred-percent-fullwidth non-hundred-percent-height-scrolling\" style=\"--awb-border-radius-top-left:0px;--awb-border-radius-top-right:0px;--awb-border-radius-bottom-right:0px;--awb-border-radius-bottom-left:0px;--awb-background-color:#b1c8d0;--awb-flex-wrap:wrap;\" ><div class=\"fusion-builder-row fusion-row fusion-flex-align-items-flex-start fusion-flex-content-wrap\" style=\"max-width:1144px;margin-left: calc(-4% \/ 2 );margin-right: calc(-4% \/ 2 );\"><div class=\"fusion-layout-column fusion_builder_column fusion-builder-column-1 fusion_builder_column_1_2 1_2 fusion-flex-column\" style=\"--awb-bg-size:cover;--awb-width-large:50%;--awb-margin-top-large:0px;--awb-spacing-right-large:3.84%;--awb-margin-bottom-large:0px;--awb-spacing-left-large:3.84%;--awb-width-medium:100%;--awb-spacing-right-medium:1.92%;--awb-spacing-left-medium:1.92%;--awb-width-small:100%;--awb-spacing-right-small:1.92%;--awb-spacing-left-small:1.92%;\"><div class=\"fusion-column-wrapper fusion-column-has-shadow fusion-flex-justify-content-flex-start fusion-content-layout-column\"><div class=\"fusion-title title fusion-title-1 fusion-no-small-visibility fusion-sep-none fusion-title-text fusion-title-size-one lighter\" style=\"--awb-text-color:#ffffff;--awb-margin-top:15px;--awb-margin-bottom:25px;--awb-margin-top-small:0px;--awb-margin-right-small:0px;--awb-margin-bottom-small:20px;--awb-margin-left-small:0px;--awb-font-size:52px;\"><h1 class=\"fusion-title-heading title-heading-left\" style=\"margin:0;font-size:1em;line-height:1.2em;\">Ortod\u00f2ncia Barcelona<\/h1><\/div><div class=\"fusion-title title fusion-title-2 fusion-no-medium-visibility fusion-no-large-visibility fusion-sep-none fusion-title-text fusion-title-size-div\" style=\"--awb-text-color:#ffffff;--awb-margin-top-small:0px;--awb-margin-right-small:0px;--awb-margin-bottom-small:20px;--awb-margin-left-small:0px;--awb-font-size:40px;\"><div class=\"fusion-title-heading title-heading-left title-heading-tag\" style=\"font-family:&quot;Lato&quot;;font-style:normal;font-weight:300;margin:0;font-size:1em;line-height:55px;\">Ortod\u00f2ncia Barcelona<\/div><\/div><\/div><\/div><div class=\"fusion-layout-column fusion_builder_column fusion-builder-column-2 fusion_builder_column_1_2 1_2 fusion-flex-column\" style=\"--awb-bg-size:cover;--awb-width-large:50%;--awb-margin-top-large:0px;--awb-spacing-right-large:3.84%;--awb-margin-bottom-large:0px;--awb-spacing-left-large:3.84%;--awb-width-medium:100%;--awb-spacing-right-medium:1.92%;--awb-spacing-left-medium:1.92%;--awb-width-small:100%;--awb-spacing-right-small:1.92%;--awb-spacing-left-small:1.92%;\"><div class=\"fusion-column-wrapper fusion-column-has-shadow fusion-flex-justify-content-flex-start fusion-content-layout-column\"><div class=\"fusion-text fusion-text-1 tus-ortodoncistas\"><p>Els teus ortodoncistes a Barcelona<\/p>\n<\/div><\/div><\/div><\/div><\/div><div class=\"fusion-fullwidth fullwidth-box fusion-builder-row-3 fusion-flex-container nonhundred-percent-fullwidth non-hundred-percent-height-scrolling\" style=\"--awb-border-radius-top-left:0px;--awb-border-radius-top-right:0px;--awb-border-radius-bottom-right:0px;--awb-border-radius-bottom-left:0px;--awb-flex-wrap:wrap;\" ><div class=\"fusion-builder-row fusion-row fusion-flex-align-items-center fusion-flex-justify-content-center fusion-flex-content-wrap\" style=\"max-width:1144px;margin-left: calc(-4% \/ 2 );margin-right: calc(-4% \/ 2 );\"><div class=\"fusion-layout-column fusion_builder_column fusion-builder-column-3 fusion_builder_column_1_6 1_6 fusion-flex-column\" style=\"--awb-bg-size:cover;--awb-width-large:16.666666666667%;--awb-margin-top-large:0px;--awb-spacing-right-large:11.52%;--awb-margin-bottom-large:0px;--awb-spacing-left-large:11.52%;--awb-width-medium:100%;--awb-spacing-right-medium:1.92%;--awb-spacing-left-medium:1.92%;--awb-width-small:100%;--awb-spacing-right-small:1.92%;--awb-spacing-left-small:1.92%;\"><div class=\"fusion-column-wrapper fusion-column-has-shadow fusion-flex-justify-content-flex-start fusion-content-layout-column\"><\/div><\/div><div class=\"fusion-layout-column fusion_builder_column fusion-builder-column-4 fusion_builder_column_2_3 2_3 fusion-flex-column\" style=\"--awb-bg-size:cover;--awb-width-large:66.666666666667%;--awb-margin-top-large:0px;--awb-spacing-right-large:2.88%;--awb-margin-bottom-large:30px;--awb-spacing-left-large:2.88%;--awb-width-medium:100%;--awb-order-medium:0;--awb-spacing-right-medium:1.92%;--awb-spacing-left-medium:1.92%;--awb-width-small:100%;--awb-order-small:0;--awb-spacing-right-small:1.92%;--awb-spacing-left-small:1.92%;\" data-scroll-devices=\"small-visibility,medium-visibility,large-visibility\"><div class=\"fusion-column-wrapper fusion-column-has-shadow fusion-flex-justify-content-flex-start fusion-content-layout-column\"><div class=\"fusion-title title fusion-title-3 fusion-no-small-visibility fusion-sep-none fusion-title-center fusion-title-text fusion-title-size-two\" style=\"--awb-text-color:#000000;--awb-margin-top:55px;--awb-margin-bottom:30px;--awb-margin-top-small:0px;--awb-margin-right-small:0px;--awb-margin-bottom-small:20px;--awb-margin-left-small:0px;--awb-font-size:41px;\"><h2 class=\"fusion-title-heading title-heading-center\" style=\"margin:0;font-size:1em;line-height:1.2em;\">ESPECIALISTES EN ORTOD\u00d2NCIA A BARCELONA<\/h2><\/div><div class=\"fusion-title title fusion-title-4 fusion-no-medium-visibility fusion-no-large-visibility fusion-sep-none fusion-title-center fusion-title-text fusion-title-size-div\" style=\"--awb-text-color:#000000;--awb-margin-top:55px;--awb-margin-bottom:30px;--awb-margin-top-small:0px;--awb-margin-right-small:0px;--awb-margin-bottom-small:20px;--awb-margin-left-small:0px;--awb-font-size:40px;\"><div class=\"fusion-title-heading title-heading-center title-heading-tag\" style=\"font-family:&quot;Lato&quot;;font-style:normal;font-weight:300;margin:0;font-size:1em;line-height:1.2em;\">ESPECIALISTES EN ORTOD\u00d2NCIA A BARCELONA<\/div><\/div><div class=\"fusion-text fusion-text-2\"><p style=\"text-align: center;\"><span lang=\"ES\">Ens dediquem exclusivament a l\u2019ortod\u00f2ncia, \u00e9s a dir, som especialistes en ortod\u00f2ncia. Aquesta especialitzaci\u00f3 ens permet estar en cont\u00ednua evoluci\u00f3 aplicant sempre noves t\u00e8cniques i tecnologies per a millorar els resultats.<br \/>\n<\/span><\/p>\n<\/div><\/div><\/div><div class=\"fusion-layout-column fusion_builder_column fusion-builder-column-5 fusion_builder_column_1_6 1_6 fusion-flex-column\" style=\"--awb-bg-size:cover;--awb-width-large:16.666666666667%;--awb-margin-top-large:0px;--awb-spacing-right-large:11.52%;--awb-margin-bottom-large:0px;--awb-spacing-left-large:11.52%;--awb-width-medium:100%;--awb-spacing-right-medium:1.92%;--awb-spacing-left-medium:1.92%;--awb-width-small:100%;--awb-spacing-right-small:1.92%;--awb-spacing-left-small:1.92%;\"><div class=\"fusion-column-wrapper fusion-column-has-shadow fusion-flex-justify-content-flex-start fusion-content-layout-column\"><\/div><\/div><\/div><\/div><div class=\"fusion-fullwidth fullwidth-box fusion-builder-row-4 fusion-flex-container has-pattern-background has-mask-background nonhundred-percent-fullwidth non-hundred-percent-height-scrolling\" style=\"--awb-border-radius-top-left:0px;--awb-border-radius-top-right:0px;--awb-border-radius-bottom-right:0px;--awb-border-radius-bottom-left:0px;--awb-padding-top:0px;--awb-margin-top:0px;--awb-margin-bottom:20px;--awb-flex-wrap:wrap;\" ><div class=\"fusion-builder-row fusion-row fusion-flex-align-items-flex-start fusion-flex-content-wrap\" style=\"max-width:1144px;margin-left: calc(-4% \/ 2 );margin-right: calc(-4% \/ 2 );\"><div class=\"fusion-layout-column fusion_builder_column fusion-builder-column-6 fusion_builder_column_1_1 1_1 fusion-flex-column\" style=\"--awb-bg-size:cover;--awb-width-large:100%;--awb-margin-top-large:0px;--awb-spacing-right-large:1.92%;--awb-margin-bottom-large:0px;--awb-spacing-left-large:1.92%;--awb-width-medium:100%;--awb-order-medium:0;--awb-spacing-right-medium:1.92%;--awb-spacing-left-medium:1.92%;--awb-width-small:100%;--awb-order-small:0;--awb-spacing-right-small:1.92%;--awb-spacing-left-small:1.92%;\" data-scroll-devices=\"small-visibility,medium-visibility,large-visibility\"><div class=\"fusion-column-wrapper fusion-column-has-shadow fusion-flex-justify-content-flex-start fusion-content-layout-column\"><div style=\"text-align:center;\"><a class=\"fusion-button button-flat fusion-button-default-size button-custom fusion-button-default button-1 fusion-button-span-no fusion-button-default-type\" style=\"--button_accent_color:#ffffff;--button_accent_hover_color:#ffffff;--button_border_hover_color:#ffffff;--button_gradient_top_color:#b1c8d0;--button_gradient_bottom_color:#b1c8d0;--button_gradient_top_color_hover:#b1c8d0;--button_gradient_bottom_color_hover:#b1c8d0;--button_text_transform:uppercase;--button_font_size:17px;--button_padding-right:40px;--button_padding-left:40px;--button_typography-font-family:&quot;PT Sans&quot;;--button_typography-font-style:normal;--button_typography-font-weight:400;--button_margin-top:0px;\" target=\"_self\" id=\"boton-home-transforma-tu-sonrisa\"><span class=\"fusion-button-text awb-button__text awb-button__text--default\">Transforma el teu somriure avui<\/span><\/a><\/div><\/div><\/div><\/div><\/div><div class=\"fusion-fullwidth fullwidth-box fusion-builder-row-5 fusion-flex-container has-pattern-background has-mask-background nonhundred-percent-fullwidth non-hundred-percent-height-scrolling home-container-hide\" style=\"--awb-border-radius-top-left:0px;--awb-border-radius-top-right:0px;--awb-border-radius-bottom-right:0px;--awb-border-radius-bottom-left:0px;--awb-padding-top:60px;--awb-margin-bottom:100px;--awb-background-color:rgba(230,243,247,0.5);--awb-flex-wrap:wrap;\" ><div class=\"fusion-builder-row fusion-row fusion-flex-align-items-flex-start fusion-flex-content-wrap\" style=\"max-width:1144px;margin-left: calc(-4% \/ 2 );margin-right: calc(-4% \/ 2 );\"><div class=\"fusion-layout-column fusion_builder_column fusion-builder-column-7 fusion_builder_column_1_6 1_6 fusion-flex-column\" style=\"--awb-bg-size:cover;--awb-width-large:16.666666666667%;--awb-margin-top-large:0px;--awb-spacing-right-large:11.52%;--awb-margin-bottom-large:0px;--awb-spacing-left-large:11.52%;--awb-width-medium:100%;--awb-order-medium:0;--awb-spacing-right-medium:1.92%;--awb-spacing-left-medium:1.92%;--awb-width-small:100%;--awb-order-small:0;--awb-spacing-right-small:1.92%;--awb-spacing-left-small:1.92%;\"><div class=\"fusion-column-wrapper fusion-column-has-shadow fusion-flex-justify-content-flex-start fusion-content-layout-column\"><\/div><\/div><div class=\"fusion-layout-column fusion_builder_column fusion-builder-column-8 fusion_builder_column_1_3 1_3 fusion-flex-column\" style=\"--awb-bg-size:cover;--awb-width-large:33.333333333333%;--awb-margin-top-large:0px;--awb-spacing-right-large:5.76%;--awb-margin-bottom-large:40px;--awb-spacing-left-large:5.76%;--awb-width-medium:100%;--awb-order-medium:0;--awb-spacing-right-medium:1.92%;--awb-spacing-left-medium:1.92%;--awb-width-small:100%;--awb-order-small:0;--awb-spacing-right-small:1.92%;--awb-spacing-left-small:1.92%;\" data-scroll-devices=\"small-visibility,medium-visibility,large-visibility\"><div class=\"fusion-column-wrapper fusion-column-has-shadow fusion-flex-justify-content-flex-start fusion-content-layout-column\"><div class=\"fusion-title title fusion-title-5 fusion-sep-none fusion-title-text fusion-title-size-two\" style=\"--awb-text-color:var(--awb-color4);--awb-margin-top-small:0px;--awb-margin-right-small:0px;--awb-margin-bottom-small:20px;--awb-margin-left-small:0px;--awb-font-size:32px;\"><h2 class=\"fusion-title-heading title-heading-left\" style=\"font-family:&quot;Lato&quot;;font-style:normal;font-weight:700;margin:0;font-size:1em;line-height:36px;\">Tu tamb\u00e9 pots lluir un somriure preci\u00f3s<\/h2><\/div><div class=\"fusion-text fusion-text-3\"><p>Si busques ortodoncista a Barcelona,<br \/>\nsom experts amb la m\u00e0xima certificaci\u00f3<br \/>\n<a href=\"https:\/\/ortodonciabarcelona.com\/ca\/tipus-dortodoncia\/ortodoncia-invisalign\/\">Invisalign Diamond Apex<\/a><\/p>\n<\/div><\/div><\/div><div class=\"fusion-layout-column fusion_builder_column fusion-builder-column-9 fusion_builder_column_1_3 1_3 fusion-flex-column\" style=\"--awb-bg-size:cover;--awb-width-large:33.333333333333%;--awb-margin-top-large:0px;--awb-spacing-right-large:5.76%;--awb-margin-bottom-large:0px;--awb-spacing-left-large:5.76%;--awb-width-medium:100%;--awb-order-medium:0;--awb-spacing-right-medium:1.92%;--awb-spacing-left-medium:1.92%;--awb-width-small:100%;--awb-order-small:0;--awb-spacing-right-small:1.92%;--awb-spacing-left-small:1.92%;\"><div class=\"fusion-column-wrapper fusion-column-has-shadow fusion-flex-justify-content-flex-start fusion-content-layout-column\"><div class=\"fusion-builder-row fusion-builder-row-inner fusion-row fusion-flex-align-items-flex-start fusion-flex-content-wrap\" style=\"--awb-flex-grow:0;--awb-flex-grow-medium:0;--awb-flex-grow-small:0;--awb-flex-shrink:0;--awb-flex-shrink-medium:0;--awb-flex-shrink-small:0;width:104% !important;max-width:104% !important;margin-left: calc(-4% \/ 2 );margin-right: calc(-4% \/ 2 );\"><div class=\"fusion-layout-column fusion_builder_column_inner fusion-builder-nested-column-0 fusion_builder_column_inner_1_6 1_6 fusion-flex-column fusion-flex-align-self-flex-start\" style=\"--awb-bg-size:cover;--awb-width-large:16.666666666667%;--awb-margin-top-large:0px;--awb-spacing-right-large:11.52%;--awb-margin-bottom-large:0px;--awb-spacing-left-large:11.52%;--awb-width-medium:100%;--awb-order-medium:0;--awb-spacing-right-medium:1.92%;--awb-spacing-left-medium:1.92%;--awb-width-small:100%;--awb-order-small:0;--awb-spacing-right-small:1.92%;--awb-spacing-left-small:1.92%;\" data-scroll-devices=\"small-visibility,medium-visibility,large-visibility\"><div class=\"fusion-column-wrapper fusion-column-has-shadow fusion-flex-justify-content-flex-start fusion-content-layout-column\"><i class=\"fb-icon-element-1 fb-icon-element fontawesome-icon fa-user-md fas circle-no\" style=\"--awb-font-size:24px;--awb-margin-top:0;--awb-margin-right:0;--awb-margin-bottom:0;--awb-margin-left:12px;--awb-align-self:flex-end;--awb-sm-align-self:center;\"><\/i><\/div><\/div><div class=\"fusion-layout-column fusion_builder_column_inner fusion-builder-nested-column-1 fusion_builder_column_inner_5_6 5_6 fusion-flex-column\" style=\"--awb-bg-size:cover;--awb-width-large:83.333333333333%;--awb-margin-top-large:0px;--awb-spacing-right-large:2.304%;--awb-margin-bottom-large:0px;--awb-spacing-left-large:2.304%;--awb-width-medium:100%;--awb-order-medium:0;--awb-spacing-right-medium:1.92%;--awb-spacing-left-medium:1.92%;--awb-width-small:100%;--awb-order-small:0;--awb-spacing-right-small:1.92%;--awb-spacing-left-small:1.92%;\" data-scroll-devices=\"small-visibility,medium-visibility,large-visibility\"><div class=\"fusion-column-wrapper fusion-column-has-shadow fusion-flex-justify-content-center fusion-content-layout-column\"><div class=\"fusion-text fusion-text-4\"><p>Confia en <strong>experts<\/strong><br \/>\nen ortod\u00f2ncia infantil i adults<\/p>\n<\/div><\/div><\/div><\/div><div class=\"fusion-builder-row fusion-builder-row-inner fusion-row fusion-flex-align-items-flex-start fusion-flex-content-wrap\" style=\"--awb-flex-grow:0;--awb-flex-grow-medium:0;--awb-flex-grow-small:0;--awb-flex-shrink:0;--awb-flex-shrink-medium:0;--awb-flex-shrink-small:0;width:104% !important;max-width:104% !important;margin-left: calc(-4% \/ 2 );margin-right: calc(-4% \/ 2 );\"><div class=\"fusion-layout-column fusion_builder_column_inner fusion-builder-nested-column-2 fusion_builder_column_inner_1_6 1_6 fusion-flex-column fusion-flex-align-self-flex-start\" style=\"--awb-bg-size:cover;--awb-width-large:16.666666666667%;--awb-margin-top-large:0px;--awb-spacing-right-large:11.52%;--awb-margin-bottom-large:0px;--awb-spacing-left-large:11.52%;--awb-width-medium:100%;--awb-order-medium:0;--awb-spacing-right-medium:1.92%;--awb-spacing-left-medium:1.92%;--awb-width-small:100%;--awb-order-small:0;--awb-spacing-right-small:1.92%;--awb-spacing-left-small:1.92%;\" data-scroll-devices=\"small-visibility,medium-visibility,large-visibility\"><div class=\"fusion-column-wrapper fusion-column-has-shadow fusion-flex-justify-content-flex-start fusion-content-layout-column\"><i class=\"fb-icon-element-2 fb-icon-element fontawesome-icon fa-eye fas circle-no\" style=\"--awb-font-size:24px;--awb-margin-top:0;--awb-margin-right:0;--awb-margin-bottom:0;--awb-margin-left:12px;--awb-align-self:flex-end;--awb-sm-align-self:center;\"><\/i><\/div><\/div><div class=\"fusion-layout-column fusion_builder_column_inner fusion-builder-nested-column-3 fusion_builder_column_inner_5_6 5_6 fusion-flex-column\" style=\"--awb-bg-size:cover;--awb-width-large:83.333333333333%;--awb-margin-top-large:0px;--awb-spacing-right-large:2.304%;--awb-margin-bottom-large:0px;--awb-spacing-left-large:2.304%;--awb-width-medium:100%;--awb-order-medium:0;--awb-spacing-right-medium:1.92%;--awb-spacing-left-medium:1.92%;--awb-width-small:100%;--awb-order-small:0;--awb-spacing-right-small:1.92%;--awb-spacing-left-small:1.92%;\" data-scroll-devices=\"small-visibility,medium-visibility,large-visibility\"><div class=\"fusion-column-wrapper fusion-column-has-shadow fusion-flex-justify-content-center fusion-content-layout-column\"><div class=\"fusion-text fusion-text-5\"><p>Vine a visitar-nos, <strong>no haur\u00e0s<br \/>\nde pagar res<\/strong> en la 1a visita<\/p>\n<\/div><\/div><\/div><\/div><div class=\"fusion-builder-row fusion-builder-row-inner fusion-row fusion-flex-align-items-flex-start fusion-flex-content-wrap\" style=\"--awb-flex-grow:0;--awb-flex-grow-medium:0;--awb-flex-grow-small:0;--awb-flex-shrink:0;--awb-flex-shrink-medium:0;--awb-flex-shrink-small:0;width:104% !important;max-width:104% !important;margin-left: calc(-4% \/ 2 );margin-right: calc(-4% \/ 2 );\"><div class=\"fusion-layout-column fusion_builder_column_inner fusion-builder-nested-column-4 fusion_builder_column_inner_1_6 1_6 fusion-flex-column fusion-flex-align-self-flex-start\" style=\"--awb-bg-size:cover;--awb-width-large:16.666666666667%;--awb-margin-top-large:0px;--awb-spacing-right-large:11.52%;--awb-margin-bottom-large:0px;--awb-spacing-left-large:11.52%;--awb-width-medium:100%;--awb-order-medium:0;--awb-spacing-right-medium:1.92%;--awb-spacing-left-medium:1.92%;--awb-width-small:100%;--awb-order-small:0;--awb-spacing-right-small:1.92%;--awb-spacing-left-small:1.92%;\" data-scroll-devices=\"small-visibility,medium-visibility,large-visibility\"><div class=\"fusion-column-wrapper fusion-column-has-shadow fusion-flex-justify-content-flex-start fusion-content-layout-column\"><i class=\"fb-icon-element-3 fb-icon-element fontawesome-icon fa-thumbs-up fas circle-no\" style=\"--awb-font-size:24px;--awb-margin-top:0;--awb-margin-right:0;--awb-margin-bottom:0;--awb-margin-left:12px;--awb-align-self:flex-end;--awb-sm-align-self:center;\"><\/i><\/div><\/div><div class=\"fusion-layout-column fusion_builder_column_inner fusion-builder-nested-column-5 fusion_builder_column_inner_5_6 5_6 fusion-flex-column\" style=\"--awb-bg-size:cover;--awb-width-large:83.333333333333%;--awb-margin-top-large:0px;--awb-spacing-right-large:2.304%;--awb-margin-bottom-large:0px;--awb-spacing-left-large:2.304%;--awb-width-medium:100%;--awb-order-medium:0;--awb-spacing-right-medium:1.92%;--awb-spacing-left-medium:1.92%;--awb-width-small:100%;--awb-order-small:0;--awb-spacing-right-small:1.92%;--awb-spacing-left-small:1.92%;\" data-scroll-devices=\"small-visibility,medium-visibility,large-visibility\"><div class=\"fusion-column-wrapper fusion-column-has-shadow fusion-flex-justify-content-center fusion-content-layout-column\"><div class=\"fusion-text fusion-text-6\"><p>Finan\u00e7ament del tractament<br \/>\na la teva mida, <strong>sense interessos!<\/strong><\/p>\n<\/div><\/div><\/div><\/div><div class=\"fusion-builder-row fusion-builder-row-inner fusion-row fusion-flex-align-items-flex-start fusion-flex-content-wrap\" style=\"--awb-flex-grow:0;--awb-flex-grow-medium:0;--awb-flex-grow-small:0;--awb-flex-shrink:0;--awb-flex-shrink-medium:0;--awb-flex-shrink-small:0;width:104% !important;max-width:104% !important;margin-left: calc(-4% \/ 2 );margin-right: calc(-4% \/ 2 );\"><div class=\"fusion-layout-column fusion_builder_column_inner fusion-builder-nested-column-6 fusion_builder_column_inner_1_6 1_6 fusion-flex-column fusion-flex-align-self-flex-start\" style=\"--awb-bg-size:cover;--awb-width-large:16.666666666667%;--awb-margin-top-large:0px;--awb-spacing-right-large:11.52%;--awb-margin-bottom-large:0px;--awb-spacing-left-large:11.52%;--awb-width-medium:100%;--awb-order-medium:0;--awb-spacing-right-medium:1.92%;--awb-spacing-left-medium:1.92%;--awb-width-small:100%;--awb-order-small:0;--awb-spacing-right-small:1.92%;--awb-spacing-left-small:1.92%;\" data-scroll-devices=\"small-visibility,medium-visibility,large-visibility\"><div class=\"fusion-column-wrapper fusion-column-has-shadow fusion-flex-justify-content-flex-start fusion-content-layout-column\"><i class=\"fb-icon-element-4 fb-icon-element fontawesome-icon fa-smile far circle-no\" style=\"--awb-font-size:24px;--awb-margin-top:0;--awb-margin-right:0;--awb-margin-bottom:0;--awb-margin-left:12px;--awb-align-self:flex-end;--awb-sm-align-self:center;\"><\/i><\/div><\/div><div class=\"fusion-layout-column fusion_builder_column_inner fusion-builder-nested-column-7 fusion_builder_column_inner_5_6 5_6 fusion-flex-column\" style=\"--awb-bg-size:cover;--awb-width-large:83.333333333333%;--awb-margin-top-large:0px;--awb-spacing-right-large:2.304%;--awb-margin-bottom-large:0px;--awb-spacing-left-large:2.304%;--awb-width-medium:100%;--awb-order-medium:0;--awb-spacing-right-medium:1.92%;--awb-spacing-left-medium:1.92%;--awb-width-small:100%;--awb-order-small:0;--awb-spacing-right-small:1.92%;--awb-spacing-left-small:1.92%;\" data-scroll-devices=\"small-visibility,medium-visibility,large-visibility\"><div class=\"fusion-column-wrapper fusion-column-has-shadow fusion-flex-justify-content-center fusion-content-layout-column\"><div class=\"fusion-text fusion-text-7\"><p><strong>Milers de somriures ja han confiat en nosaltres<\/strong>, i tu?<\/p>\n<\/div><\/div><\/div><\/div><\/div><\/div><div class=\"fusion-layout-column fusion_builder_column fusion-builder-column-10 fusion_builder_column_1_6 1_6 fusion-flex-column\" style=\"--awb-bg-size:cover;--awb-width-large:16.666666666667%;--awb-margin-top-large:0px;--awb-spacing-right-large:11.52%;--awb-margin-bottom-large:0px;--awb-spacing-left-large:11.52%;--awb-width-medium:100%;--awb-order-medium:0;--awb-spacing-right-medium:1.92%;--awb-spacing-left-medium:1.92%;--awb-width-small:100%;--awb-order-small:0;--awb-spacing-right-small:1.92%;--awb-spacing-left-small:1.92%;\"><div class=\"fusion-column-wrapper fusion-column-has-shadow fusion-flex-justify-content-flex-start fusion-content-layout-column\"><\/div><\/div><div class=\"fusion-layout-column fusion_builder_column fusion-builder-column-11 fusion_builder_column_1_6 1_6 fusion-flex-column\" style=\"--awb-bg-size:cover;--awb-width-large:16.666666666667%;--awb-margin-top-large:0px;--awb-spacing-right-large:11.52%;--awb-margin-bottom-large:0px;--awb-spacing-left-large:11.52%;--awb-width-medium:100%;--awb-order-medium:0;--awb-spacing-right-medium:1.92%;--awb-spacing-left-medium:1.92%;--awb-width-small:100%;--awb-order-small:0;--awb-spacing-right-small:1.92%;--awb-spacing-left-small:1.92%;\"><div class=\"fusion-column-wrapper fusion-column-has-shadow fusion-flex-justify-content-flex-start fusion-content-layout-column\"><\/div><\/div><div class=\"fusion-layout-column fusion_builder_column fusion-builder-column-12 fusion_builder_column_2_3 2_3 fusion-flex-column fusion-flex-align-self-center\" style=\"--awb-bg-color:var(--awb-color1);--awb-bg-color-hover:var(--awb-color1);--awb-bg-size:cover;--awb-box-shadow:0px 2px 5px 2px rgba(0,0,0,0.22);;--awb-width-large:66.666666666667%;--awb-margin-top-large:20px;--awb-spacing-right-large:2.88%;--awb-margin-bottom-large:-30px;--awb-spacing-left-large:2.88%;--awb-width-medium:100%;--awb-order-medium:0;--awb-spacing-right-medium:1.92%;--awb-spacing-left-medium:1.92%;--awb-width-small:100%;--awb-order-small:0;--awb-spacing-right-small:1.92%;--awb-spacing-left-small:1.92%;\" data-scroll-devices=\"small-visibility,medium-visibility,large-visibility\"><div class=\"fusion-column-wrapper fusion-column-has-shadow fusion-flex-justify-content-flex-start fusion-content-layout-block\"><div class=\"fusion-builder-row fusion-builder-row-inner fusion-row fusion-flex-align-items-flex-start fusion-flex-content-wrap\" style=\"--awb-flex-grow:0;--awb-flex-grow-medium:0;--awb-flex-grow-small:0;--awb-flex-shrink:0;--awb-flex-shrink-medium:0;--awb-flex-shrink-small:0;width:104% !important;max-width:104% !important;margin-left: calc(-4% \/ 2 );margin-right: calc(-4% \/ 2 );\"><div class=\"fusion-layout-column fusion_builder_column_inner fusion-builder-nested-column-8 fusion_builder_column_inner_1_2 1_2 fusion-flex-column fusion-no-small-visibility\" style=\"--awb-padding-top:0px;--awb-padding-bottom:0px;--awb-bg-size:cover;--awb-width-large:50%;--awb-margin-top-large:0px;--awb-spacing-right-large:3.84%;--awb-margin-bottom-large:0px;--awb-spacing-left-large:3.84%;--awb-width-medium:100%;--awb-order-medium:0;--awb-spacing-right-medium:1.92%;--awb-spacing-left-medium:1.92%;--awb-width-small:100%;--awb-order-small:0;--awb-spacing-right-small:1.92%;--awb-spacing-left-small:1.92%;\" data-scroll-devices=\"small-visibility,medium-visibility,large-visibility\"><div class=\"fusion-column-wrapper fusion-column-has-shadow fusion-flex-justify-content-flex-start fusion-content-layout-column\"><div class=\"fusion-image-element fusion-no-small-visibility\" style=\"--awb-caption-title-font-family:var(--h2_typography-font-family);--awb-caption-title-font-weight:var(--h2_typography-font-weight);--awb-caption-title-font-style:var(--h2_typography-font-style);--awb-caption-title-size:var(--h2_typography-font-size);--awb-caption-title-transform:var(--h2_typography-text-transform);--awb-caption-title-line-height:var(--h2_typography-line-height);--awb-caption-title-letter-spacing:var(--h2_typography-letter-spacing);\"><span class=\" fusion-imageframe imageframe-none imageframe-2 hover-type-none\"><img decoding=\"async\" width=\"700\" height=\"467\" alt=\"sonrisa ortodoncia\" title=\"sonrisa-ortodoncia\" src=\"https:\/\/ortodonciabarcelona.com\/wp-content\/uploads\/2024\/10\/sonrisa-ortodoncia.jpg\" class=\"img-responsive wp-image-13061\" srcset=\"https:\/\/ortodonciabarcelona.com\/wp-content\/uploads\/2024\/10\/sonrisa-ortodoncia-200x133.jpg 200w, https:\/\/ortodonciabarcelona.com\/wp-content\/uploads\/2024\/10\/sonrisa-ortodoncia-400x267.jpg 400w, https:\/\/ortodonciabarcelona.com\/wp-content\/uploads\/2024\/10\/sonrisa-ortodoncia-600x400.jpg 600w, https:\/\/ortodonciabarcelona.com\/wp-content\/uploads\/2024\/10\/sonrisa-ortodoncia.jpg 700w\" sizes=\"(max-width: 1024px) 100vw, (max-width: 640px) 100vw, 600px\" \/><\/span><\/div><\/div><\/div><div class=\"fusion-layout-column fusion_builder_column_inner fusion-builder-nested-column-9 fusion_builder_column_inner_1_2 1_2 fusion-flex-column fusion-flex-align-self-center\" style=\"--awb-padding-top:30px;--awb-padding-bottom:30px;--awb-bg-size:cover;--awb-width-large:50%;--awb-margin-top-large:0px;--awb-spacing-right-large:3.84%;--awb-margin-bottom-large:0px;--awb-spacing-left-large:3.84%;--awb-width-medium:100%;--awb-order-medium:0;--awb-spacing-right-medium:1.92%;--awb-spacing-left-medium:1.92%;--awb-width-small:100%;--awb-order-small:0;--awb-spacing-right-small:1.92%;--awb-spacing-left-small:1.92%;\" data-scroll-devices=\"small-visibility,medium-visibility,large-visibility\"><div class=\"fusion-column-wrapper fusion-column-has-shadow fusion-flex-justify-content-flex-start fusion-content-layout-column\"><div class=\"fusion-text fusion-text-8\" style=\"--awb-font-size:20px;--awb-text-color:var(--awb-color4);--awb-text-font-family:&quot;Lato&quot;;--awb-text-font-style:normal;--awb-text-font-weight:700;\"><p>DEMANA VISITA I ET TRUQUEM<\/p>\n<\/div>\n<div class=\"wpcf7 no-js\" id=\"wpcf7-f1756-o1\" lang=\"es-ES\" dir=\"ltr\" data-wpcf7-id=\"1756\">\n<div class=\"screen-reader-response\"><p role=\"status\" aria-live=\"polite\" aria-atomic=\"true\"><\/p> <ul><\/ul><\/div>\n<form action=\"\/ca\/wp-json\/wp\/v2\/pages\/5715#wpcf7-f1756-o1\" method=\"post\" class=\"wpcf7-form init\" aria-label=\"Contact form\" novalidate=\"novalidate\" data-status=\"init\">\n<fieldset class=\"hidden-fields-container\"><input type=\"hidden\" name=\"_wpcf7\" value=\"1756\" \/><input type=\"hidden\" name=\"_wpcf7_version\" value=\"6.1.5\" \/><input type=\"hidden\" name=\"_wpcf7_locale\" value=\"es_ES\" \/><input type=\"hidden\" name=\"_wpcf7_unit_tag\" value=\"wpcf7-f1756-o1\" \/><input type=\"hidden\" name=\"_wpcf7_container_post\" value=\"0\" \/><input type=\"hidden\" name=\"_wpcf7_posted_data_hash\" value=\"\" \/><input type=\"hidden\" name=\"_wpcf7_recaptcha_response\" value=\"\" \/>\n<\/fieldset>\n<div class=\"col-lg-3 col-md-3 col-sm-3 col-xs-12\" style=\"width: auto; padding-left: 5px; padding-right: 5px;\">\n\t<p><span class=\"wpcf7-form-control-wrap\" data-name=\"nombre\"><input size=\"40\" maxlength=\"400\" class=\"wpcf7-form-control wpcf7-text wpcf7-validates-as-required\" aria-required=\"true\" aria-invalid=\"false\" placeholder=\"Nom*\" value=\"\" type=\"text\" name=\"nombre\" \/><\/span>\n\t<\/p>\n<\/div>\n<div class=\"col-lg-3 col-md-3 col-sm-3 col-xs-12\" style=\"width: auto; padding-left: 5px; padding-right: 5px;\">\n\t<p><span class=\"wpcf7-form-control-wrap\" data-name=\"telefono\"><input size=\"40\" maxlength=\"400\" class=\"wpcf7-form-control wpcf7-tel wpcf7-validates-as-required wpcf7-text wpcf7-validates-as-tel\" aria-required=\"true\" aria-invalid=\"false\" placeholder=\"Tel\u00e8fon*\" value=\"\" type=\"tel\" name=\"telefono\" \/><\/span>\n\t<\/p>\n<\/div>\n<div class=\"col-lg-3 col-md-3 col-sm-3 col-xs-12\" style=\"width: auto; padding-left: 5px; padding-right: 5px; line-height: 0.1em; margin-top: -4px;\">\n\t<p><span class=\"wpcf7-form-control-wrap\" data-name=\"condiciones\"><span class=\"wpcf7-form-control wpcf7-acceptance\"><span class=\"wpcf7-list-item\"><input type=\"checkbox\" name=\"condiciones\" value=\"1\" aria-invalid=\"false\" \/><\/span><\/span><\/span><span style='font-size:10px;'>He llegit i accepto la <a href=\"https:\/\/ortodonciabarcelona.com\/politica-de-privacidad\/\" target=\"_blank\" rel=\"nofollow\"><strong>pol\u00ed\u00adtica<br \/>\nde privacitat<\/strong><\/a> i el <a href=\"https:\/\/ortodonciabarcelona.com\/aviso-legal\/\" rel=\"nofollow\"><strong>av\u00eds legal<\/strong><\/a><\/span>\n\t<\/p>\n<\/div>\n<div class=\"col-lg-3 col-md-3 col-sm-3 col-xs-12\" style=\"width: auto; padding-left: 5px; padding-right: 5px;\">\n\t<p><input class=\"wpcf7-form-control wpcf7-submit has-spinner\" type=\"submit\" value=\"Et Truquem\" \/>\n\t<\/p>\n<\/div><div class=\"fusion-alert alert custom alert-custom fusion-alert-center wpcf7-response-output fusion-alert-capitalize awb-alert-native-link-color alert-dismissable awb-alert-close-boxed\" style=\"--awb-border-size:1px;--awb-border-top-left-radius:0px;--awb-border-top-right-radius:0px;--awb-border-bottom-left-radius:0px;--awb-border-bottom-right-radius:0px;\" role=\"alert\"><div class=\"fusion-alert-content-wrapper\"><span class=\"fusion-alert-content\"><\/span><\/div><button type=\"button\" class=\"close toggle-alert\" data-dismiss=\"alert\" aria-label=\"Close\">&times;<\/button><\/div>\n<\/form>\n<\/div>\n<\/div><\/div><div class=\"fusion-layout-column fusion_builder_column_inner fusion-builder-nested-column-10 fusion_builder_column_inner_1_1 1_1 fusion-flex-column fusion-no-medium-visibility fusion-no-large-visibility\" style=\"--awb-padding-top:0px;--awb-padding-bottom:0px;--awb-bg-size:cover;--awb-width-large:100%;--awb-margin-top-large:0px;--awb-spacing-right-large:1.92%;--awb-margin-bottom-large:0px;--awb-spacing-left-large:1.92%;--awb-width-medium:100%;--awb-order-medium:0;--awb-spacing-right-medium:1.92%;--awb-spacing-left-medium:1.92%;--awb-width-small:100%;--awb-order-small:0;--awb-spacing-right-small:1.92%;--awb-spacing-left-small:1.92%;\" data-scroll-devices=\"small-visibility,medium-visibility,large-visibility\"><div class=\"fusion-column-wrapper fusion-column-has-shadow fusion-flex-justify-content-flex-start fusion-content-layout-column\"><div class=\"fusion-image-element fusion-no-medium-visibility fusion-no-large-visibility\" style=\"--awb-caption-title-font-family:var(--h2_typography-font-family);--awb-caption-title-font-weight:var(--h2_typography-font-weight);--awb-caption-title-font-style:var(--h2_typography-font-style);--awb-caption-title-size:var(--h2_typography-font-size);--awb-caption-title-transform:var(--h2_typography-text-transform);--awb-caption-title-line-height:var(--h2_typography-line-height);--awb-caption-title-letter-spacing:var(--h2_typography-letter-spacing);\"><span class=\" fusion-imageframe imageframe-none imageframe-3 hover-type-none\"><img decoding=\"async\" width=\"700\" height=\"467\" alt=\"sonrisa ortodoncia\" title=\"sonrisa-ortodoncia\" src=\"https:\/\/ortodonciabarcelona.com\/wp-content\/uploads\/2024\/10\/sonrisa-ortodoncia.jpg\" class=\"img-responsive wp-image-13061\" srcset=\"https:\/\/ortodonciabarcelona.com\/wp-content\/uploads\/2024\/10\/sonrisa-ortodoncia-200x133.jpg 200w, https:\/\/ortodonciabarcelona.com\/wp-content\/uploads\/2024\/10\/sonrisa-ortodoncia-400x267.jpg 400w, https:\/\/ortodonciabarcelona.com\/wp-content\/uploads\/2024\/10\/sonrisa-ortodoncia-600x400.jpg 600w, https:\/\/ortodonciabarcelona.com\/wp-content\/uploads\/2024\/10\/sonrisa-ortodoncia.jpg 700w\" sizes=\"(max-width: 1024px) 100vw, (max-width: 640px) 100vw, 700px\" \/><\/span><\/div><\/div><\/div><\/div><\/div><\/div><div class=\"fusion-layout-column fusion_builder_column fusion-builder-column-13 fusion_builder_column_1_6 1_6 fusion-flex-column\" style=\"--awb-bg-size:cover;--awb-width-large:16.666666666667%;--awb-margin-top-large:0px;--awb-spacing-right-large:11.52%;--awb-margin-bottom-large:0px;--awb-spacing-left-large:11.52%;--awb-width-medium:100%;--awb-order-medium:0;--awb-spacing-right-medium:1.92%;--awb-spacing-left-medium:1.92%;--awb-width-small:100%;--awb-order-small:0;--awb-spacing-right-small:1.92%;--awb-spacing-left-small:1.92%;\"><div class=\"fusion-column-wrapper fusion-column-has-shadow fusion-flex-justify-content-flex-start fusion-content-layout-column\"><\/div><\/div><\/div><\/div><div class=\"fusion-fullwidth fullwidth-box fusion-builder-row-6 fusion-flex-container has-pattern-background has-mask-background nonhundred-percent-fullwidth non-hundred-percent-height-scrolling\" style=\"--awb-border-radius-top-left:0px;--awb-border-radius-top-right:0px;--awb-border-radius-bottom-right:0px;--awb-border-radius-bottom-left:0px;--awb-padding-bottom:50px;--awb-margin-top:100px;--awb-flex-wrap:wrap;\" ><div class=\"fusion-builder-row fusion-row fusion-flex-align-items-flex-start fusion-flex-content-wrap\" style=\"max-width:1144px;margin-left: calc(-4% \/ 2 );margin-right: calc(-4% \/ 2 );\"><div class=\"fusion-layout-column fusion_builder_column fusion-builder-column-14 fusion_builder_column_1_4 1_4 fusion-flex-column\" style=\"--awb-bg-size:cover;--awb-width-large:25%;--awb-margin-top-large:0px;--awb-spacing-right-large:7.68%;--awb-margin-bottom-large:0px;--awb-spacing-left-large:7.68%;--awb-width-medium:100%;--awb-spacing-right-medium:1.92%;--awb-spacing-left-medium:1.92%;--awb-width-small:100%;--awb-spacing-right-small:1.92%;--awb-spacing-left-small:1.92%;\"><div class=\"fusion-column-wrapper fusion-column-has-shadow fusion-flex-justify-content-flex-start fusion-content-layout-column\"><div class=\"fusion-image-element \" style=\"--awb-margin-bottom:30px;--awb-caption-title-font-family:var(--h2_typography-font-family);--awb-caption-title-font-weight:var(--h2_typography-font-weight);--awb-caption-title-font-style:var(--h2_typography-font-style);--awb-caption-title-size:var(--h2_typography-font-size);--awb-caption-title-transform:var(--h2_typography-text-transform);--awb-caption-title-line-height:var(--h2_typography-line-height);--awb-caption-title-letter-spacing:var(--h2_typography-letter-spacing);\"><span class=\" fusion-imageframe imageframe-none imageframe-4 hover-type-none\"><img decoding=\"async\" width=\"475\" height=\"466\" alt=\"Il\u00b7lustraci\u00f3 d&#039;una butaca de dentista\" title=\"Illustracio butaca dentista\" src=\"https:\/\/ortodonciabarcelona.com\/wp-content\/uploads\/2019\/11\/Illustracio-butaca-dentista.png\" class=\"img-responsive wp-image-5731\" srcset=\"https:\/\/ortodonciabarcelona.com\/wp-content\/uploads\/2019\/11\/Illustracio-butaca-dentista-200x196.png 200w, https:\/\/ortodonciabarcelona.com\/wp-content\/uploads\/2019\/11\/Illustracio-butaca-dentista-400x392.png 400w, https:\/\/ortodonciabarcelona.com\/wp-content\/uploads\/2019\/11\/Illustracio-butaca-dentista.png 475w\" sizes=\"(max-width: 1024px) 100vw, (max-width: 640px) 100vw, 400px\" \/><\/span><\/div><\/div><\/div><div class=\"fusion-layout-column fusion_builder_column fusion-builder-column-15 fusion_builder_column_3_4 3_4 fusion-flex-column\" style=\"--awb-bg-size:cover;--awb-width-large:75%;--awb-margin-top-large:0px;--awb-spacing-right-large:2.56%;--awb-margin-bottom-large:0px;--awb-spacing-left-large:2.56%;--awb-width-medium:100%;--awb-spacing-right-medium:1.92%;--awb-spacing-left-medium:1.92%;--awb-width-small:100%;--awb-spacing-right-small:1.92%;--awb-spacing-left-small:1.92%;\"><div class=\"fusion-column-wrapper fusion-column-has-shadow fusion-flex-justify-content-flex-start fusion-content-layout-column\"><div class=\"fusion-title title fusion-title-6 fusion-sep-none fusion-title-text fusion-title-size-three bold\" style=\"--awb-text-color:#b1c8d0;--awb-margin-top-small:0px;--awb-margin-right-small:0px;--awb-margin-bottom-small:20px;--awb-margin-left-small:0px;--awb-font-size:31PX;\"><h3 class=\"fusion-title-heading title-heading-left\" style=\"margin:0;font-size:1em;line-height:1.2em;\">Estudi\u00a0ortod\u00f2ncia<\/h3><\/div><div class=\"fusion-text fusion-text-9\" style=\"--awb-text-transform:none;\"><p><span lang=\"ES\">Abans d&#8217;iniciar qualsevol tractament \u00e9s necessari un estudi d&#8217;ortod\u00f2ncia previ que consisteix en un examen cl\u00ednic per a avaluar la maloclusi\u00f3. A Ortodoncia Tres Torres aquesta primera visita \u00e9s totalment gratu\u00efta.<\/span><\/p>\n<\/div><\/div><\/div><div class=\"fusion-layout-column fusion_builder_column fusion-builder-column-16 fusion_builder_column_1_1 1_1 fusion-flex-column\" style=\"--awb-bg-size:cover;--awb-width-large:100%;--awb-margin-top-large:0px;--awb-spacing-right-large:1.92%;--awb-margin-bottom-large:0px;--awb-spacing-left-large:1.92%;--awb-width-medium:100%;--awb-spacing-right-medium:1.92%;--awb-spacing-left-medium:1.92%;--awb-width-small:100%;--awb-spacing-right-small:1.92%;--awb-spacing-left-small:1.92%;\"><div class=\"fusion-column-wrapper fusion-column-has-shadow fusion-flex-justify-content-flex-start fusion-content-layout-column\"><div class=\"fusion-separator fusion-full-width-sep\" style=\"align-self: center;margin-left: auto;margin-right: auto;margin-top:15px;margin-bottom:15px;width:100%;\"><\/div><\/div><\/div><div class=\"fusion-layout-column fusion_builder_column fusion-builder-column-17 fusion_builder_column_1_4 1_4 fusion-flex-column\" style=\"--awb-bg-size:cover;--awb-width-large:25%;--awb-margin-top-large:0px;--awb-spacing-right-large:7.68%;--awb-margin-bottom-large:0px;--awb-spacing-left-large:7.68%;--awb-width-medium:100%;--awb-spacing-right-medium:1.92%;--awb-spacing-left-medium:1.92%;--awb-width-small:100%;--awb-spacing-right-small:1.92%;--awb-spacing-left-small:1.92%;\"><div class=\"fusion-column-wrapper fusion-column-has-shadow fusion-flex-justify-content-flex-start fusion-content-layout-column\"><div class=\"fusion-image-element \" style=\"--awb-margin-bottom:30px;--awb-caption-title-font-family:var(--h2_typography-font-family);--awb-caption-title-font-weight:var(--h2_typography-font-weight);--awb-caption-title-font-style:var(--h2_typography-font-style);--awb-caption-title-size:var(--h2_typography-font-size);--awb-caption-title-transform:var(--h2_typography-text-transform);--awb-caption-title-line-height:var(--h2_typography-line-height);--awb-caption-title-letter-spacing:var(--h2_typography-letter-spacing);\"><span class=\" fusion-imageframe imageframe-none imageframe-5 hover-type-none\"><img decoding=\"async\" width=\"467\" height=\"496\" alt=\"Il\u00b7lustraci\u00f3 que representa un diagn\u00f2stic\" title=\"illustracio diagnostic\" src=\"https:\/\/ortodonciabarcelona.com\/wp-content\/uploads\/2019\/11\/illustracio-diagnostic.png\" class=\"img-responsive wp-image-5734\" srcset=\"https:\/\/ortodonciabarcelona.com\/wp-content\/uploads\/2019\/11\/illustracio-diagnostic-200x212.png 200w, https:\/\/ortodonciabarcelona.com\/wp-content\/uploads\/2019\/11\/illustracio-diagnostic-400x425.png 400w, https:\/\/ortodonciabarcelona.com\/wp-content\/uploads\/2019\/11\/illustracio-diagnostic.png 467w\" sizes=\"(max-width: 1024px) 100vw, (max-width: 640px) 100vw, 400px\" \/><\/span><\/div><\/div><\/div><div class=\"fusion-layout-column fusion_builder_column fusion-builder-column-18 fusion_builder_column_3_4 3_4 fusion-flex-column\" style=\"--awb-bg-size:cover;--awb-width-large:75%;--awb-margin-top-large:0px;--awb-spacing-right-large:2.56%;--awb-margin-bottom-large:0px;--awb-spacing-left-large:2.56%;--awb-width-medium:100%;--awb-spacing-right-medium:1.92%;--awb-spacing-left-medium:1.92%;--awb-width-small:100%;--awb-spacing-right-small:1.92%;--awb-spacing-left-small:1.92%;\"><div class=\"fusion-column-wrapper fusion-column-has-shadow fusion-flex-justify-content-flex-start fusion-content-layout-column\"><div class=\"fusion-title title fusion-title-7 fusion-sep-none fusion-title-text fusion-title-size-three bold\" style=\"--awb-text-color:#b1c8d0;--awb-margin-top-small:0px;--awb-margin-right-small:0px;--awb-margin-bottom-small:20px;--awb-margin-left-small:0px;--awb-font-size:31PX;\"><h3 class=\"fusion-title-heading title-heading-left\" style=\"margin:0;font-size:1em;line-height:1.2em;\">Diagn\u00f2stic\u00a0ortod\u00f2ncia<\/h3><\/div><div class=\"fusion-text fusion-text-10\" style=\"--awb-text-transform:none;\"><p>Per a major precisi\u00f3 en el diagn\u00f2stic d&#8217;ortod\u00f2ncia digitalitzem tots els processos: valorem les estructures \u00f2ssies i dentals mitjan\u00e7ant la ortopantomografia i telerradiografia digital, realitzem un escanejat digital de les teves dents i imprimim en 3D els models dentals per a poder fabricar qualsevol tipus de aparatologia dental. Tot de la forma m\u00e9s r\u00e0pida, precisa i &#8230; c\u00f2moda per al pacient!<\/p>\n<\/div><\/div><\/div><\/div><\/div><div class=\"fusion-fullwidth fullwidth-box fusion-builder-row-7 fusion-flex-container nonhundred-percent-fullwidth non-hundred-percent-height-scrolling\" style=\"--awb-border-radius-top-left:0px;--awb-border-radius-top-right:0px;--awb-border-radius-bottom-right:0px;--awb-border-radius-bottom-left:0px;--awb-padding-top:0px;--awb-padding-bottom:60px;--awb-margin-top:0px;--awb-margin-bottom:0px;--awb-flex-wrap:wrap;\" ><div class=\"fusion-builder-row fusion-row fusion-flex-align-items-flex-start fusion-flex-content-wrap\" style=\"max-width:calc( 1100px + 0px );margin-left: calc(-0px \/ 2 );margin-right: calc(-0px \/ 2 );\"><div class=\"fusion-layout-column fusion_builder_column fusion-builder-column-19 fusion_builder_column_1_1 1_1 fusion-flex-column\" style=\"--awb-padding-top:20px;--awb-padding-right:20px;--awb-padding-bottom:20px;--awb-padding-left:20px;--awb-bg-image:url(&#039;https:\/\/ortodonciabarcelona.com\/wp-content\/uploads\/2020\/10\/background-video.png&#039;);--awb-bg-size:cover;--awb-width-large:100%;--awb-margin-top-large:0px;--awb-spacing-right-large:0px;--awb-margin-bottom-large:0px;--awb-spacing-left-large:0px;--awb-width-medium:100%;--awb-spacing-right-medium:0px;--awb-spacing-left-medium:0px;--awb-width-small:100%;--awb-spacing-right-small:0px;--awb-spacing-left-small:0px;\"><div class=\"fusion-column-wrapper fusion-column-has-shadow fusion-flex-justify-content-flex-start fusion-content-layout-column fusion-column-has-bg-image\" data-bg-url=\"https:\/\/ortodonciabarcelona.com\/wp-content\/uploads\/2020\/10\/background-video.png\"><div class=\"fusion-builder-row fusion-builder-row-inner fusion-row fusion-flex-align-items-flex-start fusion-flex-content-wrap\" style=\"--awb-flex-grow:0;--awb-flex-grow-medium:0;--awb-flex-grow-small:0;--awb-flex-shrink:0;--awb-flex-shrink-medium:0;--awb-flex-shrink-small:0;width:calc( 100% + 0px ) !important;max-width:calc( 100% + 0px ) !important;margin-left: calc(-0px \/ 2 );margin-right: calc(-0px \/ 2 );\"><div class=\"fusion-layout-column fusion_builder_column_inner fusion-builder-nested-column-11 fusion_builder_column_inner_1_4 1_4 fusion-flex-column\" style=\"--awb-padding-top:0px;--awb-padding-right:0px;--awb-padding-bottom:0px;--awb-padding-left:0px;--awb-bg-size:cover;--awb-width-large:25%;--awb-margin-top-large:0px;--awb-spacing-right-large:0px;--awb-margin-bottom-large:0px;--awb-spacing-left-large:0px;--awb-width-medium:100%;--awb-spacing-right-medium:0px;--awb-spacing-left-medium:0px;--awb-width-small:100%;--awb-spacing-right-small:0px;--awb-spacing-left-small:0px;\"><div class=\"fusion-column-wrapper fusion-column-has-shadow fusion-flex-justify-content-flex-start fusion-content-layout-column\"><div class=\"fusion-title title fusion-title-8 fusion-no-small-visibility fusion-sep-none fusion-title-text fusion-title-size-two\" style=\"--awb-margin-bottom:0px;--awb-margin-top-small:0px;--awb-margin-right-small:0px;--awb-margin-bottom-small:20px;--awb-margin-left-small:0px;--awb-font-size:31px;\"><h2 class=\"fusion-title-heading title-heading-left\" style=\"margin:0;font-size:1em;line-height:1.2em;\"><p><span style=\"color: #333333;\">DESCOBREIX<\/span><br \/>\n<span style=\"color: #b1c8d0;\"><strong>l&#8217;ortod\u00f2ncia<br \/>\nm\u00e9s c\u00f2moda<\/strong><\/span><\/p><\/h2><\/div><div class=\"fusion-title title fusion-title-9 fusion-no-medium-visibility fusion-no-large-visibility fusion-sep-none fusion-title-text fusion-title-size-div\" style=\"--awb-margin-bottom:0px;--awb-margin-top-small:0px;--awb-margin-right-small:0px;--awb-margin-bottom-small:20px;--awb-margin-left-small:0px;--awb-font-size:30px;\"><div class=\"fusion-title-heading title-heading-left title-heading-tag\" style=\"font-family:&quot;Lato&quot;;font-style:normal;font-weight:300;margin:0;font-size:1em;line-height:1.2em;\"><p><span style=\"color: #333333;\">DESCOBREIX<\/span><br \/>\n<span style=\"color: #b1c8d0;\"><strong>l&#8217;ortod\u00f2ncia<br \/>\nm\u00e9s c\u00f2moda<\/strong><\/span><\/p><\/div><\/div><\/div><\/div><div class=\"fusion-layout-column fusion_builder_column_inner fusion-builder-nested-column-12 fusion_builder_column_inner_3_4 3_4 fusion-flex-column\" style=\"--awb-padding-top:0px;--awb-padding-right:0px;--awb-padding-bottom:0px;--awb-padding-left:0px;--awb-bg-size:cover;--awb-width-large:75%;--awb-margin-top-large:0px;--awb-spacing-right-large:0px;--awb-margin-bottom-large:0px;--awb-spacing-left-large:0px;--awb-width-medium:100%;--awb-spacing-right-medium:0px;--awb-spacing-left-medium:0px;--awb-width-small:100%;--awb-spacing-right-small:0px;--awb-spacing-left-small:0px;\"><div class=\"fusion-column-wrapper fusion-column-has-shadow fusion-flex-justify-content-flex-start fusion-content-layout-column\"><div class=\"fusion-video fusion-vimeo\" style=\"--awb-max-width:750px;--awb-max-height:422px;--awb-align-self:flex-start;--awb-width:100%;\"><div class=\"video-shortcode\"><lite-vimeo videoid=\"1019370653\" class=\"landscape\" params=\"autoplay=1autoplay=0&amp;autopause=0\" title=\"Vimeo video player 1\" data-button-label=\"Play Video\"  width=\"750\" height=\"422\"><\/lite-vimeo><\/div><\/div><\/div><\/div><\/div><\/div><\/div><\/div><\/div><div class=\"fusion-fullwidth fullwidth-box fusion-builder-row-8 fusion-flex-container nonhundred-percent-fullwidth non-hundred-percent-height-scrolling\" style=\"--awb-border-radius-top-left:0px;--awb-border-radius-top-right:0px;--awb-border-radius-bottom-right:0px;--awb-border-radius-bottom-left:0px;--awb-background-color:#eaf3f7;--awb-flex-wrap:wrap;\" ><div class=\"fusion-builder-row fusion-row fusion-flex-align-items-center fusion-flex-justify-content-center fusion-flex-content-wrap\" style=\"max-width:1144px;margin-left: calc(-4% \/ 2 );margin-right: calc(-4% \/ 2 );\"><div class=\"fusion-layout-column fusion_builder_column fusion-builder-column-20 fusion_builder_column_1_4 1_4 fusion-flex-column\" style=\"--awb-bg-size:cover;--awb-width-large:25%;--awb-margin-top-large:0px;--awb-spacing-right-large:7.68%;--awb-margin-bottom-large:0px;--awb-spacing-left-large:7.68%;--awb-width-medium:100%;--awb-spacing-right-medium:1.92%;--awb-spacing-left-medium:1.92%;--awb-width-small:100%;--awb-spacing-right-small:1.92%;--awb-spacing-left-small:1.92%;\"><div class=\"fusion-column-wrapper fusion-column-has-shadow fusion-flex-justify-content-flex-start fusion-content-layout-column\"><div class=\"fusion-image-element fusion-no-small-visibility\" style=\"--awb-caption-title-font-family:var(--h2_typography-font-family);--awb-caption-title-font-weight:var(--h2_typography-font-weight);--awb-caption-title-font-style:var(--h2_typography-font-style);--awb-caption-title-size:var(--h2_typography-font-size);--awb-caption-title-transform:var(--h2_typography-text-transform);--awb-caption-title-line-height:var(--h2_typography-line-height);--awb-caption-title-letter-spacing:var(--h2_typography-letter-spacing);\"><span class=\" fusion-imageframe imageframe-none imageframe-6 hover-type-none\"><img decoding=\"async\" width=\"300\" height=\"294\" alt=\"imatge eslogan ortodoncia tres torres\" title=\"imatge eslogan ortodoncia tres torres\" src=\"https:\/\/ortodonciabarcelona.com\/wp-content\/uploads\/2022\/03\/imatge-eslogan-ortodoncia-tres-torres-300x294.png\" class=\"img-responsive wp-image-7785\" srcset=\"https:\/\/ortodonciabarcelona.com\/wp-content\/uploads\/2022\/03\/imatge-eslogan-ortodoncia-tres-torres-200x196.png 200w, https:\/\/ortodonciabarcelona.com\/wp-content\/uploads\/2022\/03\/imatge-eslogan-ortodoncia-tres-torres-400x392.png 400w, https:\/\/ortodonciabarcelona.com\/wp-content\/uploads\/2022\/03\/imatge-eslogan-ortodoncia-tres-torres.png 475w\" sizes=\"(max-width: 1024px) 100vw, (max-width: 640px) 100vw, 400px\" \/><\/span><\/div><\/div><\/div><div class=\"fusion-layout-column fusion_builder_column fusion-builder-column-21 fusion_builder_column_2_3 2_3 fusion-flex-column\" style=\"--awb-padding-bottom:50px;--awb-bg-size:cover;--awb-width-large:66.666666666667%;--awb-margin-top-large:0px;--awb-spacing-right-large:2.88%;--awb-margin-bottom-large:0px;--awb-spacing-left-large:2.88%;--awb-width-medium:100%;--awb-spacing-right-medium:1.92%;--awb-spacing-left-medium:1.92%;--awb-width-small:100%;--awb-spacing-right-small:1.92%;--awb-spacing-left-small:1.92%;\"><div class=\"fusion-column-wrapper fusion-column-has-shadow fusion-flex-justify-content-flex-start fusion-content-layout-column\"><div class=\"fusion-title title fusion-title-10 fusion-no-small-visibility fusion-sep-none fusion-title-center fusion-title-text fusion-title-size-two\" style=\"--awb-text-color:#000000;--awb-margin-top:55px;--awb-margin-bottom:30px;--awb-margin-top-small:0px;--awb-margin-right-small:0px;--awb-margin-bottom-small:20px;--awb-margin-left-small:0px;--awb-font-size:41px;\"><h2 class=\"fusion-title-heading title-heading-center\" style=\"margin:0;font-size:1em;line-height:1.2em;\"><p style=\"text-align: left;\">QU\u00c8 \u00c9S L&#8217;ORTOD\u00d2NCIA<\/p><\/h2><\/div><div class=\"fusion-title title fusion-title-11 fusion-no-medium-visibility fusion-no-large-visibility fusion-sep-none fusion-title-center fusion-title-text fusion-title-size-div\" style=\"--awb-text-color:#000000;--awb-margin-top:55px;--awb-margin-bottom:30px;--awb-margin-top-small:0px;--awb-margin-right-small:0px;--awb-margin-bottom-small:20px;--awb-margin-left-small:0px;--awb-font-size:40px;\"><div class=\"fusion-title-heading title-heading-center title-heading-tag\" style=\"font-family:&quot;Lato&quot;;font-style:normal;font-weight:300;margin:0;font-size:1em;line-height:1.2em;\"><p style=\"text-align: left;\">QU\u00c8 \u00c9S L&#8217;ORTOD\u00d2NCIA<\/p><\/div><\/div><div class=\"fusion-text fusion-text-11\" style=\"--awb-text-transform:none;\"><p style=\"text-align: left;\">Qu\u00e8 \u00e9s l&#8217;ortod\u00f2ncia \u00e9s una pregunta habitual. L&#8217;ortod\u00f2ncia \u00e9s una especialitat dins de l&#8217;odontologia que s&#8217;encarrega de diagnosticar, prevenir i tractar les irregularitats dentals i facials. Per tant, l&#8217;ortodoncista \u00e9s un odont\u00f2leg que a m\u00e9s disposa d&#8217;estudis avan\u00e7ats en ortod\u00f2ncia, \u00e9s a dir, de coneixements especialitzats per a poder corregir la posici\u00f3 de les dents i guiar el desenvolupament dels maxil\u00b7lars.<\/p>\n<\/div><div style=\"text-align:left;\"><a class=\"fusion-button button-flat fusion-button-default-size button-custom fusion-button-default button-2 fusion-button-default-span fusion-button-default-type fusion-no-small-visibility\" style=\"--button_accent_color:#ffffff;--button_accent_hover_color:#ffffff;--button_border_hover_color:#ffffff;--button_gradient_top_color:#b1c8d0;--button_gradient_bottom_color:#b1c8d0;--button_gradient_top_color_hover:#b1c8d0;--button_gradient_bottom_color_hover:#b1c8d0;--button_padding-right:40px;--button_padding-left:40px;--button_margin-top:40px;\" target=\"_self\" href=\"#visita\"><span class=\"fusion-button-text awb-button__text awb-button__text--default\">Demanar visita<\/span><\/a><\/div><div style=\"text-align:left;\"><a class=\"fusion-button button-flat fusion-button-default-size button-custom fusion-button-default button-3 fusion-button-default-span fusion-button-default-type fusion-no-medium-visibility fusion-no-large-visibility\" style=\"--button_accent_color:#ffffff;--button_accent_hover_color:#ffffff;--button_border_hover_color:#ffffff;--button_gradient_top_color:#b1c8d0;--button_gradient_bottom_color:#b1c8d0;--button_gradient_top_color_hover:#b1c8d0;--button_gradient_bottom_color_hover:#b1c8d0;--button_padding-right:40px;--button_padding-left:40px;--button_margin-top:40px;\" target=\"_self\" href=\"\/ca\/contacte-barcelona\/#row-visita\"><span class=\"fusion-button-text awb-button__text awb-button__text--default\">Demanar visita<\/span><\/a><\/div><\/div><\/div><\/div><\/div><div class=\"fusion-fullwidth fullwidth-box fusion-builder-row-9 fusion-flex-container nonhundred-percent-fullwidth non-hundred-percent-height-scrolling\" style=\"--awb-border-radius-top-left:0px;--awb-border-radius-top-right:0px;--awb-border-radius-bottom-right:0px;--awb-border-radius-bottom-left:0px;--awb-padding-bottom:50px;--awb-background-color:#32393c;--awb-flex-wrap:wrap;\" ><div class=\"fusion-builder-row fusion-row fusion-flex-align-items-center fusion-flex-justify-content-center fusion-flex-content-wrap\" style=\"max-width:1144px;margin-left: calc(-4% \/ 2 );margin-right: calc(-4% \/ 2 );\"><div class=\"fusion-layout-column fusion_builder_column fusion-builder-column-22 fusion_builder_column_1_6 1_6 fusion-flex-column\" style=\"--awb-bg-size:cover;--awb-width-large:16.666666666667%;--awb-margin-top-large:0px;--awb-spacing-right-large:11.52%;--awb-margin-bottom-large:0px;--awb-spacing-left-large:11.52%;--awb-width-medium:100%;--awb-spacing-right-medium:1.92%;--awb-spacing-left-medium:1.92%;--awb-width-small:100%;--awb-spacing-right-small:1.92%;--awb-spacing-left-small:1.92%;\"><div class=\"fusion-column-wrapper fusion-column-has-shadow fusion-flex-justify-content-flex-start fusion-content-layout-column\"><\/div><\/div><div class=\"fusion-layout-column fusion_builder_column fusion-builder-column-23 fusion_builder_column_2_3 2_3 fusion-flex-column\" style=\"--awb-padding-bottom:30px;--awb-bg-size:cover;--awb-width-large:66.666666666667%;--awb-margin-top-large:0px;--awb-spacing-right-large:2.88%;--awb-margin-bottom-large:0px;--awb-spacing-left-large:2.88%;--awb-width-medium:100%;--awb-spacing-right-medium:1.92%;--awb-spacing-left-medium:1.92%;--awb-width-small:100%;--awb-spacing-right-small:1.92%;--awb-spacing-left-small:1.92%;\"><div class=\"fusion-column-wrapper fusion-column-has-shadow fusion-flex-justify-content-flex-start fusion-content-layout-column\"><div class=\"fusion-title title fusion-title-12 fusion-no-small-visibility fusion-sep-none fusion-title-center fusion-title-text fusion-title-size-two\" style=\"--awb-text-color:#ffffff;--awb-margin-top:55px;--awb-margin-bottom:30px;--awb-margin-top-small:0px;--awb-margin-right-small:0px;--awb-margin-bottom-small:20px;--awb-margin-left-small:0px;--awb-font-size:41px;\"><h2 class=\"fusion-title-heading title-heading-center\" style=\"margin:0;font-size:1em;line-height:1.2em;\">TRACTAMENTS D&#8217;ORTOD\u00d2NCIA<\/h2><\/div><div class=\"fusion-title title fusion-title-13 fusion-no-medium-visibility fusion-no-large-visibility fusion-sep-none fusion-title-center fusion-title-text fusion-title-size-div\" style=\"--awb-text-color:#ffffff;--awb-margin-top:55px;--awb-margin-bottom:30px;--awb-margin-top-small:0px;--awb-margin-right-small:0px;--awb-margin-bottom-small:20px;--awb-margin-left-small:0px;--awb-font-size:40px;\"><div class=\"fusion-title-heading title-heading-center title-heading-tag\" style=\"font-family:&quot;Lato&quot;;font-style:normal;font-weight:300;margin:0;font-size:1em;line-height:1.2em;\">TRACTAMENTS D&#8217;ORTOD\u00d2NCIA<\/div><\/div><div class=\"fusion-text fusion-text-12\"><p style=\"text-align: center;\"><span style=\"color: #ffffff;\">Els <strong>tractaments d&#8217;ortod\u00f2ncia<\/strong>, indicats per a prevenir i corregir anomalies en la forma, posici\u00f3 o \u00fas de les peces dentals, responen a diferents tipologies en funci\u00f3 de la mena de for\u00e7a i t\u00e8cnica que emprem.<\/span><\/p>\n<\/div><\/div><\/div><div class=\"fusion-layout-column fusion_builder_column fusion-builder-column-24 fusion_builder_column_1_6 1_6 fusion-flex-column\" style=\"--awb-bg-size:cover;--awb-width-large:16.666666666667%;--awb-margin-top-large:0px;--awb-spacing-right-large:11.52%;--awb-margin-bottom-large:0px;--awb-spacing-left-large:11.52%;--awb-width-medium:100%;--awb-spacing-right-medium:1.92%;--awb-spacing-left-medium:1.92%;--awb-width-small:100%;--awb-spacing-right-small:1.92%;--awb-spacing-left-small:1.92%;\"><div class=\"fusion-column-wrapper fusion-column-has-shadow fusion-flex-justify-content-flex-start fusion-content-layout-column\"><\/div><\/div><\/div><\/div><div class=\"fusion-fullwidth fullwidth-box fusion-builder-row-10 fusion-flex-container nonhundred-percent-fullwidth non-hundred-percent-height-scrolling\" style=\"--awb-border-radius-top-left:0px;--awb-border-radius-top-right:0px;--awb-border-radius-bottom-right:0px;--awb-border-radius-bottom-left:0px;--awb-padding-bottom:50px;--awb-background-color:#32393c;--awb-flex-wrap:wrap;\" ><div class=\"fusion-builder-row fusion-row fusion-flex-align-items-flex-start fusion-flex-content-wrap\" style=\"max-width:1144px;margin-left: calc(-4% \/ 2 );margin-right: calc(-4% \/ 2 );\"><div class=\"fusion-layout-column fusion_builder_column fusion-builder-column-25 fusion_builder_column_1_3 1_3 fusion-flex-column\" style=\"--awb-bg-size:cover;--awb-width-large:33.333333333333%;--awb-margin-top-large:0px;--awb-spacing-right-large:5.76%;--awb-margin-bottom-large:0px;--awb-spacing-left-large:5.76%;--awb-width-medium:100%;--awb-spacing-right-medium:1.92%;--awb-spacing-left-medium:1.92%;--awb-width-small:100%;--awb-spacing-right-small:1.92%;--awb-spacing-left-small:1.92%;\"><div class=\"fusion-column-wrapper fusion-column-has-shadow fusion-flex-justify-content-flex-start fusion-content-layout-column\"><div class=\"fusion-image-element \" style=\"--awb-caption-title-font-family:var(--h2_typography-font-family);--awb-caption-title-font-weight:var(--h2_typography-font-weight);--awb-caption-title-font-style:var(--h2_typography-font-style);--awb-caption-title-size:var(--h2_typography-font-size);--awb-caption-title-transform:var(--h2_typography-text-transform);--awb-caption-title-line-height:var(--h2_typography-line-height);--awb-caption-title-letter-spacing:var(--h2_typography-letter-spacing);\"><span class=\" fusion-imageframe imageframe-none imageframe-7 hover-type-none\"><a class=\"fusion-no-lightbox\" href=\"https:\/\/ortodonciabarcelona.com\/ca\/tipus-dortodoncia\/ortodoncia-invisalign\/\" target=\"_self\" aria-label=\"illustracio aligner\"><img decoding=\"async\" width=\"564\" height=\"455\" alt=\"Il\u00b7lustraci\u00f3 d&#039;un aligner \" src=\"https:\/\/ortodonciabarcelona.com\/wp-content\/uploads\/2019\/11\/illustracio-aligner.png\" class=\"img-responsive wp-image-5738\" srcset=\"https:\/\/ortodonciabarcelona.com\/wp-content\/uploads\/2019\/11\/illustracio-aligner-200x161.png 200w, https:\/\/ortodonciabarcelona.com\/wp-content\/uploads\/2019\/11\/illustracio-aligner-400x323.png 400w, https:\/\/ortodonciabarcelona.com\/wp-content\/uploads\/2019\/11\/illustracio-aligner.png 564w\" sizes=\"(max-width: 1024px) 100vw, (max-width: 640px) 100vw, 400px\" \/><\/a><\/span><\/div><div class=\"fusion-title title fusion-title-14 fusion-sep-none fusion-title-center fusion-title-text fusion-title-size-three bold\" style=\"--awb-text-color:#b1c8d0;--awb-margin-top:50px;--awb-margin-top-small:0px;--awb-margin-right-small:0px;--awb-margin-bottom-small:20px;--awb-margin-left-small:0px;--awb-font-size:31px;\"><h3 class=\"fusion-title-heading title-heading-center\" style=\"margin:0;font-size:1em;line-height:1.2em;\"><p>Ortod\u00f2ncia<br \/>\nInvisalign<\/p><\/h3><\/div><div class=\"fusion-text fusion-text-13\"><p style=\"text-align: center;\"><span style=\"color: #ffffff;\">L&#8217;ortod\u00f2ncia Invisalign est\u00e0 basada en la correcci\u00f3 de la posici\u00f3 de les dents amb alineadors transparents generats amb un pla de tractament virtual. Els alineadors es confeccionen amb una tecnologia de generaci\u00f3 d&#8217;imatges en 3D gr\u00e0cies al programari ClinCheck de Invisalign. S\u00f3n transparents, extra\u00efbles i tan c\u00f2modes que podr\u00e0s portar-los sense que ning\u00fa ho noti.Som experts en aquesta mena d&#8217;ortod\u00f2ncia a Barcelona.<\/span><\/p>\n<\/div><div class=\"fusion-separator fusion-full-width-sep\" style=\"align-self: center;margin-left: auto;margin-right: auto;margin-top:15px;margin-bottom:15px;width:100%;\"><\/div><div style=\"text-align:center;\"><a class=\"fusion-button button-flat fusion-button-default-size button-default fusion-button-default button-4 fusion-button-span-yes fusion-button-default-type\" style=\"--button_text_transform:uppercase;\" target=\"_self\" href=\"https:\/\/ortodonciabarcelona.com\/ca\/tipus-dortodoncia\/ortodoncia-invisalign\/\"><span class=\"fusion-button-text awb-button__text awb-button__text--default\">Veure Tractament Invisalign<\/span><\/a><\/div><div class=\"fusion-separator fusion-full-width-sep\" style=\"align-self: center;margin-left: auto;margin-right: auto;margin-top:20px;margin-bottom:20px;width:100%;\"><\/div><\/div><\/div><div class=\"fusion-layout-column fusion_builder_column fusion-builder-column-26 fusion_builder_column_1_3 1_3 fusion-flex-column\" style=\"--awb-bg-size:cover;--awb-width-large:33.333333333333%;--awb-margin-top-large:0px;--awb-spacing-right-large:5.76%;--awb-margin-bottom-large:0px;--awb-spacing-left-large:5.76%;--awb-width-medium:100%;--awb-spacing-right-medium:1.92%;--awb-spacing-left-medium:1.92%;--awb-width-small:100%;--awb-spacing-right-small:1.92%;--awb-spacing-left-small:1.92%;\"><div class=\"fusion-column-wrapper fusion-column-has-shadow fusion-flex-justify-content-flex-start fusion-content-layout-column\"><div class=\"fusion-image-element \" style=\"--awb-max-width:300px;--awb-caption-title-font-family:var(--h2_typography-font-family);--awb-caption-title-font-weight:var(--h2_typography-font-weight);--awb-caption-title-font-style:var(--h2_typography-font-style);--awb-caption-title-size:var(--h2_typography-font-size);--awb-caption-title-transform:var(--h2_typography-text-transform);--awb-caption-title-line-height:var(--h2_typography-line-height);--awb-caption-title-letter-spacing:var(--h2_typography-letter-spacing);\"><span class=\" fusion-imageframe imageframe-none imageframe-8 hover-type-none\"><a class=\"fusion-no-lightbox\" href=\"https:\/\/ortodonciabarcelona.com\/ca\/tipus-dortodoncia\/lingual\/\" target=\"_self\" aria-label=\"Illustracio brackets linguals\"><img decoding=\"async\" width=\"514\" height=\"455\" alt=\"Il\u00b7lustraci\u00f3 de brackets linguals \" src=\"https:\/\/ortodonciabarcelona.com\/wp-content\/uploads\/2019\/11\/Illustracio-brackets-linguals.png\" class=\"img-responsive wp-image-5741\" srcset=\"https:\/\/ortodonciabarcelona.com\/wp-content\/uploads\/2019\/11\/Illustracio-brackets-linguals-200x177.png 200w, https:\/\/ortodonciabarcelona.com\/wp-content\/uploads\/2019\/11\/Illustracio-brackets-linguals-400x354.png 400w, https:\/\/ortodonciabarcelona.com\/wp-content\/uploads\/2019\/11\/Illustracio-brackets-linguals.png 514w\" sizes=\"(max-width: 1024px) 100vw, (max-width: 640px) 100vw, 400px\" \/><\/a><\/span><\/div><div class=\"fusion-title title fusion-title-15 fusion-sep-none fusion-title-center fusion-title-text fusion-title-size-three bold\" style=\"--awb-text-color:#b1c8d0;--awb-margin-top:50px;--awb-margin-top-small:0px;--awb-margin-right-small:0px;--awb-margin-bottom-small:20px;--awb-margin-left-small:0px;--awb-font-size:31px;\"><h3 class=\"fusion-title-heading title-heading-center\" style=\"margin:0;font-size:1em;line-height:1.2em;\"><p>Ortod\u00f2ncia<br \/>\nlingual<\/p><\/h3><\/div><div class=\"fusion-text fusion-text-14\" style=\"--awb-text-transform:none;\"><p style=\"text-align: center;\"><span style=\"color: #ffffff;\">L&#8217;ortod\u00f2ncia lingual corregeix la posici\u00f3 de les dents amb aparells dentals invisibles col\u00b7locats en la part interna perqu\u00e8 ning\u00fa s\u00e0piga que els portes. S&#8217;utilitzen br\u00e0quets fixos met\u00e0l\u00b7lics que funcionen de forma molt eficient en aquells pacients que volen ortod\u00f2ncia fixa i invisible. Per a major comoditat del pacient utilitzem els br\u00e0quets linguals m\u00e9s petits del mercat. El Dr. Fernando de l&#8217;Esgl\u00e9sia \u00e9s membre actiu de la Societat Europea d&#8217;Ortod\u00f2ncia Lingual (ESLO) i referent en aquesta mena d&#8217;ortod\u00f2ncia a Barcelona.<\/span><\/p>\n<\/div><div class=\"fusion-separator fusion-full-width-sep\" style=\"align-self: center;margin-left: auto;margin-right: auto;margin-top:15px;margin-bottom:15px;width:100%;\"><\/div><div style=\"text-align:center;\"><a class=\"fusion-button button-flat fusion-button-default-size button-default fusion-button-default button-5 fusion-button-span-yes fusion-button-default-type\" style=\"--button_text_transform:uppercase;\" target=\"_self\" href=\"https:\/\/ortodonciabarcelona.com\/ca\/tipus-dortodoncia\/lingual\/\"><span class=\"fusion-button-text awb-button__text awb-button__text--default\">Veure Tractament Lingual<\/span><\/a><\/div><div class=\"fusion-separator fusion-full-width-sep\" style=\"align-self: center;margin-left: auto;margin-right: auto;margin-top:20px;margin-bottom:20px;width:100%;\"><\/div><\/div><\/div><div class=\"fusion-layout-column fusion_builder_column fusion-builder-column-27 fusion_builder_column_1_3 1_3 fusion-flex-column\" style=\"--awb-bg-size:cover;--awb-width-large:33.333333333333%;--awb-margin-top-large:0px;--awb-spacing-right-large:5.76%;--awb-margin-bottom-large:0px;--awb-spacing-left-large:5.76%;--awb-width-medium:100%;--awb-spacing-right-medium:1.92%;--awb-spacing-left-medium:1.92%;--awb-width-small:100%;--awb-spacing-right-small:1.92%;--awb-spacing-left-small:1.92%;\"><div class=\"fusion-column-wrapper fusion-column-has-shadow fusion-flex-justify-content-flex-start fusion-content-layout-column\"><div class=\"fusion-image-element \" style=\"--awb-caption-title-font-family:var(--h2_typography-font-family);--awb-caption-title-font-weight:var(--h2_typography-font-weight);--awb-caption-title-font-style:var(--h2_typography-font-style);--awb-caption-title-size:var(--h2_typography-font-size);--awb-caption-title-transform:var(--h2_typography-text-transform);--awb-caption-title-line-height:var(--h2_typography-line-height);--awb-caption-title-letter-spacing:var(--h2_typography-letter-spacing);\"><span class=\" fusion-imageframe imageframe-none imageframe-9 hover-type-none\"><a class=\"fusion-no-lightbox\" href=\"https:\/\/ortodonciabarcelona.com\/ca\/tipus-dortodoncia\/brackets-estetics-visible\/\" target=\"_self\" aria-label=\"Illustracio brackets convencionals\"><img decoding=\"async\" width=\"570\" height=\"455\" alt=\"Il\u00b7lustraci\u00f3 de brackets convencionals\" src=\"https:\/\/ortodonciabarcelona.com\/wp-content\/uploads\/2019\/11\/Illustracio-brackets-convencionals.png\" class=\"img-responsive wp-image-5744\" srcset=\"https:\/\/ortodonciabarcelona.com\/wp-content\/uploads\/2019\/11\/Illustracio-brackets-convencionals-200x160.png 200w, https:\/\/ortodonciabarcelona.com\/wp-content\/uploads\/2019\/11\/Illustracio-brackets-convencionals-400x319.png 400w, https:\/\/ortodonciabarcelona.com\/wp-content\/uploads\/2019\/11\/Illustracio-brackets-convencionals.png 570w\" sizes=\"(max-width: 1024px) 100vw, (max-width: 640px) 100vw, 400px\" \/><\/a><\/span><\/div><div class=\"fusion-title title fusion-title-16 fusion-sep-none fusion-title-center fusion-title-text fusion-title-size-three bold\" style=\"--awb-text-color:#b1c8d0;--awb-margin-top:50px;--awb-margin-top-small:0px;--awb-margin-right-small:0px;--awb-margin-bottom-small:20px;--awb-margin-left-small:0px;--awb-font-size:31px;\"><h3 class=\"fusion-title-heading title-heading-center\" style=\"margin:0;font-size:1em;line-height:1.2em;\">Ortod\u00f2ncia<br \/>\namb br\u00e0quets<\/h3><\/div><div class=\"fusion-text fusion-text-15\" style=\"--awb-text-transform:none;\"><p style=\"text-align: center;\"><span style=\"color: #ffffff;\">En l&#8217;ortod\u00f2ncia amb br\u00e0quets visibles la correcci\u00f3 de la posici\u00f3 de les dents s&#8217;aconsegueix amb br\u00e0quets col\u00b7locats en la part exterior de les dents. Els br\u00e0quets convencionals o visibles s\u00f3n c\u00f2modes, f\u00e0cils de netejar i poden ser met\u00e0l\u00b7lics, de cer\u00e0mica o de safir sent ideals per a tractaments en nens i joves. Sol\u00b7licita&#8217;ns m\u00e9s informaci\u00f3 si est\u00e0s pensant en aquesta opci\u00f3 d&#8217;ortod\u00f2ncia a Barcelona.<\/span><\/p>\n<\/div><div class=\"fusion-separator fusion-full-width-sep\" style=\"align-self: center;margin-left: auto;margin-right: auto;margin-top:15px;margin-bottom:15px;width:100%;\"><\/div><div style=\"text-align:center;\"><a class=\"fusion-button button-flat fusion-button-default-size button-default fusion-button-default button-6 fusion-button-span-yes fusion-button-default-type\" style=\"--button_text_transform:uppercase;\" target=\"_self\" href=\"https:\/\/ortodonciabarcelona.com\/ca\/tipus-dortodoncia\/brackets-estetics-visible\/\"><span class=\"fusion-button-text awb-button__text awb-button__text--default\">Veure Tractament Br\u00e0quets<\/span><\/a><\/div><div class=\"fusion-separator fusion-full-width-sep\" style=\"align-self: center;margin-left: auto;margin-right: auto;margin-top:20px;margin-bottom:20px;width:100%;\"><\/div><\/div><\/div><\/div><\/div><div class=\"fusion-fullwidth fullwidth-box fusion-builder-row-11 fusion-flex-container nonhundred-percent-fullwidth non-hundred-percent-height-scrolling\" style=\"--awb-border-radius-top-left:0px;--awb-border-radius-top-right:0px;--awb-border-radius-bottom-right:0px;--awb-border-radius-bottom-left:0px;--awb-padding-bottom:50px;--awb-flex-wrap:wrap;\" ><div class=\"fusion-builder-row fusion-row fusion-flex-align-items-center fusion-flex-justify-content-center fusion-flex-content-wrap\" style=\"max-width:1144px;margin-left: calc(-4% \/ 2 );margin-right: calc(-4% \/ 2 );\"><div class=\"fusion-layout-column fusion_builder_column fusion-builder-column-28 fusion_builder_column_1_6 1_6 fusion-flex-column\" style=\"--awb-bg-size:cover;--awb-width-large:16.666666666667%;--awb-margin-top-large:0px;--awb-spacing-right-large:11.52%;--awb-margin-bottom-large:0px;--awb-spacing-left-large:11.52%;--awb-width-medium:100%;--awb-spacing-right-medium:1.92%;--awb-spacing-left-medium:1.92%;--awb-width-small:100%;--awb-spacing-right-small:1.92%;--awb-spacing-left-small:1.92%;\"><div class=\"fusion-column-wrapper fusion-column-has-shadow fusion-flex-justify-content-flex-start fusion-content-layout-column\"><\/div><\/div><div class=\"fusion-layout-column fusion_builder_column fusion-builder-column-29 fusion_builder_column_2_3 2_3 fusion-flex-column\" style=\"--awb-padding-bottom:50px;--awb-bg-size:cover;--awb-width-large:66.666666666667%;--awb-margin-top-large:0px;--awb-spacing-right-large:2.88%;--awb-margin-bottom-large:0px;--awb-spacing-left-large:2.88%;--awb-width-medium:100%;--awb-spacing-right-medium:1.92%;--awb-spacing-left-medium:1.92%;--awb-width-small:100%;--awb-spacing-right-small:1.92%;--awb-spacing-left-small:1.92%;\"><div class=\"fusion-column-wrapper fusion-column-has-shadow fusion-flex-justify-content-flex-start fusion-content-layout-column\"><div class=\"fusion-title title fusion-title-17 fusion-no-small-visibility fusion-sep-none fusion-title-center fusion-title-text fusion-title-size-two\" style=\"--awb-text-color:#000000;--awb-margin-top:55px;--awb-margin-bottom:30px;--awb-margin-top-small:0px;--awb-margin-right-small:0px;--awb-margin-bottom-small:20px;--awb-margin-left-small:0px;--awb-font-size:42PX;\"><h2 class=\"fusion-title-heading title-heading-center\" style=\"margin:0;font-size:1em;line-height:1.2em;\">QUAN INICIAR UN TRACTAMENT D&#8217;ORTOD\u00d2NCIA<\/h2><\/div><div class=\"fusion-title title fusion-title-18 fusion-no-medium-visibility fusion-no-large-visibility fusion-sep-none fusion-title-center fusion-title-text fusion-title-size-div\" style=\"--awb-text-color:#000000;--awb-margin-top:55px;--awb-margin-bottom:30px;--awb-margin-top-small:0px;--awb-margin-right-small:0px;--awb-margin-bottom-small:20px;--awb-margin-left-small:0px;--awb-font-size:40PX;\"><div class=\"fusion-title-heading title-heading-center title-heading-tag\" style=\"font-family:&quot;Lato&quot;;font-style:normal;font-weight:300;margin:0;font-size:1em;line-height:1.2em;\">QUAN INICIAR UN TRACTAMENT D&#8217;ORTOD\u00d2NCIA<\/div><\/div><div class=\"fusion-text fusion-text-16\" style=\"--awb-text-transform:none;\"><p style=\"text-align: center;\">Com que cada pacient i cada cas \u00e9s un m\u00f3n, quan iniciar un tractament d&#8217;ortod\u00f2ncia ha d&#8217;ajustar-se a les teves particularitats. A Ortodoncia Tres Torres diagnostiquem el teu problema i fem una valoraci\u00f3 del tipus d&#8217;ortod\u00f2ncia que millor s&#8217;adapta a tu, oferint un dels millors resultats en <strong>ortod\u00f2ncia a Barcelona<\/strong> segons els nostres pacients.<\/p>\n<\/div><\/div><\/div><div class=\"fusion-layout-column fusion_builder_column fusion-builder-column-30 fusion_builder_column_1_6 1_6 fusion-flex-column\" style=\"--awb-bg-size:cover;--awb-width-large:16.666666666667%;--awb-margin-top-large:0px;--awb-spacing-right-large:11.52%;--awb-margin-bottom-large:0px;--awb-spacing-left-large:11.52%;--awb-width-medium:100%;--awb-spacing-right-medium:1.92%;--awb-spacing-left-medium:1.92%;--awb-width-small:100%;--awb-spacing-right-small:1.92%;--awb-spacing-left-small:1.92%;\"><div class=\"fusion-column-wrapper fusion-column-has-shadow fusion-flex-justify-content-flex-start fusion-content-layout-column\"><\/div><\/div><\/div><\/div><div class=\"fusion-fullwidth fullwidth-box fusion-builder-row-12 fusion-flex-container nonhundred-percent-fullwidth non-hundred-percent-height-scrolling\" style=\"--awb-border-radius-top-left:0px;--awb-border-radius-top-right:0px;--awb-border-radius-bottom-right:0px;--awb-border-radius-bottom-left:0px;--awb-padding-bottom:50px;--awb-flex-wrap:wrap;\" ><div class=\"fusion-builder-row fusion-row fusion-flex-align-items-flex-start fusion-flex-content-wrap\" style=\"max-width:1144px;margin-left: calc(-4% \/ 2 );margin-right: calc(-4% \/ 2 );\"><div class=\"fusion-layout-column fusion_builder_column fusion-builder-column-31 fusion_builder_column_1_4 1_4 fusion-flex-column\" style=\"--awb-bg-size:cover;--awb-width-large:25%;--awb-margin-top-large:0px;--awb-spacing-right-large:7.68%;--awb-margin-bottom-large:0px;--awb-spacing-left-large:7.68%;--awb-width-medium:100%;--awb-spacing-right-medium:1.92%;--awb-spacing-left-medium:1.92%;--awb-width-small:100%;--awb-spacing-right-small:1.92%;--awb-spacing-left-small:1.92%;\"><div class=\"fusion-column-wrapper fusion-column-has-shadow fusion-flex-justify-content-flex-start fusion-content-layout-column\"><div class=\"fusion-image-element \" style=\"--awb-caption-title-font-family:var(--h2_typography-font-family);--awb-caption-title-font-weight:var(--h2_typography-font-weight);--awb-caption-title-font-style:var(--h2_typography-font-style);--awb-caption-title-size:var(--h2_typography-font-size);--awb-caption-title-transform:var(--h2_typography-text-transform);--awb-caption-title-line-height:var(--h2_typography-line-height);--awb-caption-title-letter-spacing:var(--h2_typography-letter-spacing);\"><span class=\" fusion-imageframe imageframe-none imageframe-10 hover-type-none\"><img decoding=\"async\" width=\"443\" height=\"445\" alt=\"Illustraci\u00f3 de dents apinyades\" title=\"Illustracio dents apinyades\" src=\"https:\/\/ortodonciabarcelona.com\/wp-content\/uploads\/2019\/11\/Illustracio-dents-apinyades.png\" class=\"img-responsive wp-image-5758\" srcset=\"https:\/\/ortodonciabarcelona.com\/wp-content\/uploads\/2019\/11\/Illustracio-dents-apinyades-200x201.png 200w, https:\/\/ortodonciabarcelona.com\/wp-content\/uploads\/2019\/11\/Illustracio-dents-apinyades-400x402.png 400w, https:\/\/ortodonciabarcelona.com\/wp-content\/uploads\/2019\/11\/Illustracio-dents-apinyades.png 443w\" sizes=\"(max-width: 1024px) 100vw, (max-width: 640px) 100vw, 400px\" \/><\/span><\/div><\/div><\/div><div class=\"fusion-layout-column fusion_builder_column fusion-builder-column-32 fusion_builder_column_3_4 3_4 fusion-flex-column\" style=\"--awb-bg-size:cover;--awb-width-large:75%;--awb-margin-top-large:0px;--awb-spacing-right-large:2.56%;--awb-margin-bottom-large:0px;--awb-spacing-left-large:2.56%;--awb-width-medium:100%;--awb-spacing-right-medium:1.92%;--awb-spacing-left-medium:1.92%;--awb-width-small:100%;--awb-spacing-right-small:1.92%;--awb-spacing-left-small:1.92%;\"><div class=\"fusion-column-wrapper fusion-column-has-shadow fusion-flex-justify-content-flex-start fusion-content-layout-column\"><div class=\"fusion-title title fusion-title-19 fusion-sep-none fusion-title-text fusion-title-size-three bold\" style=\"--awb-text-color:#b1c7d0;--awb-margin-top-small:0px;--awb-margin-right-small:0px;--awb-margin-bottom-small:20px;--awb-margin-left-small:0px;--awb-font-size:31px;\"><h3 class=\"fusion-title-heading title-heading-left\" style=\"margin:0;font-size:1em;line-height:1.2em;\">Apinyament dental<\/h3><\/div><div class=\"fusion-text fusion-text-17\" style=\"--awb-text-transform:none;\"><p><span lang=\"ES\">Consisteix en la\u00a0malposici\u00f3\u00a0de les dents en les arcades superior i inferior i est\u00e0 provocat per una falta d&#8217;espai de les dents als ossos maxil\u00b7lars. Quan aix\u00f2 passa les dents\u00a0erupcionen amuntegant-se les unes sobre les altres, ja sigui girant o col\u00b7locant-se de manera incorrecta. L&#8217; apinyament\u00a0dental \u00e9s un dels diagn\u00f2stics i tractaments m\u00e9s habituals i t\u00e9 una important repercussi\u00f3 sobre l&#8217;est\u00e8tica i salut dental del pacient.<\/span><\/p>\n<\/div><\/div><\/div><div class=\"fusion-layout-column fusion_builder_column fusion-builder-column-33 fusion_builder_column_1_1 1_1 fusion-flex-column\" style=\"--awb-bg-size:cover;--awb-width-large:100%;--awb-margin-top-large:0px;--awb-spacing-right-large:1.92%;--awb-margin-bottom-large:0px;--awb-spacing-left-large:1.92%;--awb-width-medium:100%;--awb-spacing-right-medium:1.92%;--awb-spacing-left-medium:1.92%;--awb-width-small:100%;--awb-spacing-right-small:1.92%;--awb-spacing-left-small:1.92%;\"><div class=\"fusion-column-wrapper fusion-column-has-shadow fusion-flex-justify-content-flex-start fusion-content-layout-column\"><div class=\"fusion-separator fusion-full-width-sep\" style=\"align-self: center;margin-left: auto;margin-right: auto;margin-top:20px;margin-bottom:20px;width:100%;\"><\/div><\/div><\/div><div class=\"fusion-layout-column fusion_builder_column fusion-builder-column-34 fusion_builder_column_1_4 1_4 fusion-flex-column\" style=\"--awb-bg-size:cover;--awb-width-large:25%;--awb-margin-top-large:0px;--awb-spacing-right-large:7.68%;--awb-margin-bottom-large:0px;--awb-spacing-left-large:7.68%;--awb-width-medium:100%;--awb-spacing-right-medium:1.92%;--awb-spacing-left-medium:1.92%;--awb-width-small:100%;--awb-spacing-right-small:1.92%;--awb-spacing-left-small:1.92%;\"><div class=\"fusion-column-wrapper fusion-column-has-shadow fusion-flex-justify-content-flex-start fusion-content-layout-column\"><div class=\"fusion-image-element \" style=\"--awb-caption-title-font-family:var(--h2_typography-font-family);--awb-caption-title-font-weight:var(--h2_typography-font-weight);--awb-caption-title-font-style:var(--h2_typography-font-style);--awb-caption-title-size:var(--h2_typography-font-size);--awb-caption-title-transform:var(--h2_typography-text-transform);--awb-caption-title-line-height:var(--h2_typography-line-height);--awb-caption-title-letter-spacing:var(--h2_typography-letter-spacing);\"><span class=\" fusion-imageframe imageframe-none imageframe-11 hover-type-none\"><img decoding=\"async\" width=\"447\" height=\"447\" alt=\"Il\u00b7lustraci\u00f3 de dents frontals superiors que sobresurten per damunt dels inferiors \" title=\"illustracio dentadura maloclusio\" src=\"https:\/\/ortodonciabarcelona.com\/wp-content\/uploads\/2019\/11\/illustracio-dentadura-maloclusio.png\" class=\"img-responsive wp-image-5752\" srcset=\"https:\/\/ortodonciabarcelona.com\/wp-content\/uploads\/2019\/11\/illustracio-dentadura-maloclusio-200x200.png 200w, https:\/\/ortodonciabarcelona.com\/wp-content\/uploads\/2019\/11\/illustracio-dentadura-maloclusio-400x400.png 400w, https:\/\/ortodonciabarcelona.com\/wp-content\/uploads\/2019\/11\/illustracio-dentadura-maloclusio.png 447w\" sizes=\"(max-width: 1024px) 100vw, (max-width: 640px) 100vw, 400px\" \/><\/span><\/div><\/div><\/div><div class=\"fusion-layout-column fusion_builder_column fusion-builder-column-35 fusion_builder_column_3_4 3_4 fusion-flex-column\" style=\"--awb-bg-size:cover;--awb-width-large:75%;--awb-margin-top-large:0px;--awb-spacing-right-large:2.56%;--awb-margin-bottom-large:0px;--awb-spacing-left-large:2.56%;--awb-width-medium:100%;--awb-spacing-right-medium:1.92%;--awb-spacing-left-medium:1.92%;--awb-width-small:100%;--awb-spacing-right-small:1.92%;--awb-spacing-left-small:1.92%;\"><div class=\"fusion-column-wrapper fusion-column-has-shadow fusion-flex-justify-content-flex-start fusion-content-layout-column\"><div class=\"fusion-title title fusion-title-20 fusion-sep-none fusion-title-text fusion-title-size-three bold\" style=\"--awb-text-color:#b1c7d0;--awb-margin-top-small:0px;--awb-margin-right-small:0px;--awb-margin-bottom-small:20px;--awb-margin-left-small:0px;--awb-font-size:31px;\"><h3 class=\"fusion-title-heading title-heading-left\" style=\"margin:0;font-size:1em;line-height:1.2em;\">Maloclusi\u00f3 dental<\/h3><\/div><div class=\"fusion-text fusion-text-18\" style=\"--awb-text-transform:none;\"><p>La maloclusi\u00f3 dental es caracteritza pel contacte i encaix incorrecte entre les dents del maxil\u00b7lar superior i les del maxil\u00b7lar inferior. La maloclusi\u00f3 m\u00e9s freq\u00fcent es d\u00f3na quan les dents frontals superiors sobresurten excessivament per sobre de les dents frontals inferiors (s&#8217;assemblen a \u201cdents de conill\u201d) o cobreixen la majoria de les dents frontals inferiors en mossegar (sobremossegada profunda o augmentada).<\/p>\n<\/div><\/div><\/div><div class=\"fusion-layout-column fusion_builder_column fusion-builder-column-36 fusion_builder_column_1_1 1_1 fusion-flex-column\" style=\"--awb-bg-size:cover;--awb-width-large:100%;--awb-margin-top-large:0px;--awb-spacing-right-large:1.92%;--awb-margin-bottom-large:0px;--awb-spacing-left-large:1.92%;--awb-width-medium:100%;--awb-spacing-right-medium:1.92%;--awb-spacing-left-medium:1.92%;--awb-width-small:100%;--awb-spacing-right-small:1.92%;--awb-spacing-left-small:1.92%;\"><div class=\"fusion-column-wrapper fusion-column-has-shadow fusion-flex-justify-content-flex-start fusion-content-layout-column\"><div class=\"fusion-separator fusion-full-width-sep\" style=\"align-self: center;margin-left: auto;margin-right: auto;margin-top:30px;margin-bottom:30px;width:100%;\"><\/div><\/div><\/div><div class=\"fusion-layout-column fusion_builder_column fusion-builder-column-37 fusion_builder_column_1_4 1_4 fusion-flex-column\" style=\"--awb-bg-size:cover;--awb-width-large:25%;--awb-margin-top-large:0px;--awb-spacing-right-large:7.68%;--awb-margin-bottom-large:0px;--awb-spacing-left-large:7.68%;--awb-width-medium:100%;--awb-spacing-right-medium:1.92%;--awb-spacing-left-medium:1.92%;--awb-width-small:100%;--awb-spacing-right-small:1.92%;--awb-spacing-left-small:1.92%;\"><div class=\"fusion-column-wrapper fusion-column-has-shadow fusion-flex-justify-content-flex-start fusion-content-layout-column\"><div class=\"fusion-image-element \" style=\"--awb-caption-title-font-family:var(--h2_typography-font-family);--awb-caption-title-font-weight:var(--h2_typography-font-weight);--awb-caption-title-font-style:var(--h2_typography-font-style);--awb-caption-title-size:var(--h2_typography-font-size);--awb-caption-title-transform:var(--h2_typography-text-transform);--awb-caption-title-line-height:var(--h2_typography-line-height);--awb-caption-title-letter-spacing:var(--h2_typography-letter-spacing);\"><span class=\" fusion-imageframe imageframe-none imageframe-12 hover-type-none\"><img decoding=\"async\" width=\"450\" height=\"449\" alt=\"Il\u00b7lustraci\u00f3 de dents inferiors m\u00e9s avan\u00e7ats que els superiors\" title=\"illustracio dentadura mossegada\" src=\"https:\/\/ortodonciabarcelona.com\/wp-content\/uploads\/2019\/11\/illustracio-dentadura-mossegada.jpg\" class=\"img-responsive wp-image-5755\" srcset=\"https:\/\/ortodonciabarcelona.com\/wp-content\/uploads\/2019\/11\/illustracio-dentadura-mossegada-200x200.jpg 200w, https:\/\/ortodonciabarcelona.com\/wp-content\/uploads\/2019\/11\/illustracio-dentadura-mossegada-400x399.jpg 400w, https:\/\/ortodonciabarcelona.com\/wp-content\/uploads\/2019\/11\/illustracio-dentadura-mossegada.jpg 450w\" sizes=\"(max-width: 1024px) 100vw, (max-width: 640px) 100vw, 400px\" \/><\/span><\/div><\/div><\/div><div class=\"fusion-layout-column fusion_builder_column fusion-builder-column-38 fusion_builder_column_3_4 3_4 fusion-flex-column\" style=\"--awb-bg-size:cover;--awb-width-large:75%;--awb-margin-top-large:0px;--awb-spacing-right-large:2.56%;--awb-margin-bottom-large:0px;--awb-spacing-left-large:2.56%;--awb-width-medium:100%;--awb-spacing-right-medium:1.92%;--awb-spacing-left-medium:1.92%;--awb-width-small:100%;--awb-spacing-right-small:1.92%;--awb-spacing-left-small:1.92%;\"><div class=\"fusion-column-wrapper fusion-column-has-shadow fusion-flex-justify-content-flex-start fusion-content-layout-column\"><div class=\"fusion-title title fusion-title-21 fusion-sep-none fusion-title-text fusion-title-size-three bold\" style=\"--awb-text-color:#b1c7d0;--awb-margin-top-small:0px;--awb-margin-right-small:0px;--awb-margin-bottom-small:20px;--awb-margin-left-small:0px;--awb-font-size:31px;\"><h3 class=\"fusion-title-heading title-heading-left\" style=\"margin:0;font-size:1em;line-height:1.2em;\">Alteracions desenvolupament facial<\/h3><\/div><div class=\"fusion-text fusion-text-19\" style=\"--awb-text-transform:none;\"><p><span lang=\"ES\">L&#8217;arcada inferior es troba en una posici\u00f3 m\u00e9s avan\u00e7ada que la superior o el maxil\u00b7lar \u00e9s m\u00e9s estret que la mand\u00edbula. Aquestes alteracions del desenvolupament facial es donen en nens i adults i repercuteixen en la mossegada. Quan les dents frontals superiors estan per darrera de les inferiors la mossegada \u00e9s creuada anterior, mentre que quan les dents frontals superiors i inferiors no entren en contacte en mossegar la mossegada \u00e9s oberta. Quan les dents superiors no s\u00f3n capaces de cobrir o \u201cabra\u00e7ar\u201d les inferiors la mossegada \u00e9s creuada.<\/span><\/p>\n<\/div><\/div><\/div><div class=\"fusion-layout-column fusion_builder_column fusion-builder-column-39 fusion_builder_column_1_1 1_1 fusion-flex-column\" style=\"--awb-bg-size:cover;--awb-width-large:100%;--awb-margin-top-large:0px;--awb-spacing-right-large:1.92%;--awb-margin-bottom-large:0px;--awb-spacing-left-large:1.92%;--awb-width-medium:100%;--awb-spacing-right-medium:1.92%;--awb-spacing-left-medium:1.92%;--awb-width-small:100%;--awb-spacing-right-small:1.92%;--awb-spacing-left-small:1.92%;\"><div class=\"fusion-column-wrapper fusion-column-has-shadow fusion-flex-justify-content-flex-start fusion-content-layout-column\"><div class=\"fusion-separator fusion-full-width-sep\" style=\"align-self: center;margin-left: auto;margin-right: auto;margin-top:10px;margin-bottom:10px;width:100%;\"><\/div><\/div><\/div><div class=\"fusion-layout-column fusion_builder_column fusion-builder-column-40 fusion_builder_column_1_4 1_4 fusion-flex-column\" style=\"--awb-bg-size:cover;--awb-width-large:25%;--awb-margin-top-large:0px;--awb-spacing-right-large:7.68%;--awb-margin-bottom-large:0px;--awb-spacing-left-large:7.68%;--awb-width-medium:100%;--awb-spacing-right-medium:1.92%;--awb-spacing-left-medium:1.92%;--awb-width-small:100%;--awb-spacing-right-small:1.92%;--awb-spacing-left-small:1.92%;\"><div class=\"fusion-column-wrapper fusion-column-has-shadow fusion-flex-justify-content-flex-start fusion-content-layout-column\"><div class=\"fusion-image-element \" style=\"--awb-caption-title-font-family:var(--h2_typography-font-family);--awb-caption-title-font-weight:var(--h2_typography-font-weight);--awb-caption-title-font-style:var(--h2_typography-font-style);--awb-caption-title-size:var(--h2_typography-font-size);--awb-caption-title-transform:var(--h2_typography-text-transform);--awb-caption-title-line-height:var(--h2_typography-line-height);--awb-caption-title-letter-spacing:var(--h2_typography-letter-spacing);\"><span class=\" fusion-imageframe imageframe-none imageframe-13 hover-type-none\"><img decoding=\"async\" width=\"450\" height=\"449\" alt=\"Il\u00b7lustraci\u00f3 d&#039;una dentadura amb les dents separades\" title=\"illustracio diastema\" src=\"https:\/\/ortodonciabarcelona.com\/wp-content\/uploads\/2019\/11\/illustracio-diastema.png\" class=\"img-responsive wp-image-5761\" srcset=\"https:\/\/ortodonciabarcelona.com\/wp-content\/uploads\/2019\/11\/illustracio-diastema-200x200.png 200w, https:\/\/ortodonciabarcelona.com\/wp-content\/uploads\/2019\/11\/illustracio-diastema-400x399.png 400w, https:\/\/ortodonciabarcelona.com\/wp-content\/uploads\/2019\/11\/illustracio-diastema.png 450w\" sizes=\"(max-width: 1024px) 100vw, (max-width: 640px) 100vw, 400px\" \/><\/span><\/div><\/div><\/div><div class=\"fusion-layout-column fusion_builder_column fusion-builder-column-41 fusion_builder_column_3_4 3_4 fusion-flex-column\" style=\"--awb-bg-size:cover;--awb-width-large:75%;--awb-margin-top-large:0px;--awb-spacing-right-large:2.56%;--awb-margin-bottom-large:0px;--awb-spacing-left-large:2.56%;--awb-width-medium:100%;--awb-spacing-right-medium:1.92%;--awb-spacing-left-medium:1.92%;--awb-width-small:100%;--awb-spacing-right-small:1.92%;--awb-spacing-left-small:1.92%;\"><div class=\"fusion-column-wrapper fusion-column-has-shadow fusion-flex-justify-content-flex-start fusion-content-layout-column\"><div class=\"fusion-title title fusion-title-22 fusion-sep-none fusion-title-text fusion-title-size-three bold\" style=\"--awb-text-color:#b1c7d0;--awb-margin-top-small:0px;--awb-margin-right-small:0px;--awb-margin-bottom-small:20px;--awb-margin-left-small:0px;--awb-font-size:31px;\"><h3 class=\"fusion-title-heading title-heading-left\" style=\"margin:0;font-size:1em;line-height:1.2em;\">Dents separades<\/h3><\/div><div class=\"fusion-text fusion-text-20\"><p><span lang=\"ES\">Una forma de maloclusi\u00f3 bastant comuna \u00e9s la pres\u00e8ncia d&#8217;un diastema o dents separades, normalment en els incisius centrals superiors i ocasionalment entre els incisius centrals inferiors. La causa d&#8217;aquesta\u00a0malposici\u00f3n\u00a0dental \u00e9s moltes vegades la pres\u00e8ncia d&#8217;un mal desenvolupament del fre labial superior que uneix el llavi superior amb la geniva.<br \/>\n<\/span><\/p>\n<\/div><\/div><\/div><div class=\"fusion-layout-column fusion_builder_column fusion-builder-column-42 fusion_builder_column_1_1 1_1 fusion-flex-column fusion-flex-align-self-center\" style=\"--awb-bg-size:cover;--awb-width-large:100%;--awb-margin-top-large:0px;--awb-spacing-right-large:1.92%;--awb-margin-bottom-large:0px;--awb-spacing-left-large:1.92%;--awb-width-medium:100%;--awb-order-medium:0;--awb-spacing-right-medium:1.92%;--awb-spacing-left-medium:1.92%;--awb-width-small:100%;--awb-order-small:0;--awb-spacing-right-small:1.92%;--awb-spacing-left-small:1.92%;\" data-scroll-devices=\"small-visibility,medium-visibility,large-visibility\"><div class=\"fusion-column-wrapper fusion-column-has-shadow fusion-flex-justify-content-center fusion-content-layout-column\"><div style=\"text-align:center;\"><a class=\"fusion-button button-flat fusion-button-default-size button-custom fusion-button-default button-7 fusion-button-default-span fusion-button-default-type fusion-no-small-visibility\" style=\"--button_accent_color:#ffffff;--button_accent_hover_color:#ffffff;--button_border_hover_color:#ffffff;--button_gradient_top_color:#b1c8d0;--button_gradient_bottom_color:#b1c8d0;--button_gradient_top_color_hover:#b1c8d0;--button_gradient_bottom_color_hover:#b1c8d0;--button_padding-right:40px;--button_padding-left:40px;--button_margin-top:40px;\" target=\"_self\" href=\"#visita\"><span class=\"fusion-button-text awb-button__text awb-button__text--default\">Demanar visita<\/span><\/a><\/div><div style=\"text-align:center;\"><a class=\"fusion-button button-flat fusion-button-default-size button-custom fusion-button-default button-8 fusion-button-default-span fusion-button-default-type fusion-no-medium-visibility fusion-no-large-visibility\" style=\"--button_accent_color:#ffffff;--button_accent_hover_color:#ffffff;--button_border_hover_color:#ffffff;--button_gradient_top_color:#b1c8d0;--button_gradient_bottom_color:#b1c8d0;--button_gradient_top_color_hover:#b1c8d0;--button_gradient_bottom_color_hover:#b1c8d0;--button_padding-right:40px;--button_padding-left:40px;--button_margin-top:40px;\" target=\"_self\" href=\"\/ca\/contacte-barcelona\/#row-visita\"><span class=\"fusion-button-text awb-button__text awb-button__text--default\">Demanar visita<\/span><\/a><\/div><\/div><\/div><\/div><\/div><div class=\"fusion-fullwidth fullwidth-box fusion-builder-row-13 fusion-flex-container nonhundred-percent-fullwidth non-hundred-percent-height-scrolling\" style=\"--awb-border-radius-top-left:0px;--awb-border-radius-top-right:0px;--awb-border-radius-bottom-right:0px;--awb-border-radius-bottom-left:0px;--awb-padding-bottom:50px;--awb-background-color:#32393c;--awb-flex-wrap:wrap;\" ><div class=\"fusion-builder-row fusion-row fusion-flex-align-items-flex-start fusion-flex-content-wrap\" style=\"max-width:1144px;margin-left: calc(-4% \/ 2 );margin-right: calc(-4% \/ 2 );\"><div class=\"fusion-layout-column fusion_builder_column fusion-builder-column-43 fusion_builder_column_1_1 1_1 fusion-flex-column\" style=\"--awb-bg-size:cover;--awb-width-large:100%;--awb-margin-top-large:0px;--awb-spacing-right-large:1.92%;--awb-margin-bottom-large:0px;--awb-spacing-left-large:1.92%;--awb-width-medium:100%;--awb-spacing-right-medium:1.92%;--awb-spacing-left-medium:1.92%;--awb-width-small:100%;--awb-spacing-right-small:1.92%;--awb-spacing-left-small:1.92%;\"><div class=\"fusion-column-wrapper fusion-column-has-shadow fusion-flex-justify-content-flex-start fusion-content-layout-column\"><div class=\"fusion-title title fusion-title-23 fusion-no-small-visibility fusion-sep-none fusion-title-center fusion-title-text fusion-title-size-two\" style=\"--awb-text-color:#ffffff;--awb-margin-top:55px;--awb-margin-bottom:30px;--awb-margin-top-small:0px;--awb-margin-right-small:0px;--awb-margin-bottom-small:20px;--awb-margin-left-small:0px;--awb-font-size:41px;\"><h2 class=\"fusion-title-heading title-heading-center\" style=\"margin:0;font-size:1em;line-height:1.2em;\"><p>EDAT IDEAL<br \/>\nPER A L&#8217;ORTOD\u00d2NCIA<\/p><\/h2><\/div><div class=\"fusion-title title fusion-title-24 fusion-no-medium-visibility fusion-no-large-visibility fusion-sep-none fusion-title-center fusion-title-text fusion-title-size-div\" style=\"--awb-text-color:#ffffff;--awb-margin-top:55px;--awb-margin-bottom:30px;--awb-margin-top-small:0px;--awb-margin-right-small:0px;--awb-margin-bottom-small:20px;--awb-margin-left-small:0px;--awb-font-size:40px;\"><div class=\"fusion-title-heading title-heading-center title-heading-tag\" style=\"font-family:&quot;Lato&quot;;font-style:normal;font-weight:300;margin:0;font-size:1em;line-height:1.2em;\"><p>EDAT IDEAL<br \/>\nPER A L&#8217;ORTOD\u00d2NCIA<\/p><\/div><\/div><\/div><\/div><div class=\"fusion-layout-column fusion_builder_column fusion-builder-column-44 fusion_builder_column_1_2 1_2 fusion-flex-column\" style=\"--awb-bg-size:cover;--awb-width-large:50%;--awb-margin-top-large:0px;--awb-spacing-right-large:3.84%;--awb-margin-bottom-large:0px;--awb-spacing-left-large:3.84%;--awb-width-medium:100%;--awb-spacing-right-medium:1.92%;--awb-spacing-left-medium:1.92%;--awb-width-small:100%;--awb-spacing-right-small:1.92%;--awb-spacing-left-small:1.92%;\"><div class=\"fusion-column-wrapper fusion-column-has-shadow fusion-flex-justify-content-flex-start fusion-content-layout-column\"><div class=\"fusion-image-element \" style=\"--awb-caption-title-font-family:var(--h2_typography-font-family);--awb-caption-title-font-weight:var(--h2_typography-font-weight);--awb-caption-title-font-style:var(--h2_typography-font-style);--awb-caption-title-size:var(--h2_typography-font-size);--awb-caption-title-transform:var(--h2_typography-text-transform);--awb-caption-title-line-height:var(--h2_typography-line-height);--awb-caption-title-letter-spacing:var(--h2_typography-letter-spacing);\"><span class=\" fusion-imageframe imageframe-none imageframe-14 hover-type-none\"><a class=\"fusion-no-lightbox\" href=\"https:\/\/ortodonciabarcelona.com\/ca\/edats\/nens\/\" target=\"_self\" aria-label=\"nena ortodoncia infantil\"><img decoding=\"async\" width=\"1200\" height=\"669\" alt=\"Primer pla d&#039;una nena mostrant amb els seus dits que l&#039;ortod\u00f2ncia en nens \u00e9s recomanable als 6 anys\" src=\"https:\/\/ortodonciabarcelona.com\/wp-content\/uploads\/2020\/10\/nena-ortodoncia-infantil.jpg\" class=\"img-responsive wp-image-6921\" srcset=\"https:\/\/ortodonciabarcelona.com\/wp-content\/uploads\/2020\/10\/nena-ortodoncia-infantil-200x112.jpg 200w, https:\/\/ortodonciabarcelona.com\/wp-content\/uploads\/2020\/10\/nena-ortodoncia-infantil-400x223.jpg 400w, https:\/\/ortodonciabarcelona.com\/wp-content\/uploads\/2020\/10\/nena-ortodoncia-infantil-600x335.jpg 600w, https:\/\/ortodonciabarcelona.com\/wp-content\/uploads\/2020\/10\/nena-ortodoncia-infantil-800x446.jpg 800w, https:\/\/ortodonciabarcelona.com\/wp-content\/uploads\/2020\/10\/nena-ortodoncia-infantil.jpg 1200w\" sizes=\"(max-width: 1024px) 100vw, (max-width: 640px) 100vw, 600px\" \/><\/a><\/span><\/div><div class=\"fusion-title title fusion-title-25 fusion-sep-none fusion-title-center fusion-title-text fusion-title-size-three bold\" style=\"--awb-text-color:#b1c7d0;--awb-margin-top:30px;--awb-margin-bottom:20px;--awb-margin-top-small:0px;--awb-margin-right-small:0px;--awb-margin-bottom-small:20px;--awb-margin-left-small:0px;--awb-font-size:31px;\"><h3 class=\"fusion-title-heading title-heading-center\" style=\"margin:0;font-size:1em;line-height:1.2em;\"><a style=\"color: inherit;\" href=\"https:\/\/ortodonciabarcelona.com\/ca\/edats\/nens\/\">Ortod\u00f2ncia infantil<\/a><\/h3><\/div><div class=\"fusion-text fusion-text-21\" style=\"--awb-text-transform:none;\"><p style=\"text-align: center;\"><span style=\"color: #ffffff;\">L&#8217;ortod\u00f2ncia preventiva en nens \u00e9s recomanable als 6 anys ja que \u00e9s quan\u00a0erupcionan\u00a0els primers molars definitius. L&#8217;ortod\u00f2ncia infantil resol de manera senzilla casos com el mal encaix de les dents i evita problemes esquel\u00e8tics i d&#8217;oclusi\u00f3 en l&#8217;adolesc\u00e8ncia.\u2028<\/span><\/p>\n<\/div><\/div><\/div><div class=\"fusion-layout-column fusion_builder_column fusion-builder-column-45 fusion_builder_column_1_2 1_2 fusion-flex-column\" style=\"--awb-bg-size:cover;--awb-width-large:50%;--awb-margin-top-large:0px;--awb-spacing-right-large:3.84%;--awb-margin-bottom-large:0px;--awb-spacing-left-large:3.84%;--awb-width-medium:100%;--awb-spacing-right-medium:1.92%;--awb-spacing-left-medium:1.92%;--awb-width-small:100%;--awb-spacing-right-small:1.92%;--awb-spacing-left-small:1.92%;\"><div class=\"fusion-column-wrapper fusion-column-has-shadow fusion-flex-justify-content-flex-start fusion-content-layout-column\"><div class=\"fusion-image-element \" style=\"--awb-caption-title-font-family:var(--h2_typography-font-family);--awb-caption-title-font-weight:var(--h2_typography-font-weight);--awb-caption-title-font-style:var(--h2_typography-font-style);--awb-caption-title-size:var(--h2_typography-font-size);--awb-caption-title-transform:var(--h2_typography-text-transform);--awb-caption-title-line-height:var(--h2_typography-line-height);--awb-caption-title-letter-spacing:var(--h2_typography-letter-spacing);\"><span class=\" fusion-imageframe imageframe-none imageframe-15 hover-type-none\"><a class=\"fusion-no-lightbox\" href=\"https:\/\/ortodonciabarcelona.com\/ca\/edats\/adults\/\" target=\"_self\" aria-label=\"imatge adult\"><img decoding=\"async\" width=\"1400\" height=\"780\" alt=\"Primer pla d&#039;una persona adulta\" src=\"https:\/\/ortodonciabarcelona.com\/wp-content\/uploads\/2019\/11\/imatge-adult.jpg\" class=\"img-responsive wp-image-5764\" srcset=\"https:\/\/ortodonciabarcelona.com\/wp-content\/uploads\/2019\/11\/imatge-adult-200x111.jpg 200w, https:\/\/ortodonciabarcelona.com\/wp-content\/uploads\/2019\/11\/imatge-adult-400x223.jpg 400w, https:\/\/ortodonciabarcelona.com\/wp-content\/uploads\/2019\/11\/imatge-adult-600x334.jpg 600w, https:\/\/ortodonciabarcelona.com\/wp-content\/uploads\/2019\/11\/imatge-adult-800x446.jpg 800w, https:\/\/ortodonciabarcelona.com\/wp-content\/uploads\/2019\/11\/imatge-adult-1200x669.jpg 1200w, https:\/\/ortodonciabarcelona.com\/wp-content\/uploads\/2019\/11\/imatge-adult.jpg 1400w\" sizes=\"(max-width: 1024px) 100vw, (max-width: 640px) 100vw, 600px\" \/><\/a><\/span><\/div><div class=\"fusion-title title fusion-title-26 fusion-sep-none fusion-title-center fusion-title-text fusion-title-size-three bold\" style=\"--awb-text-color:#b1c7d0;--awb-margin-top:30px;--awb-margin-bottom:20px;--awb-margin-top-small:0px;--awb-margin-right-small:0px;--awb-margin-bottom-small:20px;--awb-margin-left-small:0px;--awb-font-size:31px;\"><h3 class=\"fusion-title-heading title-heading-center\" style=\"margin:0;font-size:1em;line-height:1.2em;\"><a style=\"color: inherit;\" href=\"https:\/\/ortodonciabarcelona.com\/ca\/edats\/adults\/\">Ortod\u00f2ncia adults<\/a><\/h3><\/div><div class=\"fusion-text fusion-text-22\" style=\"--awb-text-transform:none;\"><p style=\"text-align: center;\"><span style=\"color: #ffffff;\">L&#8217;ortod\u00f2ncia en adults \u00e9s una cosa absolutament normal. Les dents es poden corregir a qualsevol edat. L&#8217;adolesc\u00e8ncia \u00e9s el moment ideal per a realitzar el tractament d&#8217;ortod\u00f2ncia ja que \u00e9s quan es poden corregir la majoria de les anomalies esquel\u00e8tiques. Una oclusi\u00f3 dental defectuosa pot generar problemes de salut com el desgast de les dents, dificultats a l&#8217;hora d&#8217;ingerir, afavorir malalties a les genives i fins i tot la p\u00e8rdua futura de dents.<\/span><\/p>\n<\/div><\/div><\/div><\/div><\/div><div class=\"fusion-fullwidth fullwidth-box fusion-builder-row-14 fusion-flex-container has-pattern-background has-mask-background nonhundred-percent-fullwidth non-hundred-percent-height-scrolling\" style=\"--awb-border-radius-top-left:0px;--awb-border-radius-top-right:0px;--awb-border-radius-bottom-right:0px;--awb-border-radius-bottom-left:0px;--awb-margin-bottom:50px;--awb-flex-wrap:wrap;\" ><div class=\"fusion-builder-row fusion-row fusion-flex-align-items-stretch fusion-flex-content-wrap\" style=\"max-width:calc( 1100px + 0px );margin-left: calc(-0px \/ 2 );margin-right: calc(-0px \/ 2 );\"><div class=\"fusion-layout-column fusion_builder_column fusion-builder-column-46 fusion_builder_column_1_1 1_1 fusion-flex-column fusion-flex-align-self-flex-start fusion-column-no-min-height\" style=\"--awb-bg-size:cover;--awb-width-large:100%;--awb-margin-top-large:0px;--awb-spacing-right-large:0px;--awb-margin-bottom-large:0px;--awb-spacing-left-large:0px;--awb-width-medium:100%;--awb-spacing-right-medium:0px;--awb-spacing-left-medium:0px;--awb-width-small:100%;--awb-spacing-right-small:0px;--awb-spacing-left-small:0px;\"><div class=\"fusion-column-wrapper fusion-column-has-shadow fusion-flex-justify-content-flex-start fusion-content-layout-column\"><div class=\"fusion-title title fusion-title-27 fusion-no-small-visibility fusion-sep-none fusion-title-center fusion-title-text fusion-title-size-two\" style=\"--awb-text-color:#000000;--awb-margin-top:55px;--awb-margin-bottom:30px;--awb-margin-top-small:0px;--awb-margin-right-small:0px;--awb-margin-bottom-small:20px;--awb-margin-left-small:0px;--awb-font-size:42PX;\"><h2 class=\"fusion-title-heading title-heading-center\" style=\"margin:0;font-size:1em;line-height:1.2em;\"><p>ORTOD\u00d2NCIA INVISIBLE<br \/>\nADAPTADA AL PACIENT<\/p><\/h2><\/div><div class=\"fusion-title title fusion-title-28 fusion-no-medium-visibility fusion-no-large-visibility fusion-sep-none fusion-title-center fusion-title-text fusion-title-size-div\" style=\"--awb-text-color:#000000;--awb-margin-top:55px;--awb-margin-bottom:30px;--awb-margin-top-small:0px;--awb-margin-right-small:0px;--awb-margin-bottom-small:20px;--awb-margin-left-small:0px;--awb-font-size:40PX;\"><div class=\"fusion-title-heading title-heading-center title-heading-tag\" style=\"font-family:&quot;Lato&quot;;font-style:normal;font-weight:300;margin:0;font-size:1em;line-height:1.2em;\"><p>ORTOD\u00d2NCIA INVISIBLE<br \/>\nADAPTADA AL PACIENT<\/p><\/div><\/div><div class=\"fusion-text fusion-text-23\" style=\"--awb-text-transform:none;\"><p style=\"text-align: center;\">L&#8217;<strong>ortod\u00f2ncia invisible<\/strong> adaptada al pacient \u00e9s l&#8217;alternativa est\u00e8tica al tractament convencional amb br\u00e0quets. <strong>A Barcelona<\/strong> les m\u00e9s conegudes i demandades en quant a ortod\u00f2ncia s\u00f3n Invisalign i lingual. Encara que en la majoria dels diagn\u00f2stics \u00e9s possible utilitzar totes dues opcions, \u00e9s l&#8217;ortodoncista qui ha de prescriure l&#8217;ortod\u00f2ncia invisible que millor s&#8217;adapta al pacient.<\/p>\n<\/div><\/div><\/div><\/div><\/div><div class=\"fusion-fullwidth fullwidth-box fusion-builder-row-15 fusion-flex-container has-pattern-background has-mask-background nonhundred-percent-fullwidth non-hundred-percent-height-scrolling\" style=\"--awb-border-radius-top-left:0px;--awb-border-radius-top-right:0px;--awb-border-radius-bottom-right:0px;--awb-border-radius-bottom-left:0px;--awb-padding-top:10px;--awb-padding-bottom:50px;--awb-margin-bottom:50px;--awb-background-color:#dde6e9;--awb-flex-wrap:wrap;\" ><div class=\"fusion-builder-row fusion-row fusion-flex-align-items-center fusion-flex-justify-content-center fusion-flex-content-wrap\" style=\"max-width:1144px;margin-left: calc(-4% \/ 2 );margin-right: calc(-4% \/ 2 );\"><div class=\"fusion-layout-column fusion_builder_column fusion-builder-column-47 fusion_builder_column_1_6 1_6 fusion-flex-column\" style=\"--awb-bg-size:cover;--awb-width-large:16.666666666667%;--awb-margin-top-large:0px;--awb-spacing-right-large:11.52%;--awb-margin-bottom-large:0px;--awb-spacing-left-large:11.52%;--awb-width-medium:100%;--awb-order-medium:0;--awb-spacing-right-medium:1.92%;--awb-spacing-left-medium:1.92%;--awb-width-small:100%;--awb-order-small:0;--awb-spacing-right-small:1.92%;--awb-spacing-left-small:1.92%;\"><div class=\"fusion-column-wrapper fusion-column-has-shadow fusion-flex-justify-content-flex-start fusion-content-layout-column\"><div class=\"fusion-image-element \" style=\"--awb-caption-title-font-family:var(--h2_typography-font-family);--awb-caption-title-font-weight:var(--h2_typography-font-weight);--awb-caption-title-font-style:var(--h2_typography-font-style);--awb-caption-title-size:var(--h2_typography-font-size);--awb-caption-title-transform:var(--h2_typography-text-transform);--awb-caption-title-line-height:var(--h2_typography-line-height);--awb-caption-title-letter-spacing:var(--h2_typography-letter-spacing);\"><span class=\" fusion-imageframe imageframe-none imageframe-16 hover-type-none\"><img decoding=\"async\" width=\"245\" height=\"244\" title=\"topo-financament\" src=\"https:\/\/ortodonciabarcelona.com\/wp-content\/uploads\/2026\/02\/topo-financament.png\" alt class=\"img-responsive wp-image-20787\" srcset=\"https:\/\/ortodonciabarcelona.com\/wp-content\/uploads\/2026\/02\/topo-financament-200x199.png 200w, https:\/\/ortodonciabarcelona.com\/wp-content\/uploads\/2026\/02\/topo-financament.png 245w\" sizes=\"(max-width: 1024px) 100vw, (max-width: 640px) 100vw, 200px\" \/><\/span><\/div><\/div><\/div><div class=\"fusion-layout-column fusion_builder_column fusion-builder-column-48 fusion_builder_column_2_3 2_3 fusion-flex-column\" style=\"--awb-padding-right:20px;--awb-padding-left:20px;--awb-bg-size:cover;--awb-border-color:var(--awb-color4);--awb-border-right:1px;--awb-border-left:1px;--awb-border-style:dotted;--awb-width-large:66.666666666667%;--awb-margin-top-large:0px;--awb-spacing-right-large:2.88%;--awb-margin-bottom-large:0px;--awb-spacing-left-large:2.88%;--awb-width-medium:100%;--awb-order-medium:0;--awb-spacing-right-medium:1.92%;--awb-spacing-left-medium:1.92%;--awb-width-small:100%;--awb-order-small:0;--awb-spacing-right-small:1.92%;--awb-spacing-left-small:1.92%;\" data-scroll-devices=\"small-visibility,medium-visibility,large-visibility\"><div class=\"fusion-column-wrapper fusion-column-has-shadow fusion-flex-justify-content-flex-start fusion-content-layout-column\"><div class=\"fusion-title title fusion-title-29 fusion-no-small-visibility fusion-sep-none fusion-title-text fusion-title-size-two\" style=\"--awb-text-color:#000000;--awb-margin-top:55px;--awb-margin-bottom:30px;--awb-margin-top-small:0px;--awb-margin-right-small:0px;--awb-margin-bottom-small:20px;--awb-margin-left-small:0px;--awb-font-size:42PX;\"><h2 class=\"fusion-title-heading title-heading-left\" style=\"margin:0;font-size:1em;line-height:1.2em;\">PREU ORTODONCIA<\/h2><\/div><div class=\"fusion-title title fusion-title-30 fusion-no-medium-visibility fusion-no-large-visibility fusion-sep-none fusion-title-text fusion-title-size-div\" style=\"--awb-text-color:#000000;--awb-margin-top:55px;--awb-margin-bottom:30px;--awb-margin-top-small:0px;--awb-margin-right-small:0px;--awb-margin-bottom-small:20px;--awb-margin-left-small:0px;--awb-font-size:40PX;\"><div class=\"fusion-title-heading title-heading-left title-heading-tag\" style=\"font-family:&quot;Lato&quot;;font-style:normal;font-weight:300;margin:0;font-size:1em;line-height:1.2em;\">PREU ORTODONCIA<\/div><\/div><div class=\"fusion-text fusion-text-24\"><p>El nostre objectiu \u00e9s acostar l&#8217;ortod\u00f2ncia a tothom, per aix\u00f2 oferim als nostres clients les millors condicions econ\u00f2miques. <strong>El preu d&#8217;una ortod\u00f2ncia dep\u00e8n de cada cas i del tipus de tractament<\/strong>: lingual, Invisalign o amb br\u00e0quets fixos. Triar el procediment adequat \u00e9s de vital import\u00e0ncia perqu\u00e8 el pacient aconsegueixi el somriure que sempre ha desitjat.<\/p>\n<p>A Ortodoncia Tres Torres <strong>la primera visita de reconeixement i diagn\u00f2stic \u00e9s gratu\u00efta i sense comprom\u00eds<\/strong>. Pagar el teu tractament no ser\u00e0 un problema. Per a aix\u00f2 oferim un <strong>finan\u00e7ament personalitzat sense interessos!<\/strong>, en c\u00f2modes mensualitats, i sense necessitat d&#8217;aportar cap mena de documentaci\u00f3.<\/p>\n<\/div><div style=\"text-align:left;\"><a class=\"fusion-button button-flat fusion-button-default-size button-custom fusion-button-default button-9 fusion-button-default-span fusion-button-default-type fusion-no-small-visibility\" style=\"--button_accent_color:#ffffff;--button_accent_hover_color:#ffffff;--button_border_hover_color:#ffffff;--button_gradient_top_color:#b1c8d0;--button_gradient_bottom_color:#b1c8d0;--button_gradient_top_color_hover:#b1c8d0;--button_gradient_bottom_color_hover:#b1c8d0;--button_padding-right:40px;--button_padding-left:40px;--button_margin-top:40px;\" target=\"_self\" href=\"#visita\"><span class=\"fusion-button-text awb-button__text awb-button__text--default\">Demanar visita<\/span><\/a><\/div><div style=\"text-align:left;\"><a class=\"fusion-button button-flat fusion-button-default-size button-custom fusion-button-default button-10 fusion-button-default-span fusion-button-default-type fusion-no-medium-visibility fusion-no-large-visibility\" style=\"--button_accent_color:#ffffff;--button_accent_hover_color:#ffffff;--button_border_hover_color:#ffffff;--button_gradient_top_color:#b1c8d0;--button_gradient_bottom_color:#b1c8d0;--button_gradient_top_color_hover:#b1c8d0;--button_gradient_bottom_color_hover:#b1c8d0;--button_padding-right:40px;--button_padding-left:40px;--button_margin-top:40px;\" target=\"_self\" href=\"\/ca\/contacte-barcelona\/#row-visita\"><span class=\"fusion-button-text awb-button__text awb-button__text--default\">Demanar visita<\/span><\/a><\/div><\/div><\/div><div class=\"fusion-layout-column fusion_builder_column fusion-builder-column-49 fusion_builder_column_1_6 1_6 fusion-flex-column\" style=\"--awb-bg-size:cover;--awb-width-large:16.666666666667%;--awb-margin-top-large:0px;--awb-spacing-right-large:11.52%;--awb-margin-bottom-large:0px;--awb-spacing-left-large:11.52%;--awb-width-medium:100%;--awb-order-medium:0;--awb-spacing-right-medium:1.92%;--awb-spacing-left-medium:1.92%;--awb-width-small:100%;--awb-order-small:0;--awb-spacing-right-small:1.92%;--awb-spacing-left-small:1.92%;\"><div class=\"fusion-column-wrapper fusion-column-has-shadow fusion-flex-justify-content-flex-start fusion-content-layout-column\"><\/div><\/div><\/div><\/div><div class=\"fusion-fullwidth fullwidth-box fusion-builder-row-16 fusion-flex-container has-pattern-background has-mask-background nonhundred-percent-fullwidth non-hundred-percent-height-scrolling\" style=\"--awb-border-radius-top-left:0px;--awb-border-radius-top-right:0px;--awb-border-radius-bottom-right:0px;--awb-border-radius-bottom-left:0px;--awb-margin-bottom:50px;--awb-flex-wrap:wrap;\" ><div class=\"fusion-builder-row fusion-row fusion-flex-align-items-stretch fusion-flex-content-wrap\" style=\"max-width:calc( 1100px + 0px );margin-left: calc(-0px \/ 2 );margin-right: calc(-0px \/ 2 );\"><div class=\"fusion-layout-column fusion_builder_column fusion-builder-column-50 fusion_builder_column_1_1 1_1 fusion-flex-column fusion-flex-align-self-flex-start fusion-column-no-min-height\" style=\"--awb-bg-size:cover;--awb-width-large:100%;--awb-margin-top-large:0px;--awb-spacing-right-large:0px;--awb-margin-bottom-large:0px;--awb-spacing-left-large:0px;--awb-width-medium:100%;--awb-spacing-right-medium:0px;--awb-spacing-left-medium:0px;--awb-width-small:100%;--awb-spacing-right-small:0px;--awb-spacing-left-small:0px;\"><div class=\"fusion-column-wrapper fusion-column-has-shadow fusion-flex-justify-content-flex-start fusion-content-layout-column\"><div class=\"fusion-title title fusion-title-31 fusion-no-small-visibility fusion-sep-none fusion-title-center fusion-title-text fusion-title-size-two\" style=\"--awb-text-color:#000000;--awb-margin-top-small:0px;--awb-margin-right-small:0px;--awb-margin-bottom-small:20px;--awb-margin-left-small:0px;--awb-font-size:42PX;\"><h2 class=\"fusion-title-heading title-heading-center\" style=\"margin:0;font-size:1em;line-height:1.2em;\"><p>PER QU\u00c8 TRIAR-NOS PER A LA TEVA<br \/>\nORTOD\u00d2NCIA A BARCELONA?<\/p><\/h2><\/div><div class=\"fusion-title title fusion-title-32 fusion-no-medium-visibility fusion-no-large-visibility fusion-sep-none fusion-title-center fusion-title-text fusion-title-size-div\" style=\"--awb-text-color:#000000;--awb-margin-top-small:0px;--awb-margin-right-small:0px;--awb-margin-bottom-small:20px;--awb-margin-left-small:0px;--awb-font-size:40PX;\"><div class=\"fusion-title-heading title-heading-center title-heading-tag\" style=\"font-family:&quot;Lato&quot;;font-style:normal;font-weight:300;margin:0;font-size:1em;line-height:1.2em;\"><p>PER QU\u00c8 TRIAR-NOS PER A LA TEVA<br \/>\nORTOD\u00d2NCIA A BARCELONA?<\/p><\/div><\/div><\/div><\/div><div class=\"fusion-layout-column fusion_builder_column fusion-builder-column-51 fusion_builder_column_1_2 1_2 fusion-flex-column fusion-column-inner-bg-wrapper\" style=\"--awb-padding-top:50px;--awb-padding-right:8%;--awb-padding-left:8%;--awb-inner-bg-color:#32393c;--awb-inner-bg-color-hover:#32393c;--awb-inner-bg-size:cover;--awb-width-large:50%;--awb-margin-top-large:0px;--awb-spacing-right-large:0px;--awb-margin-bottom-large:0px;--awb-spacing-left-large:0px;--awb-width-medium:100%;--awb-order-medium:0;--awb-spacing-right-medium:0px;--awb-spacing-left-medium:0px;--awb-width-small:100%;--awb-order-small:0;--awb-spacing-right-small:0px;--awb-spacing-left-small:0px;\" data-scroll-devices=\"small-visibility,medium-visibility,large-visibility\"><span class=\"fusion-column-inner-bg hover-type-none\"><a class=\"fusion-column-anchor\" href=\"\/ca\/clinica\/equip-dortodoncistes\/\"><span class=\"fusion-column-inner-bg-image\"><\/span><\/a><\/span><div class=\"fusion-column-wrapper fusion-column-has-shadow fusion-flex-justify-content-flex-start fusion-content-layout-column\"><div class=\"fusion-title title fusion-title-33 fusion-no-small-visibility fusion-sep-none fusion-title-center fusion-title-text fusion-title-size-two\" style=\"--awb-text-color:#b1c7d0;--awb-margin-top-small:0px;--awb-margin-right-small:0px;--awb-margin-bottom-small:20px;--awb-margin-left-small:0px;--awb-font-size:43PX;\"><h2 class=\"fusion-title-heading title-heading-center\" style=\"margin:0;font-size:1em;line-height:1.2em;\"><p data-pm-slice=\"1 1 &#091;\">ORTODONCISTA A BARCELONA AMB M\u00c0XIMA DISTINCI\u00d3 INVISALIGN DIAMOND APEX PROVIDER<\/p><\/h2><\/div><div class=\"fusion-title title fusion-title-34 fusion-no-medium-visibility fusion-no-large-visibility fusion-sep-none fusion-title-center fusion-title-text fusion-title-size-div\" style=\"--awb-text-color:#b1c7d0;--awb-margin-top-small:0px;--awb-margin-right-small:0px;--awb-margin-bottom-small:20px;--awb-margin-left-small:0px;--awb-link-color:#b1c7d0;--awb-link-hover-color:#ffffff;--awb-font-size:35PX;\"><div class=\"fusion-title-heading title-heading-center title-heading-tag\" style=\"font-family:&quot;Lato&quot;;font-style:normal;font-weight:300;margin:0;font-size:1em;line-height:45px;\"><a class=\"awb-custom-text-color awb-custom-text-hover-color\" target=\"_self\"><p data-pm-slice=\"1 1 &#091;\">ORTODONCISTA A BARCELONA AMB M\u00c0XIMA DISTINCI\u00d3 INVISALIGN DIAMOND APEX PROVIDER<\/p><\/a><\/div><\/div><div class=\"fusion-image-element \" style=\"text-align:center;--awb-caption-title-font-family:var(--h2_typography-font-family);--awb-caption-title-font-weight:var(--h2_typography-font-weight);--awb-caption-title-font-style:var(--h2_typography-font-style);--awb-caption-title-size:var(--h2_typography-font-size);--awb-caption-title-transform:var(--h2_typography-text-transform);--awb-caption-title-line-height:var(--h2_typography-line-height);--awb-caption-title-letter-spacing:var(--h2_typography-letter-spacing);\"><span class=\" fusion-imageframe imageframe-none imageframe-17 hover-type-none\"><a class=\"fusion-no-lightbox\" href=\"https:\/\/ortodonciabarcelona.com\/ca\/clinica\/equip-dortodoncistes\/\" target=\"_self\" aria-label=\"ortodoncista invisalign diamond apex\"><img decoding=\"async\" width=\"577\" height=\"439\" alt=\"Cl\u00ednica d&#039;ortod\u00f2ncia Invisalign Diamond Apex\" src=\"https:\/\/ortodonciabarcelona.com\/wp-content\/uploads\/2023\/09\/ortodoncista-invisalign-diamond-apex.png\" class=\"img-responsive wp-image-10229\" srcset=\"https:\/\/ortodonciabarcelona.com\/wp-content\/uploads\/2023\/09\/ortodoncista-invisalign-diamond-apex-200x152.png 200w, https:\/\/ortodonciabarcelona.com\/wp-content\/uploads\/2023\/09\/ortodoncista-invisalign-diamond-apex-400x304.png 400w, https:\/\/ortodonciabarcelona.com\/wp-content\/uploads\/2023\/09\/ortodoncista-invisalign-diamond-apex.png 577w\" sizes=\"(max-width: 1024px) 100vw, (max-width: 640px) 100vw, 577px\" \/><\/a><\/span><\/div><div class=\"fusion-separator fusion-full-width-sep\" style=\"align-self: center;margin-left: auto;margin-right: auto;margin-top:10px;margin-bottom:10px;width:100%;\"><\/div><div class=\"fusion-text fusion-text-25\" style=\"--awb-text-transform:none;--awb-text-color:#b1c8d0;\"><p style=\"text-align: center;\">El Dr. Fernando de la Iglesia \u00e9s Doctor en Odontologia, M\u00e0ster en Ortod\u00f2ncia i odont\u00f2leg expert en ortod\u00f2ncia invisible. \u00c9s ortodoncista a Barcelona amb la certificaci\u00f3 Invisalign\u00a0Diamond APEX, la m\u00e0xima categoria\u00a0Invisalign\u00a0a nivell mundial pel gran nombre de casos tractats. <strong>Des de 2023 \u00e9s Membre Diplomat de la Societat Espanyola d\u2019Ortod\u00f2ncia (SEDO) i del Spanish Board of Orthodontics (SBO).<\/strong><br \/>\nAl costat del doctor Oriol Quevedo\u00a0i tot l&#8217;equip d&#8217;Ortodoncia Tres Torres estudiaran el teu cas i t&#8217;atendran de manera personalitzada durant tot el tractament de la teva ortod\u00f2ncia a Barcelona.<\/p>\n<\/div><\/div><\/div><div class=\"fusion-layout-column fusion_builder_column fusion-builder-column-52 fusion_builder_column_1_2 1_2 fusion-flex-column\" style=\"--awb-padding-top:50px;--awb-padding-right:10%;--awb-padding-bottom:50px;--awb-padding-left:10%;--awb-bg-color:#b1c8d0;--awb-bg-color-hover:#b1c8d0;--awb-bg-size:cover;--awb-width-large:50%;--awb-margin-top-large:0px;--awb-spacing-right-large:0px;--awb-margin-bottom-large:0px;--awb-spacing-left-large:0px;--awb-width-medium:100%;--awb-order-medium:0;--awb-spacing-right-medium:0px;--awb-spacing-left-medium:0px;--awb-width-small:100%;--awb-order-small:0;--awb-spacing-right-small:0px;--awb-spacing-left-small:0px;\" data-scroll-devices=\"small-visibility,medium-visibility,large-visibility\"><div class=\"fusion-column-wrapper fusion-column-has-shadow fusion-flex-justify-content-flex-start fusion-content-layout-column\"><div class=\"fusion-title title fusion-title-35 fusion-no-small-visibility fusion-sep-none fusion-title-center fusion-title-text fusion-title-size-two\" style=\"--awb-text-color:#000000;--awb-margin-top-small:0px;--awb-margin-right-small:0px;--awb-margin-bottom-small:20px;--awb-margin-left-small:0px;--awb-font-size:42PX;\"><h2 class=\"fusion-title-heading title-heading-center\" style=\"margin:0;font-size:1em;line-height:1.2em;\">CASOS CL\u00cdNICS D&#8217;ORTOD\u00d2NCIA BARCELONA<\/h2><\/div><div class=\"fusion-title title fusion-title-36 fusion-no-medium-visibility fusion-no-large-visibility fusion-sep-none fusion-title-center fusion-title-text fusion-title-size-div\" style=\"--awb-text-color:#000000;--awb-margin-top-small:0px;--awb-margin-right-small:0px;--awb-margin-bottom-small:20px;--awb-margin-left-small:0px;--awb-link-hover-color:#ffffff;--awb-font-size:35PX;\"><div class=\"fusion-title-heading title-heading-center title-heading-tag\" style=\"font-family:&quot;Lato&quot;;font-style:normal;font-weight:300;margin:0;font-size:1em;line-height:45px;\"><a class=\"awb-custom-text-color awb-custom-text-hover-color\" target=\"_self\">CASOS CL\u00cdNICS D&#8217;ORTOD\u00d2NCIA BARCELONA<\/a><\/div><\/div><div class=\"fusion-image-element \" style=\"text-align:center;--awb-max-width:90%;--awb-caption-title-font-family:var(--h2_typography-font-family);--awb-caption-title-font-weight:var(--h2_typography-font-weight);--awb-caption-title-font-style:var(--h2_typography-font-style);--awb-caption-title-size:var(--h2_typography-font-size);--awb-caption-title-transform:var(--h2_typography-text-transform);--awb-caption-title-line-height:var(--h2_typography-line-height);--awb-caption-title-letter-spacing:var(--h2_typography-letter-spacing);\"><span class=\" fusion-imageframe imageframe-none imageframe-18 hover-type-none\"><img decoding=\"async\" width=\"789\" height=\"1624\" alt=\"primer pla d&#039;alguns dels nostres pacients\" title=\"pacients ortodoncia tres torres\" src=\"https:\/\/ortodonciabarcelona.com\/wp-content\/uploads\/2019\/11\/pacients-ortodoncia-tres-torres.jpg\" class=\"img-responsive wp-image-5773\" srcset=\"https:\/\/ortodonciabarcelona.com\/wp-content\/uploads\/2019\/11\/pacients-ortodoncia-tres-torres-200x412.jpg 200w, https:\/\/ortodonciabarcelona.com\/wp-content\/uploads\/2019\/11\/pacients-ortodoncia-tres-torres-400x823.jpg 400w, https:\/\/ortodonciabarcelona.com\/wp-content\/uploads\/2019\/11\/pacients-ortodoncia-tres-torres-600x1235.jpg 600w, https:\/\/ortodonciabarcelona.com\/wp-content\/uploads\/2019\/11\/pacients-ortodoncia-tres-torres.jpg 789w\" sizes=\"(max-width: 1024px) 100vw, (max-width: 640px) 100vw, 600px\" \/><\/span><\/div><div style=\"text-align:center;\"><a class=\"fusion-button button-flat fusion-button-default-size button-custom fusion-button-default button-11 fusion-button-default-span fusion-button-default-type fusion-no-small-visibility\" style=\"--button_accent_color:#ffffff;--button_border_color:var(--awb-color1);--button_accent_hover_color:#ffffff;--button_border_hover_color:#ffffff;--button_border_width-top:1px;--button_border_width-right:1px;--button_border_width-bottom:1px;--button_border_width-left:1px;--button_gradient_top_color:#b1c8d0;--button_gradient_bottom_color:#b1c8d0;--button_gradient_top_color_hover:#b1c8d0;--button_gradient_bottom_color_hover:#b1c8d0;--button_padding-right:20px;--button_padding-left:20px;--button_margin-top:40px;\" target=\"_self\" href=\"https:\/\/ortodonciabarcelona.com\/ca\/per-que-triar-nos\/resultats\/\"><span class=\"fusion-button-text awb-button__text awb-button__text--default\">Veure casos cl\u00ednics<\/span><\/a><\/div><\/div><\/div><\/div><\/div><div class=\"fusion-fullwidth fullwidth-box fusion-builder-row-17 fusion-flex-container nonhundred-percent-fullwidth non-hundred-percent-height-scrolling\" style=\"--awb-border-radius-top-left:0px;--awb-border-radius-top-right:0px;--awb-border-radius-bottom-right:0px;--awb-border-radius-bottom-left:0px;--awb-background-color:#dde6e9;--awb-flex-wrap:wrap;\" ><div class=\"fusion-builder-row fusion-row fusion-flex-align-items-flex-start fusion-flex-content-wrap\" style=\"max-width:1144px;margin-left: calc(-4% \/ 2 );margin-right: calc(-4% \/ 2 );\"><div class=\"fusion-layout-column fusion_builder_column fusion-builder-column-53 fusion_builder_column_1_1 1_1 fusion-flex-column\" style=\"--awb-padding-top:55px;--awb-padding-right:15px;--awb-padding-bottom:20px;--awb-padding-left:15px;--awb-bg-color:#dde6e9;--awb-bg-color-hover:#dde6e9;--awb-bg-size:cover;--awb-width-large:100%;--awb-margin-top-large:0px;--awb-spacing-right-large:1.92%;--awb-margin-bottom-large:0px;--awb-spacing-left-large:1.92%;--awb-width-medium:100%;--awb-spacing-right-medium:1.92%;--awb-spacing-left-medium:1.92%;--awb-width-small:100%;--awb-spacing-right-small:1.92%;--awb-spacing-left-small:1.92%;\"><div class=\"fusion-column-wrapper fusion-column-has-shadow fusion-flex-justify-content-flex-start fusion-content-layout-column\"><div class=\"fusion-title title fusion-title-37 fusion-no-small-visibility fusion-sep-none fusion-title-center fusion-title-text fusion-title-size-two\" style=\"--awb-text-color:#32393c;--awb-margin-top-small:0px;--awb-margin-right-small:0px;--awb-margin-bottom-small:20px;--awb-margin-left-small:0px;--awb-font-size:41px;\"><h2 class=\"fusion-title-heading title-heading-center\" style=\"margin:0;font-size:1em;line-height:1.2em;\">OPINIONS ORTOD\u00d2NCIA BARCELONA<\/h2><\/div><div class=\"fusion-title title fusion-title-38 fusion-no-medium-visibility fusion-no-large-visibility fusion-sep-none fusion-title-center fusion-title-text fusion-title-size-div\" style=\"--awb-text-color:#32393c;--awb-margin-top-small:0px;--awb-margin-right-small:0px;--awb-margin-bottom-small:20px;--awb-margin-left-small:0px;--awb-font-size:40px;\"><div class=\"fusion-title-heading title-heading-center title-heading-tag\" style=\"font-family:&quot;Lato&quot;;font-style:normal;font-weight:300;margin:0;font-size:1em;line-height:1.2em;\">OPINIONS ORTOD\u00d2NCIA BARCELONA<\/div><\/div><div class=\"wprevpro-shortcode-wrapper\"><\/div><div class=\"fusion-separator fusion-full-width-sep\" style=\"align-self: center;margin-left: auto;margin-right: auto;width:100%;\"><\/div><div class=\"fusion-builder-row fusion-builder-row-inner fusion-row fusion-flex-align-items-flex-start fusion-flex-content-wrap\" style=\"--awb-flex-grow:0;--awb-flex-grow-medium:0;--awb-flex-grow-small:0;--awb-flex-shrink:0;--awb-flex-shrink-medium:0;--awb-flex-shrink-small:0;width:104% !important;max-width:104% !important;margin-left: calc(-4% \/ 2 );margin-right: calc(-4% \/ 2 );\"><div class=\"fusion-layout-column fusion_builder_column_inner fusion-builder-nested-column-13 fusion_builder_column_inner_1_2 1_2 fusion-flex-column\" style=\"--awb-bg-size:cover;--awb-width-large:50%;--awb-margin-top-large:0px;--awb-spacing-right-large:3.84%;--awb-margin-bottom-large:0px;--awb-spacing-left-large:3.84%;--awb-width-medium:100%;--awb-spacing-right-medium:1.92%;--awb-spacing-left-medium:1.92%;--awb-width-small:100%;--awb-spacing-right-small:1.92%;--awb-spacing-left-small:1.92%;\"><div class=\"fusion-column-wrapper fusion-column-has-shadow fusion-flex-justify-content-flex-start fusion-content-layout-column\"><style>#wprev-badge-1{border-radius: 0px;}#wprev-badge-1{border-top: 5px solid #2ea756;}#wprev-badge-1{background: #ffffff;}#wprev-badge-1{border-bottom: 5px solid #ffffff;}#wprev-badge-1 .svgicons {background: #f9bc11 }#wprev-badge-1 .wppro_badge1_SPAN_4 {color: #666666;}#wprev-badge-1 .wppro_badge1_SPAN_13 {color: #4f81f3;}#wprev-badge-1 .wppro_badge1_DIV_12 {color: #666666;}#wprev-badge-1 {width: auto;}<\/style>\r\n<div class=\"wprevpro_badge wppro_badge1_DIV_1\" id=\"wprev-badge-1\">\r\n\t<div class=\"wppro_badge1_DIV_2\">\r\n\t<img src=https:\/\/ortodonciabarcelona.com\/wp-content\/plugins\/wp-review-slider-pro-premium\/public\/partials\/imgs\/branding-google-badge_50.png  alt=\"google logoOrtodoncia Tres Torres Barcelona\" class=\"wppro_badge1_IMG_3\"><span class=\"wppro_badge1_SPAN_4\">Ortodoncia Tres Torres Barcelona<\/span>\r\n\t\t<div class=\"wppro_badge1_DIV_5\">\r\n\t\t\t<div class=\"wppro_badge1_DIV_stars\">\r\n\t\t\t<span class=\"svgicons svg-wprsp-star-empty\"><\/span><span class=\"svgicons svg-wprsp-star-empty\"><\/span><span class=\"svgicons svg-wprsp-star-empty\"><\/span><span class=\"svgicons svg-wprsp-star-empty\"><\/span><span class=\"svgicons svg-wprsp-star-empty\"><\/span>\t\t\t<\/div>\r\n\t\t\t<span class=\"wppro_badge1_DIV_12 b4s12\"><span class=\"wppro_badge1_SPAN_13\">0.0<\/span>&nbsp;Estrellas - Basado en&nbsp;<span class=\"wppro_badge1_SPAN_15\">0&nbsp;<\/span>rese\u00f1as de usuarios<\/span>\t\t\t\t\t<\/div>\r\n\t<\/div>\r\n<\/div>\r\n\r\n\r\n\r\n<\/div><\/div><div class=\"fusion-layout-column fusion_builder_column_inner fusion-builder-nested-column-14 fusion_builder_column_inner_1_2 1_2 fusion-flex-column\" style=\"--awb-bg-size:cover;--awb-width-large:50%;--awb-margin-top-large:0px;--awb-spacing-right-large:3.84%;--awb-margin-bottom-large:0px;--awb-spacing-left-large:3.84%;--awb-width-medium:100%;--awb-spacing-right-medium:1.92%;--awb-spacing-left-medium:1.92%;--awb-width-small:100%;--awb-spacing-right-small:1.92%;--awb-spacing-left-small:1.92%;\"><div class=\"fusion-column-wrapper fusion-column-has-shadow fusion-flex-justify-content-flex-start fusion-content-layout-column\"><style>#wprev-badge-2{border-radius: 0px;}#wprev-badge-2{border-top: 5px solid #6988fe;}#wprev-badge-2{background: #ffffff;}#wprev-badge-2{border-bottom: 5px solid #ffffff;}#wprev-badge-2 .svgicons {background: #6988fe }#wprev-badge-2 .wppro_badge1_SPAN_4 {color: #666666;}#wprev-badge-2 .wppro_badge1_SPAN_13 {color: #6988fe;}#wprev-badge-2 .wppro_badge1_DIV_12 {color: #666666;}#wprev-badge-2 {width: auto;}<\/style>\r\n<div class=\"wprevpro_badge wppro_badge1_DIV_1\" id=\"wprev-badge-2\">\r\n\t<div class=\"wppro_badge1_DIV_2\">\r\n\t<img src=https:\/\/ortodonciabarcelona.com\/wp-content\/plugins\/wp-review-slider-pro-premium\/public\/partials\/imgs\/branding-facebook-badge_50.png  alt=\"facebook logoOrtodoncia Tres Torres Barcelona\" class=\"wppro_badge1_IMG_3\"><span class=\"wppro_badge1_SPAN_4\">Ortodoncia Tres Torres Barcelona<\/span>\r\n\t\t<div class=\"wppro_badge1_DIV_5\">\r\n\t\t\t<div class=\"wppro_badge1_DIV_stars\">\r\n\t\t\t<span class=\"svgicons svg-wprsp-star-empty\"><\/span><span class=\"svgicons svg-wprsp-star-empty\"><\/span><span class=\"svgicons svg-wprsp-star-empty\"><\/span><span class=\"svgicons svg-wprsp-star-empty\"><\/span><span class=\"svgicons svg-wprsp-star-empty\"><\/span>\t\t\t<\/div>\r\n\t\t\t<span class=\"wppro_badge1_DIV_12 b4s12\"><span class=\"wppro_badge1_SPAN_13\">0.0<\/span>&nbsp;Estrellas - Basado en&nbsp;<span class=\"wppro_badge1_SPAN_15\">0&nbsp;<\/span>rese\u00f1as de usuarios<\/span>\t\t\t\t\t<\/div>\r\n\t<\/div>\r\n<\/div>\r\n\r\n\r\n\r\n<\/div><\/div><\/div><\/div><\/div><\/div><\/div><div class=\"fusion-fullwidth fullwidth-box fusion-builder-row-18 fusion-flex-container hundred-percent-fullwidth non-hundred-percent-height-scrolling\" style=\"--awb-border-radius-top-left:0px;--awb-border-radius-top-right:0px;--awb-border-radius-bottom-right:0px;--awb-border-radius-bottom-left:0px;--awb-padding-right:0px;--awb-padding-left:0px;--awb-flex-wrap:wrap;\" ><div class=\"fusion-builder-row fusion-row fusion-flex-align-items-flex-start fusion-flex-content-wrap\" style=\"width:104% !important;max-width:104% !important;margin-left: calc(-4% \/ 2 );margin-right: calc(-4% \/ 2 );\"><div class=\"fusion-layout-column fusion_builder_column fusion-builder-column-54 fusion_builder_column_1_1 1_1 fusion-flex-column\" style=\"--awb-bg-size:cover;--awb-width-large:100%;--awb-margin-top-large:0px;--awb-spacing-right-large:1.92%;--awb-margin-bottom-large:0px;--awb-spacing-left-large:1.92%;--awb-width-medium:100%;--awb-spacing-right-medium:1.92%;--awb-spacing-left-medium:1.92%;--awb-width-small:100%;--awb-spacing-right-small:1.92%;--awb-spacing-left-small:1.92%;\"><div class=\"fusion-column-wrapper fusion-column-has-shadow fusion-flex-justify-content-flex-start fusion-content-layout-column\"><div class=\"fusion-title title fusion-title-39 fusion-no-small-visibility fusion-sep-none fusion-title-center fusion-title-text fusion-title-size-two\" style=\"--awb-text-color:#000000;--awb-margin-top:55px;--awb-margin-bottom:30px;--awb-margin-top-small:0px;--awb-margin-right-small:0px;--awb-margin-bottom-small:20px;--awb-margin-left-small:0px;--awb-font-size:42PX;\"><h2 class=\"fusion-title-heading title-heading-center\" style=\"margin:0;font-size:1em;line-height:1.2em;\">PREGUNTES SOBRE ORTODONCIA<\/h2><\/div><div class=\"fusion-title title fusion-title-40 fusion-no-medium-visibility fusion-no-large-visibility fusion-sep-none fusion-title-center fusion-title-text fusion-title-size-div\" style=\"--awb-text-color:#000000;--awb-margin-top:55px;--awb-margin-bottom:30px;--awb-margin-top-small:0px;--awb-margin-right-small:0px;--awb-margin-bottom-small:20px;--awb-margin-left-small:0px;--awb-font-size:40PX;\"><div class=\"fusion-title-heading title-heading-center title-heading-tag\" style=\"font-family:&quot;Lato&quot;;font-style:normal;font-weight:300;margin:0;font-size:1em;line-height:1.2em;\">PREGUNTES SOBRE ORTODONCIA<\/div><\/div><\/div><\/div><\/div><\/div><div class=\"fusion-fullwidth fullwidth-box fusion-builder-row-19 fusion-flex-container hundred-percent-fullwidth non-hundred-percent-height-scrolling fusion-no-small-visibility\" style=\"--awb-border-radius-top-left:0px;--awb-border-radius-top-right:0px;--awb-border-radius-bottom-right:0px;--awb-border-radius-bottom-left:0px;--awb-padding-right:0px;--awb-padding-left:0px;--awb-flex-wrap:wrap;\" ><div class=\"fusion-builder-row fusion-row fusion-flex-align-items-flex-start fusion-flex-content-wrap\" style=\"width:104% !important;max-width:104% !important;margin-left: calc(-4% \/ 2 );margin-right: calc(-4% \/ 2 );\"><div class=\"fusion-layout-column fusion_builder_column fusion-builder-column-55 fusion_builder_column_1_1 1_1 fusion-flex-column\" style=\"--awb-bg-size:cover;--awb-width-large:100%;--awb-margin-top-large:0px;--awb-spacing-right-large:1.92%;--awb-margin-bottom-large:0px;--awb-spacing-left-large:1.92%;--awb-width-medium:100%;--awb-spacing-right-medium:1.92%;--awb-spacing-left-medium:1.92%;--awb-width-small:100%;--awb-spacing-right-small:1.92%;--awb-spacing-left-small:1.92%;\"><div class=\"fusion-column-wrapper fusion-column-has-shadow fusion-flex-justify-content-flex-start fusion-content-layout-column\"><div class=\"accordian fusion-accordian\" style=\"--awb-border-size:1px;--awb-icon-size:13px;--awb-content-font-size:18px;--awb-icon-alignment:left;--awb-hover-color:#f9f9f9;--awb-border-color:#cccccc;--awb-background-color:#ffffff;--awb-divider-color:#e0dede;--awb-divider-hover-color:#e0dede;--awb-icon-color:#ffffff;--awb-title-color:#333333;--awb-content-color:#737373;--awb-icon-box-color:#333333;--awb-toggle-hover-accent-color:#ffffff;--awb-title-font-family:&quot;Lato&quot;;--awb-title-font-weight:700;--awb-title-font-style:normal;--awb-title-font-size:13px;--awb-content-font-family:&quot;Lato&quot;;--awb-content-font-style:normal;--awb-content-font-weight:400;\"><div class=\"panel-group fusion-toggle-icon-boxed\" id=\"accordion-5715-1\"><div class=\"fusion-panel panel-default panel-38677aafeee9e7c94 fusion-toggle-no-divider\"><div class=\"panel-heading\"><h4 class=\"panel-title toggle\" id=\"toggle_38677aafeee9e7c94\"><a aria-expanded=\"false\" aria-controls=\"38677aafeee9e7c94\" role=\"button\" data-toggle=\"collapse\" data-parent=\"#accordion-5715-1\" data-target=\"#38677aafeee9e7c94\" href=\"#38677aafeee9e7c94\"><span class=\"fusion-toggle-icon-wrapper\" aria-hidden=\"true\"><i class=\"fa-fusion-box active-icon awb-icon-minus\" aria-hidden=\"true\"><\/i><i class=\"fa-fusion-box inactive-icon awb-icon-plus\" aria-hidden=\"true\"><\/i><\/span><span class=\"fusion-toggle-heading\">Quin tipus d'ortod\u00f2ncia \u00e9s millor per a mi?<\/span><\/a><\/h4><\/div><div id=\"38677aafeee9e7c94\" class=\"panel-collapse collapse \" aria-labelledby=\"toggle_38677aafeee9e7c94\"><div class=\"panel-body toggle-content fusion-clearfix\">\n<p>Dep\u00e8n de cada cas i pacient, \u00e9s a dir, del moviment dental que haguem d\u2019aconseguir. Per corregir anomalies en la forma o posici\u00f3 de les dents podem aplicar diferents tipus d&#8217;aparells segons sigui la for\u00e7a i la t\u00e8cnica necess\u00e0ries. Per exemple, l&#8217;ortod\u00f2ncia fixa amb br\u00e0quets visibles \u00e9s habitual en nens, mentre que l&#8217;ortod\u00f2ncia invisible Invisalign \u00e9s ideal per tractar problemes dentals en pacients que valoren mantenir la seva est\u00e8tica durant el tractament.<\/p>\n<\/div><\/div><\/div><div class=\"fusion-panel panel-default panel-7dc954ebc7c9694cc fusion-toggle-no-divider\"><div class=\"panel-heading\"><h4 class=\"panel-title toggle\" id=\"toggle_7dc954ebc7c9694cc\"><a aria-expanded=\"false\" aria-controls=\"7dc954ebc7c9694cc\" role=\"button\" data-toggle=\"collapse\" data-parent=\"#accordion-5715-1\" data-target=\"#7dc954ebc7c9694cc\" href=\"#7dc954ebc7c9694cc\"><span class=\"fusion-toggle-icon-wrapper\" aria-hidden=\"true\"><i class=\"fa-fusion-box active-icon awb-icon-minus\" aria-hidden=\"true\"><\/i><i class=\"fa-fusion-box inactive-icon awb-icon-plus\" aria-hidden=\"true\"><\/i><\/span><span class=\"fusion-toggle-heading\">Fa mal el tractament d'ortod\u00f2ncia? <\/span><\/a><\/h4><\/div><div id=\"7dc954ebc7c9694cc\" class=\"panel-collapse collapse \" aria-labelledby=\"toggle_7dc954ebc7c9694cc\"><div class=\"panel-body toggle-content fusion-clearfix\">\n<p>No. Podem parlar d\u2019algunes mol\u00e8sties els primers dies de tractament, sobretot en els tipus d&#8217;ortod\u00f2ncia que exerceixen m\u00e9s pressi\u00f3 a les dents, per\u00f2 no de dolor. Avui dia qualsevol tractament d&#8217;ortod\u00f2ncia es basa en la comoditat del pacient.<\/p>\n<\/div><\/div><\/div><div class=\"fusion-panel panel-default panel-8db2d27f478c2e07d fusion-toggle-no-divider\"><div class=\"panel-heading\"><h4 class=\"panel-title toggle\" id=\"toggle_8db2d27f478c2e07d\"><a aria-expanded=\"false\" aria-controls=\"8db2d27f478c2e07d\" role=\"button\" data-toggle=\"collapse\" data-parent=\"#accordion-5715-1\" data-target=\"#8db2d27f478c2e07d\" href=\"#8db2d27f478c2e07d\"><span class=\"fusion-toggle-icon-wrapper\" aria-hidden=\"true\"><i class=\"fa-fusion-box active-icon awb-icon-minus\" aria-hidden=\"true\"><\/i><i class=\"fa-fusion-box inactive-icon awb-icon-plus\" aria-hidden=\"true\"><\/i><\/span><span class=\"fusion-toggle-heading\">El meu dentista pot realitzar-me un tractament d'ortod\u00f2ncia? <\/span><\/a><\/h4><\/div><div id=\"8db2d27f478c2e07d\" class=\"panel-collapse collapse \" aria-labelledby=\"toggle_8db2d27f478c2e07d\"><div class=\"panel-body toggle-content fusion-clearfix\">\n<p>No \u00e9s el mateix un dentista que un ortodoncista. L&#8217;ortodoncista est\u00e0 especialitzat en ortod\u00f2ncia i pot garantir un nivell de resultats molt superior. Per tant, si necessites un tractament d&#8217;ortod\u00f2ncia a Barcelona, has d&#8217;assegurar-te de posar-te en mans d&#8217;un ortodoncista titulat amb un m\u00e0ster en ortod\u00f2ncia d&#8217;una durada de 3 anys de dedicaci\u00f3 exclusiva i amb altes certificacions en la mena d&#8217;ortod\u00f2ncia que et realitzar\u00e0s (M\u00e0ster d&#8217;ortod\u00f2ncia per la Universitat Internacional de Catalunya acreditat per la Network of Erasmus Based European Orthodontic Programs &#8211; NEBEOP).<\/p>\n<\/div><\/div><\/div><div class=\"fusion-panel panel-default panel-54410e22c5c7e781f fusion-toggle-no-divider\" style=\"--awb-title-color:#333333;--awb-content-color:#737373;\"><div class=\"panel-heading\"><h4 class=\"panel-title toggle\" id=\"toggle_54410e22c5c7e781f\"><a aria-expanded=\"false\" aria-controls=\"54410e22c5c7e781f\" role=\"button\" data-toggle=\"collapse\" data-parent=\"#accordion-5715-1\" data-target=\"#54410e22c5c7e781f\" href=\"#54410e22c5c7e781f\"><span class=\"fusion-toggle-icon-wrapper\" aria-hidden=\"true\"><i class=\"fa-fusion-box active-icon awb-icon-minus\" aria-hidden=\"true\"><\/i><i class=\"fa-fusion-box inactive-icon awb-icon-plus\" aria-hidden=\"true\"><\/i><\/span><span class=\"fusion-toggle-heading\">A Ortodoncia Tres Torres nom\u00e9s us dediqueu a l'ortod\u00f2ncia?<\/span><\/a><\/h4><\/div><div id=\"54410e22c5c7e781f\" class=\"panel-collapse collapse \" aria-labelledby=\"toggle_54410e22c5c7e781f\"><div class=\"panel-body toggle-content fusion-clearfix\">\n<p>S\u00ed, ens dediquem en exclusiva a l&#8217;<b>ortod\u00f2ncia a Barcelona<\/b> sense fer cap altre tipus de tractament. Des de 2005 hem realitzat m\u00e9s de 5.000 tractaments a la nostra cl\u00ednica. Pel que fa a l&#8217;ortod\u00f2ncia Invisalign disposem de la certificaci\u00f3 <strong>Invisalign Diamond APEX Provider que \u00e9s la m\u00e0xima categoria a nivell mundial<\/strong> que reben aquells ortodoncistas que realitzen m\u00e9s de 200 tractaments Invisalign a l&#8217;any.<\/p>\n<\/div><\/div><\/div><div class=\"fusion-panel panel-default panel-3d09f391522b5b635 fusion-toggle-no-divider\"><div class=\"panel-heading\"><h4 class=\"panel-title toggle\" id=\"toggle_3d09f391522b5b635\"><a aria-expanded=\"false\" aria-controls=\"3d09f391522b5b635\" role=\"button\" data-toggle=\"collapse\" data-parent=\"#accordion-5715-1\" data-target=\"#3d09f391522b5b635\" href=\"#3d09f391522b5b635\"><span class=\"fusion-toggle-icon-wrapper\" aria-hidden=\"true\"><i class=\"fa-fusion-box active-icon awb-icon-minus\" aria-hidden=\"true\"><\/i><i class=\"fa-fusion-box inactive-icon awb-icon-plus\" aria-hidden=\"true\"><\/i><\/span><span class=\"fusion-toggle-heading\">Com puc veure si necessito ortod\u00f2ncia? <\/span><\/a><\/h4><\/div><div id=\"3d09f391522b5b635\" class=\"panel-collapse collapse \" aria-labelledby=\"toggle_3d09f391522b5b635\"><div class=\"panel-body toggle-content fusion-clearfix\">\n<p>Per a veure si necessites ortod\u00f2ncia el correcte \u00e9s que et visiti un ortodoncista. Per\u00f2 pots adonar-te que probablement necessitis tractar-te si es d\u00f3na algun d&#8217;aquests casos:<\/p>\n<ul>\n<li>Les dents frontals superiors sobresurten per sobre dels inferiors.<\/li>\n<li>En mossegar les dents frontals superiors cobreixen als inferiors.<\/li>\n<li>Tens les dents frontals superiors per darrere dels inferiors.<\/li>\n<li>Les dents frontals superiors i inferiors no entren en contacte quan mossegues.<\/li>\n<li>Les teves dents estan apinyades.<\/li>\n<li>Tens problemes en mastegar.<\/li>\n<li>Notes que se&#8217;t desgasten molt les dents.<\/li>\n<li>En mastegar tens la sensaci\u00f3 que el maxil\u00b7lar inferior es va per a un costat.<\/li>\n<li>Tens espais entre les dents.<\/li>\n<li>Quan els nens segueixen xuclant-se el dit despr\u00e9s dels 6 anys o tenen mossegada creuada.<\/li>\n<\/ul>\n<\/div><\/div><\/div><div class=\"fusion-panel panel-default panel-903232bd25b96eb30 fusion-toggle-no-divider\"><div class=\"panel-heading\"><h4 class=\"panel-title toggle\" id=\"toggle_903232bd25b96eb30\"><a aria-expanded=\"false\" aria-controls=\"903232bd25b96eb30\" role=\"button\" data-toggle=\"collapse\" data-parent=\"#accordion-5715-1\" data-target=\"#903232bd25b96eb30\" href=\"#903232bd25b96eb30\"><span class=\"fusion-toggle-icon-wrapper\" aria-hidden=\"true\"><i class=\"fa-fusion-box active-icon awb-icon-minus\" aria-hidden=\"true\"><\/i><i class=\"fa-fusion-box inactive-icon awb-icon-plus\" aria-hidden=\"true\"><\/i><\/span><span class=\"fusion-toggle-heading\">En qu\u00e8 consisteix la primera visita?<\/span><\/a><\/h4><\/div><div id=\"903232bd25b96eb30\" class=\"panel-collapse collapse \" aria-labelledby=\"toggle_903232bd25b96eb30\"><div class=\"panel-body toggle-content fusion-clearfix\">\n<p>A la primera visita d&#8217;uns 45 minuts realitzem fotos\u00a0extraorals\u00a0i intraorals i un examen cl\u00ednic per evaluar la maloclusi\u00f3. Amb el diagn\u00f2stic a la m\u00e0 estem en disposici\u00f3 de plantejar-te els problemes apreciats a les teves dents, ossos i cara, i la manera de resoldre&#8217;ls mitjan\u00e7ant l&#8217;ortod\u00f2ncia.<\/p>\n<\/div><\/div><\/div><div class=\"fusion-panel panel-default panel-799924409d187c7eb fusion-toggle-no-divider\"><div class=\"panel-heading\"><h4 class=\"panel-title toggle\" id=\"toggle_799924409d187c7eb\"><a aria-expanded=\"false\" aria-controls=\"799924409d187c7eb\" role=\"button\" data-toggle=\"collapse\" data-parent=\"#accordion-5715-1\" data-target=\"#799924409d187c7eb\" href=\"#799924409d187c7eb\"><span class=\"fusion-toggle-icon-wrapper\" aria-hidden=\"true\"><i class=\"fa-fusion-box active-icon awb-icon-minus\" aria-hidden=\"true\"><\/i><i class=\"fa-fusion-box inactive-icon awb-icon-plus\" aria-hidden=\"true\"><\/i><\/span><span class=\"fusion-toggle-heading\">Haig de pagar la primera visita?<\/span><\/a><\/h4><\/div><div id=\"799924409d187c7eb\" class=\"panel-collapse collapse \" aria-labelledby=\"toggle_799924409d187c7eb\"><div class=\"panel-body toggle-content fusion-clearfix\">\n<p>A Ortodoncia Tres Torres <strong>no pagar\u00e0s la primera visita<\/strong> de reconeixement. Quan tinguem el diagn\u00f2stic t&#8217;informarem sobre el preu tancat del teu tractament.<\/p>\n<\/div><\/div><\/div><div class=\"fusion-panel panel-default panel-2270e5304e8764b2b fusion-toggle-no-divider\"><div class=\"panel-heading\"><h4 class=\"panel-title toggle\" id=\"toggle_2270e5304e8764b2b\"><a aria-expanded=\"false\" aria-controls=\"2270e5304e8764b2b\" role=\"button\" data-toggle=\"collapse\" data-parent=\"#accordion-5715-1\" data-target=\"#2270e5304e8764b2b\" href=\"#2270e5304e8764b2b\"><span class=\"fusion-toggle-icon-wrapper\" aria-hidden=\"true\"><i class=\"fa-fusion-box active-icon awb-icon-minus\" aria-hidden=\"true\"><\/i><i class=\"fa-fusion-box inactive-icon awb-icon-plus\" aria-hidden=\"true\"><\/i><\/span><span class=\"fusion-toggle-heading\">Puc finan\u00e7ar el meu tractament d'ortod\u00f2ncia sense pagar interessos? <\/span><\/a><\/h4><\/div><div id=\"2270e5304e8764b2b\" class=\"panel-collapse collapse \" aria-labelledby=\"toggle_2270e5304e8764b2b\"><div class=\"panel-body toggle-content fusion-clearfix\">\n<p>A Ortodoncia Tres Torres Barcelona <strong>t&#8217;oferim finan\u00e7ar el tractament sense pagar interessos<\/strong> i en c\u00f2modes mensualitats.<\/p>\n<\/div><\/div><\/div><div class=\"fusion-panel panel-default panel-4108b20f3832fe7fb fusion-toggle-no-divider\"><div class=\"panel-heading\"><h4 class=\"panel-title toggle\" id=\"toggle_4108b20f3832fe7fb\"><a aria-expanded=\"false\" aria-controls=\"4108b20f3832fe7fb\" role=\"button\" data-toggle=\"collapse\" data-parent=\"#accordion-5715-1\" data-target=\"#4108b20f3832fe7fb\" href=\"#4108b20f3832fe7fb\"><span class=\"fusion-toggle-icon-wrapper\" aria-hidden=\"true\"><i class=\"fa-fusion-box active-icon awb-icon-minus\" aria-hidden=\"true\"><\/i><i class=\"fa-fusion-box inactive-icon awb-icon-plus\" aria-hidden=\"true\"><\/i><\/span><span class=\"fusion-toggle-heading\">Sempre m\u2019atendr\u00e0 el mateix doctor? <\/span><\/a><\/h4><\/div><div id=\"4108b20f3832fe7fb\" class=\"panel-collapse collapse \" aria-labelledby=\"toggle_4108b20f3832fe7fb\"><div class=\"panel-body toggle-content fusion-clearfix\">\n<p>S\u00ed. El doctor ortodoncista que porti el teu cas des del principi t\u2019atendr\u00e0 personalment durant tot el tractament i sempre estar\u00e0 a la teva disposici\u00f3 per a resoldre qualsevol dubte que et puguis plantejar.<\/p>\n<\/div><\/div><\/div><div class=\"fusion-panel panel-default panel-3df399eca3740d635 fusion-toggle-no-divider\"><div class=\"panel-heading\"><h4 class=\"panel-title toggle\" id=\"toggle_3df399eca3740d635\"><a aria-expanded=\"false\" aria-controls=\"3df399eca3740d635\" role=\"button\" data-toggle=\"collapse\" data-parent=\"#accordion-5715-1\" data-target=\"#3df399eca3740d635\" href=\"#3df399eca3740d635\"><span class=\"fusion-toggle-icon-wrapper\" aria-hidden=\"true\"><i class=\"fa-fusion-box active-icon awb-icon-minus\" aria-hidden=\"true\"><\/i><i class=\"fa-fusion-box inactive-icon awb-icon-plus\" aria-hidden=\"true\"><\/i><\/span><span class=\"fusion-toggle-heading\">Quantes vegades haur\u00e9 d\u2019anar a la cl\u00ednica durant el meu tractament?<\/span><\/a><\/h4><\/div><div id=\"3df399eca3740d635\" class=\"panel-collapse collapse \" aria-labelledby=\"toggle_3df399eca3740d635\"><div class=\"panel-body toggle-content fusion-clearfix\">\n<p>Dep\u00e8n del tractament, per\u00f2 com a mitjana haur\u00e0s d&#8217;anar a la cl\u00ednica entre 10 i 15 vegades durant l&#8217;any \/ any i mig de tractament. Les visites de control s\u00f3n cada 6 setmanes per regla general i en els tractaments amb Invisalign \u00e9s possible concertar-les perqu\u00e8 siguin virtuals mitjan\u00e7ant Skype per als pacients que viuen fora de Barcelona.<\/p>\n<\/div><\/div><\/div><div class=\"fusion-panel panel-default panel-41a645583913175ac fusion-toggle-no-divider\"><div class=\"panel-heading\"><h4 class=\"panel-title toggle\" id=\"toggle_41a645583913175ac\"><a aria-expanded=\"false\" aria-controls=\"41a645583913175ac\" role=\"button\" data-toggle=\"collapse\" data-parent=\"#accordion-5715-1\" data-target=\"#41a645583913175ac\" href=\"#41a645583913175ac\"><span class=\"fusion-toggle-icon-wrapper\" aria-hidden=\"true\"><i class=\"fa-fusion-box active-icon awb-icon-minus\" aria-hidden=\"true\"><\/i><i class=\"fa-fusion-box inactive-icon awb-icon-plus\" aria-hidden=\"true\"><\/i><\/span><span class=\"fusion-toggle-heading\">Puc veure una predicci\u00f3 del resultat final del tractament?<\/span><\/a><\/h4><\/div><div id=\"41a645583913175ac\" class=\"panel-collapse collapse \" aria-labelledby=\"toggle_41a645583913175ac\"><div class=\"panel-body toggle-content fusion-clearfix\">\n<p><strong>Et presentarem un abans i un despr\u00e9s del teu tractament d&#8217;ortod\u00f2ncia<\/strong>. La millor manera d&#8217;oferir un tractament d&#8217;ortod\u00f2ncia d&#8217;alta qualitat \u00e9s una acurada planificaci\u00f3 mitjan\u00e7ant un pla de tractament personalitzat que no posi en risc la teva salut dental. Per a poder realitzar el diagn\u00f2stic m\u00e9s prec\u00eds i aix\u00ed obtenir el millor resultat possible digitalitzem tots els processos utilitzant equips de radiologia, escanejat intraoral i impressi\u00f3 3D d&#8217;\u00faltima generaci\u00f3. Amb aquestes avan\u00e7ades eines podem mostrar-te una previsualitzaci\u00f3 del resultat final del tractament.<\/p>\n<\/div><\/div><\/div><\/div><\/div><\/div><\/div><\/div><\/div><div class=\"fusion-fullwidth fullwidth-box fusion-builder-row-20 fusion-flex-container hundred-percent-fullwidth non-hundred-percent-height-scrolling fusion-no-medium-visibility fusion-no-large-visibility\" style=\"--awb-border-radius-top-left:0px;--awb-border-radius-top-right:0px;--awb-border-radius-bottom-right:0px;--awb-border-radius-bottom-left:0px;--awb-padding-right:20px;--awb-padding-left:20px;--awb-flex-wrap:wrap;\" ><div class=\"fusion-builder-row fusion-row fusion-flex-align-items-flex-start fusion-flex-content-wrap\" style=\"width:104% !important;max-width:104% !important;margin-left: calc(-4% \/ 2 );margin-right: calc(-4% \/ 2 );\"><div class=\"fusion-layout-column fusion_builder_column fusion-builder-column-56 fusion_builder_column_1_1 1_1 fusion-flex-column\" style=\"--awb-bg-size:cover;--awb-width-large:100%;--awb-margin-top-large:0px;--awb-spacing-right-large:1.92%;--awb-margin-bottom-large:0px;--awb-spacing-left-large:1.92%;--awb-width-medium:100%;--awb-spacing-right-medium:1.92%;--awb-spacing-left-medium:1.92%;--awb-width-small:100%;--awb-spacing-right-small:1.92%;--awb-spacing-left-small:1.92%;\"><div class=\"fusion-column-wrapper fusion-column-has-shadow fusion-flex-justify-content-flex-start fusion-content-layout-column\"><div class=\"accordian fusion-accordian\" style=\"--awb-border-size:1px;--awb-icon-size:13px;--awb-content-font-size:18px;--awb-icon-alignment:left;--awb-hover-color:#f9f9f9;--awb-border-color:#cccccc;--awb-background-color:#ffffff;--awb-divider-color:#e0dede;--awb-divider-hover-color:#e0dede;--awb-icon-color:#ffffff;--awb-title-color:#333333;--awb-content-color:#737373;--awb-icon-box-color:#333333;--awb-toggle-hover-accent-color:#ffffff;--awb-title-font-family:&quot;Lato&quot;;--awb-title-font-weight:700;--awb-title-font-style:normal;--awb-title-font-size:13px;--awb-content-font-family:&quot;Lato&quot;;--awb-content-font-style:normal;--awb-content-font-weight:400;\"><div class=\"panel-group fusion-toggle-icon-boxed\" id=\"accordion-5715-2\"><div class=\"fusion-panel panel-default panel-cb16365e9df070977 fusion-toggle-no-divider\"><div class=\"panel-heading\"><h4 class=\"panel-title toggle\" id=\"toggle_cb16365e9df070977\"><a aria-expanded=\"false\" aria-controls=\"cb16365e9df070977\" role=\"button\" data-toggle=\"collapse\" data-parent=\"#accordion-5715-2\" data-target=\"#cb16365e9df070977\" href=\"#cb16365e9df070977\"><span class=\"fusion-toggle-icon-wrapper\" aria-hidden=\"true\"><i class=\"fa-fusion-box active-icon awb-icon-minus\" aria-hidden=\"true\"><\/i><i class=\"fa-fusion-box inactive-icon awb-icon-plus\" aria-hidden=\"true\"><\/i><\/span><span class=\"fusion-toggle-heading\">Quin tipus d'ortod\u00f2ncia \u00e9s millor per a mi?<\/span><\/a><\/h4><\/div><div id=\"cb16365e9df070977\" class=\"panel-collapse collapse \" aria-labelledby=\"toggle_cb16365e9df070977\"><div class=\"panel-body toggle-content fusion-clearfix\">\n<p>Dep\u00e8n de cada cas i pacient, \u00e9s a dir, del moviment dental que haguem d\u2019aconseguir. Per corregir anomalies en la forma o posici\u00f3 de les dents podem aplicar diferents tipus d&#8217;aparells segons sigui la for\u00e7a i la t\u00e8cnica necess\u00e0ries. Per exemple, l&#8217;ortod\u00f2ncia fixa amb br\u00e0quets visibles \u00e9s habitual en nens, mentre que l&#8217;ortod\u00f2ncia invisible Invisalign \u00e9s ideal per tractar problemes dentals en pacients que valoren mantenir la seva est\u00e8tica durant el tractament.<\/p>\n<\/div><\/div><\/div><div class=\"fusion-panel panel-default panel-3b225f7e78e7ba51c fusion-toggle-no-divider\"><div class=\"panel-heading\"><h4 class=\"panel-title toggle\" id=\"toggle_3b225f7e78e7ba51c\"><a aria-expanded=\"false\" aria-controls=\"3b225f7e78e7ba51c\" role=\"button\" data-toggle=\"collapse\" data-parent=\"#accordion-5715-2\" data-target=\"#3b225f7e78e7ba51c\" href=\"#3b225f7e78e7ba51c\"><span class=\"fusion-toggle-icon-wrapper\" aria-hidden=\"true\"><i class=\"fa-fusion-box active-icon awb-icon-minus\" aria-hidden=\"true\"><\/i><i class=\"fa-fusion-box inactive-icon awb-icon-plus\" aria-hidden=\"true\"><\/i><\/span><span class=\"fusion-toggle-heading\">Fa mal el tractament d'ortod\u00f2ncia? <\/span><\/a><\/h4><\/div><div id=\"3b225f7e78e7ba51c\" class=\"panel-collapse collapse \" aria-labelledby=\"toggle_3b225f7e78e7ba51c\"><div class=\"panel-body toggle-content fusion-clearfix\">\n<p>No. Podem parlar d\u2019algunes mol\u00e8sties els primers dies de tractament, sobretot en els tipus d&#8217;ortod\u00f2ncia que exerceixen m\u00e9s pressi\u00f3 a les dents, per\u00f2 no de dolor. Avui dia qualsevol tractament d&#8217;ortod\u00f2ncia es basa en la comoditat del pacient.<\/p>\n<\/div><\/div><\/div><div class=\"fusion-panel panel-default panel-6db58eb2a69762827 fusion-toggle-no-divider\"><div class=\"panel-heading\"><h4 class=\"panel-title toggle\" id=\"toggle_6db58eb2a69762827\"><a aria-expanded=\"false\" aria-controls=\"6db58eb2a69762827\" role=\"button\" data-toggle=\"collapse\" data-parent=\"#accordion-5715-2\" data-target=\"#6db58eb2a69762827\" href=\"#6db58eb2a69762827\"><span class=\"fusion-toggle-icon-wrapper\" aria-hidden=\"true\"><i class=\"fa-fusion-box active-icon awb-icon-minus\" aria-hidden=\"true\"><\/i><i class=\"fa-fusion-box inactive-icon awb-icon-plus\" aria-hidden=\"true\"><\/i><\/span><span class=\"fusion-toggle-heading\">El meu dentista pot realitzar-me un tractament d'ortod\u00f2ncia? <\/span><\/a><\/h4><\/div><div id=\"6db58eb2a69762827\" class=\"panel-collapse collapse \" aria-labelledby=\"toggle_6db58eb2a69762827\"><div class=\"panel-body toggle-content fusion-clearfix\">\n<p>No \u00e9s el mateix un dentista que un ortodoncista. L&#8217;ortodoncista est\u00e0 especialitzat en ortod\u00f2ncia i pot garantir un nivell de resultats molt superior. Per tant, si necessites un tractament d&#8217;ortod\u00f2ncia a Barcelona, has d&#8217;assegurar-te de posar-te en mans d&#8217;un ortodoncista titulat amb un m\u00e0ster en ortod\u00f2ncia d&#8217;una durada de 3 anys de dedicaci\u00f3 exclusiva i amb altes certificacions en la mena d&#8217;ortod\u00f2ncia que et realitzar\u00e0s (M\u00e0ster d&#8217;ortod\u00f2ncia per la Universitat Internacional de Catalunya acreditat per la Network of Erasmus Based European Orthodontic Programs &#8211; NEBEOP).<\/p>\n<\/div><\/div><\/div><div class=\"fusion-panel panel-default panel-753a3b7f615545a5d fusion-toggle-no-divider\" style=\"--awb-title-color:#333333;--awb-content-color:#737373;\"><div class=\"panel-heading\"><h4 class=\"panel-title toggle\" id=\"toggle_753a3b7f615545a5d\"><a aria-expanded=\"false\" aria-controls=\"753a3b7f615545a5d\" role=\"button\" data-toggle=\"collapse\" data-parent=\"#accordion-5715-2\" data-target=\"#753a3b7f615545a5d\" href=\"#753a3b7f615545a5d\"><span class=\"fusion-toggle-icon-wrapper\" aria-hidden=\"true\"><i class=\"fa-fusion-box active-icon awb-icon-minus\" aria-hidden=\"true\"><\/i><i class=\"fa-fusion-box inactive-icon awb-icon-plus\" aria-hidden=\"true\"><\/i><\/span><span class=\"fusion-toggle-heading\">A Ortodoncia Tres Torres nom\u00e9s us dediqueu a l'ortod\u00f2ncia?<\/span><\/a><\/h4><\/div><div id=\"753a3b7f615545a5d\" class=\"panel-collapse collapse \" aria-labelledby=\"toggle_753a3b7f615545a5d\"><div class=\"panel-body toggle-content fusion-clearfix\">\n<p>S\u00ed, ens dediquem en exclusiva a l&#8217;<b>ortod\u00f2ncia a Barcelona<\/b> sense fer cap altre tipus de tractament. Des de 2005 hem realitzat m\u00e9s de 5.000 tractaments a la nostra cl\u00ednica. Pel que fa a l&#8217;ortod\u00f2ncia Invisalign disposem de la <strong>certificaci\u00f3 Invisalign Diamond APEX Provider que \u00e9s la m\u00e0xima categoria a nivell mundia<\/strong>l que reben aquells ortodoncistas que realitzen m\u00e9s de 200 tractaments Invisalign a l&#8217;any.<\/p>\n<\/div><\/div><\/div><div class=\"fusion-panel panel-default panel-69f34579d71c6c341 fusion-toggle-no-divider\"><div class=\"panel-heading\"><h4 class=\"panel-title toggle\" id=\"toggle_69f34579d71c6c341\"><a aria-expanded=\"false\" aria-controls=\"69f34579d71c6c341\" role=\"button\" data-toggle=\"collapse\" data-parent=\"#accordion-5715-2\" data-target=\"#69f34579d71c6c341\" href=\"#69f34579d71c6c341\"><span class=\"fusion-toggle-icon-wrapper\" aria-hidden=\"true\"><i class=\"fa-fusion-box active-icon awb-icon-minus\" aria-hidden=\"true\"><\/i><i class=\"fa-fusion-box inactive-icon awb-icon-plus\" aria-hidden=\"true\"><\/i><\/span><span class=\"fusion-toggle-heading\">Com puc veure si necessito ortod\u00f2ncia? <\/span><\/a><\/h4><\/div><div id=\"69f34579d71c6c341\" class=\"panel-collapse collapse \" aria-labelledby=\"toggle_69f34579d71c6c341\"><div class=\"panel-body toggle-content fusion-clearfix\">\n<p>Per a veure si necessites ortod\u00f2ncia el correcte \u00e9s que et visiti un ortodoncista. Per\u00f2 pots adonar-te que probablement necessitis tractar-te si es d\u00f3na algun d&#8217;aquests casos:<\/p>\n<ul>\n<li>Les dents frontals superiors sobresurten per sobre dels inferiors.<\/li>\n<li>En mossegar les dents frontals superiors cobreixen als inferiors.<\/li>\n<li>Tens les dents frontals superiors per darrere dels inferiors.<\/li>\n<li>Les dents frontals superiors i inferiors no entren en contacte quan mossegues.<\/li>\n<li>Les teves dents estan apinyades.<\/li>\n<li>Tens problemes en mastegar.<\/li>\n<li>Notes que se&#8217;t desgasten molt les dents.<\/li>\n<li>En mastegar tens la sensaci\u00f3 que el maxil\u00b7lar inferior es va per a un costat.<\/li>\n<li>Tens espais entre les dents.<\/li>\n<li>Quan els nens segueixen xuclant-se el dit despr\u00e9s dels 6 anys o tenen mossegada creuada.<\/li>\n<\/ul>\n<\/div><\/div><\/div><div class=\"fusion-panel panel-default panel-41e382444e2f6148e fusion-toggle-no-divider\"><div class=\"panel-heading\"><h4 class=\"panel-title toggle\" id=\"toggle_41e382444e2f6148e\"><a aria-expanded=\"false\" aria-controls=\"41e382444e2f6148e\" role=\"button\" data-toggle=\"collapse\" data-parent=\"#accordion-5715-2\" data-target=\"#41e382444e2f6148e\" href=\"#41e382444e2f6148e\"><span class=\"fusion-toggle-icon-wrapper\" aria-hidden=\"true\"><i class=\"fa-fusion-box active-icon awb-icon-minus\" aria-hidden=\"true\"><\/i><i class=\"fa-fusion-box inactive-icon awb-icon-plus\" aria-hidden=\"true\"><\/i><\/span><span class=\"fusion-toggle-heading\">En qu\u00e8 consisteix la primera visita?<\/span><\/a><\/h4><\/div><div id=\"41e382444e2f6148e\" class=\"panel-collapse collapse \" aria-labelledby=\"toggle_41e382444e2f6148e\"><div class=\"panel-body toggle-content fusion-clearfix\">\n<p>A la primera visita d&#8217;uns 45 minuts realitzem fotos\u00a0extraorals\u00a0i intraorals i un examen cl\u00ednic per evaluar la maloclusi\u00f3. Amb el diagn\u00f2stic a la m\u00e0 estem en disposici\u00f3 de plantejar-te els problemes apreciats a les teves dents, ossos i cara, i la manera de resoldre&#8217;ls mitjan\u00e7ant l&#8217;ortod\u00f2ncia.<\/p>\n<\/div><\/div><\/div><div class=\"fusion-panel panel-default panel-56e7eab4991e63dbf fusion-toggle-no-divider\"><div class=\"panel-heading\"><h4 class=\"panel-title toggle\" id=\"toggle_56e7eab4991e63dbf\"><a aria-expanded=\"false\" aria-controls=\"56e7eab4991e63dbf\" role=\"button\" data-toggle=\"collapse\" data-parent=\"#accordion-5715-2\" data-target=\"#56e7eab4991e63dbf\" href=\"#56e7eab4991e63dbf\"><span class=\"fusion-toggle-icon-wrapper\" aria-hidden=\"true\"><i class=\"fa-fusion-box active-icon awb-icon-minus\" aria-hidden=\"true\"><\/i><i class=\"fa-fusion-box inactive-icon awb-icon-plus\" aria-hidden=\"true\"><\/i><\/span><span class=\"fusion-toggle-heading\">Haig de pagar la primera visita?<\/span><\/a><\/h4><\/div><div id=\"56e7eab4991e63dbf\" class=\"panel-collapse collapse \" aria-labelledby=\"toggle_56e7eab4991e63dbf\"><div class=\"panel-body toggle-content fusion-clearfix\">\n<p>A Ortodoncia Tres Torres <strong>no pagar\u00e0s la primera visita<\/strong> de reconeixement. Quan tinguem el diagn\u00f2stic t&#8217;informarem sobre el preu tancat del teu tractament.<\/p>\n<\/div><\/div><\/div><div class=\"fusion-panel panel-default panel-65d40a0f8ecfd87a5 fusion-toggle-no-divider\"><div class=\"panel-heading\"><h4 class=\"panel-title toggle\" id=\"toggle_65d40a0f8ecfd87a5\"><a aria-expanded=\"false\" aria-controls=\"65d40a0f8ecfd87a5\" role=\"button\" data-toggle=\"collapse\" data-parent=\"#accordion-5715-2\" data-target=\"#65d40a0f8ecfd87a5\" href=\"#65d40a0f8ecfd87a5\"><span class=\"fusion-toggle-icon-wrapper\" aria-hidden=\"true\"><i class=\"fa-fusion-box active-icon awb-icon-minus\" aria-hidden=\"true\"><\/i><i class=\"fa-fusion-box inactive-icon awb-icon-plus\" aria-hidden=\"true\"><\/i><\/span><span class=\"fusion-toggle-heading\">Puc finan\u00e7ar el meu tractament d'ortod\u00f2ncia sense pagar interessos? <\/span><\/a><\/h4><\/div><div id=\"65d40a0f8ecfd87a5\" class=\"panel-collapse collapse \" aria-labelledby=\"toggle_65d40a0f8ecfd87a5\"><div class=\"panel-body toggle-content fusion-clearfix\">\n<p>A Ortodoncia Tres Torres Barcelona <strong>t&#8217;oferim finan\u00e7ar el tractament sense pagar interessos<\/strong> i en c\u00f2modes mensualitats.<\/p>\n<\/div><\/div><\/div><div class=\"fusion-panel panel-default panel-03e93cd4d69f73d06 fusion-toggle-no-divider\"><div class=\"panel-heading\"><h4 class=\"panel-title toggle\" id=\"toggle_03e93cd4d69f73d06\"><a aria-expanded=\"false\" aria-controls=\"03e93cd4d69f73d06\" role=\"button\" data-toggle=\"collapse\" data-parent=\"#accordion-5715-2\" data-target=\"#03e93cd4d69f73d06\" href=\"#03e93cd4d69f73d06\"><span class=\"fusion-toggle-icon-wrapper\" aria-hidden=\"true\"><i class=\"fa-fusion-box active-icon awb-icon-minus\" aria-hidden=\"true\"><\/i><i class=\"fa-fusion-box inactive-icon awb-icon-plus\" aria-hidden=\"true\"><\/i><\/span><span class=\"fusion-toggle-heading\">Sempre m\u2019atendr\u00e0 el mateix doctor? <\/span><\/a><\/h4><\/div><div id=\"03e93cd4d69f73d06\" class=\"panel-collapse collapse \" aria-labelledby=\"toggle_03e93cd4d69f73d06\"><div class=\"panel-body toggle-content fusion-clearfix\">\n<p>S\u00ed. El doctor ortodoncista que porti el teu cas des del principi t\u2019atendr\u00e0 personalment durant tot el tractament i sempre estar\u00e0 a la teva disposici\u00f3 per a resoldre qualsevol dubte que et puguis plantejar.<\/p>\n<\/div><\/div><\/div><div class=\"fusion-panel panel-default panel-9afbee3968b112cb4 fusion-toggle-no-divider\"><div class=\"panel-heading\"><h4 class=\"panel-title toggle\" id=\"toggle_9afbee3968b112cb4\"><a aria-expanded=\"false\" aria-controls=\"9afbee3968b112cb4\" role=\"button\" data-toggle=\"collapse\" data-parent=\"#accordion-5715-2\" data-target=\"#9afbee3968b112cb4\" href=\"#9afbee3968b112cb4\"><span class=\"fusion-toggle-icon-wrapper\" aria-hidden=\"true\"><i class=\"fa-fusion-box active-icon awb-icon-minus\" aria-hidden=\"true\"><\/i><i class=\"fa-fusion-box inactive-icon awb-icon-plus\" aria-hidden=\"true\"><\/i><\/span><span class=\"fusion-toggle-heading\">Quantes vegades haur\u00e9 d\u2019anar a la cl\u00ednica durant el meu tractament?<\/span><\/a><\/h4><\/div><div id=\"9afbee3968b112cb4\" class=\"panel-collapse collapse \" aria-labelledby=\"toggle_9afbee3968b112cb4\"><div class=\"panel-body toggle-content fusion-clearfix\">\n<p>Dep\u00e8n del tractament, per\u00f2 com a mitjana haur\u00e0s d&#8217;anar a la cl\u00ednica entre 10 i 15 vegades durant l&#8217;any \/ any i mig de tractament. Les visites de control s\u00f3n cada 6 setmanes per regla general i en els tractaments amb Invisalign \u00e9s possible concertar-les perqu\u00e8 siguin virtuals mitjan\u00e7ant Skype per als pacients que viuen fora de Barcelona.<\/p>\n<\/div><\/div><\/div><div class=\"fusion-panel panel-default panel-fa71820482ecb53b3 fusion-toggle-no-divider\"><div class=\"panel-heading\"><h4 class=\"panel-title toggle\" id=\"toggle_fa71820482ecb53b3\"><a aria-expanded=\"false\" aria-controls=\"fa71820482ecb53b3\" role=\"button\" data-toggle=\"collapse\" data-parent=\"#accordion-5715-2\" data-target=\"#fa71820482ecb53b3\" href=\"#fa71820482ecb53b3\"><span class=\"fusion-toggle-icon-wrapper\" aria-hidden=\"true\"><i class=\"fa-fusion-box active-icon awb-icon-minus\" aria-hidden=\"true\"><\/i><i class=\"fa-fusion-box inactive-icon awb-icon-plus\" aria-hidden=\"true\"><\/i><\/span><span class=\"fusion-toggle-heading\">Puc veure una predicci\u00f3 del resultat final del tractament?<\/span><\/a><\/h4><\/div><div id=\"fa71820482ecb53b3\" class=\"panel-collapse collapse \" aria-labelledby=\"toggle_fa71820482ecb53b3\"><div class=\"panel-body toggle-content fusion-clearfix\">\n<p><strong>Et presentarem un abans i un despr\u00e9s del teu tractament d&#8217;ortod\u00f2ncia<\/strong>. La millor manera d&#8217;oferir un tractament d&#8217;ortod\u00f2ncia d&#8217;alta qualitat \u00e9s una acurada planificaci\u00f3 mitjan\u00e7ant un pla de tractament personalitzat que no posi en risc la teva salut dental. Per a poder realitzar el diagn\u00f2stic m\u00e9s prec\u00eds i aix\u00ed obtenir el millor resultat possible digitalitzem tots els processos utilitzant equips de radiologia, escanejat intraoral i impressi\u00f3 3D d&#8217;\u00faltima generaci\u00f3. Amb aquestes avan\u00e7ades eines podem mostrar-te una previsualitzaci\u00f3 del resultat final del tractament.<\/p>\n<\/div><\/div><\/div><\/div><\/div><\/div><\/div><\/div><\/div><div class=\"fusion-fullwidth fullwidth-box fusion-builder-row-21 fusion-flex-container nonhundred-percent-fullwidth non-hundred-percent-height-scrolling\" style=\"--awb-border-radius-top-left:0px;--awb-border-radius-top-right:0px;--awb-border-radius-bottom-right:0px;--awb-border-radius-bottom-left:0px;--awb-flex-wrap:wrap;\" ><div class=\"fusion-builder-row fusion-row fusion-flex-align-items-flex-start fusion-flex-content-wrap\" style=\"max-width:1144px;margin-left: calc(-4% \/ 2 );margin-right: calc(-4% \/ 2 );\"><div class=\"fusion-layout-column fusion_builder_column fusion-builder-column-57 fusion_builder_column_1_1 1_1 fusion-flex-column\" style=\"--awb-bg-size:cover;--awb-width-large:100%;--awb-margin-top-large:0px;--awb-spacing-right-large:1.92%;--awb-margin-bottom-large:0px;--awb-spacing-left-large:1.92%;--awb-width-medium:100%;--awb-order-medium:0;--awb-spacing-right-medium:1.92%;--awb-spacing-left-medium:1.92%;--awb-width-small:100%;--awb-order-small:0;--awb-spacing-right-small:1.92%;--awb-spacing-left-small:1.92%;\"><div class=\"fusion-column-wrapper fusion-column-has-shadow fusion-flex-justify-content-flex-start fusion-content-layout-column\"><script type=\"application\/ld+json\">\n{\n  \"@context\": \"https:\/\/schema.org\",\n  \"@type\": \"FAQPage\",\n  \"mainEntity\": [{\n    \"@type\": \"Question\",\n    \"name\": \"Quin tipus d'ortod\u00f2ncia \u00e9s millor per a mi?\",\n    \"acceptedAnswer\": {\n      \"@type\": \"Answer\",\n      \"text\": \"Dep\u00e8n de cada cas i pacient, \u00e9s a dir, del moviment dental que haguem d\u2019aconseguir. Per corregir anomalies en la forma o posici\u00f3 de les dents podem aplicar diferents tipus d'aparells segons sigui la for\u00e7a i la t\u00e8cnica necess\u00e0ries. Per exemple, l'ortod\u00f2ncia fixa amb brackets visibles \u00e9s habitual en nens, mentre que l'ortod\u00f2ncia invisible Invisalign \u00e9s ideal per tractar problemes dentals en pacients que valoren mantenir la seva est\u00e8tica durant el tractament.\"\n    }\n  },{\n    \"@type\": \"Question\",\n    \"name\": \"Fa mal el tractament d'ortod\u00f2ncia?\",\n    \"acceptedAnswer\": {\n      \"@type\": \"Answer\",\n      \"text\": \"No. Podem parlar d\u2019algunes mol\u00e8sties els primers dies de tractament, sobretot en els tipus d'ortod\u00f2ncia que exerceixen m\u00e9s pressi\u00f3 a les dents, per\u00f2 no de dolor. Avui dia qualsevol tractament d'ortod\u00f2ncia es basa en la comoditat del pacient.\"\n    }\n  },{\n    \"@type\": \"Question\",\n    \"name\": \"El meu dentista pot realitzar-me un tractament d'ortod\u00f2ncia?\",\n    \"acceptedAnswer\": {\n      \"@type\": \"Answer\",\n      \"text\": \"No \u00e9s el mateix un dentista que un ortodoncista. L'ortodoncista est\u00e0 especialitzat en ortod\u00f2ncia i pot garantir un nivell de resultats molt superior. Per tant, si necessites un tractament d'ortod\u00f2ncia a Barcelona, has d'assegurar-te de posar-te en mans d'un ortodoncista titulat amb un m\u00e0ster en ortod\u00f2ncia d'una durada de 3 anys de dedicaci\u00f3 exclusiva i amb altes certificacions en la mena d'ortod\u00f2ncia que et realitzar\u00e0s (M\u00e0ster d'ortod\u00f2ncia per la Universitat Internacional de Catalunya acreditat per la Network of Erasmus Based European Orthodontic Programs - NEBEOP).\"\n    }\n  },{\n    \"@type\": \"Question\",\n    \"name\": \"A Ortod\u00f2ncia Tres Torres nom\u00e9s us dediqueu a l'ortod\u00f2ncia?\",\n    \"acceptedAnswer\": {\n      \"@type\": \"Answer\",\n      \"text\": \"S\u00ed, ens dediquem en exclusiva a l'ortod\u00f2ncia a Barcelona sense fer cap altre tipus de tractament. Des de 2005 hem realitzat m\u00e9s de 5.000 tractaments a la nostra cl\u00ednica. Pel que fa a l'ortod\u00f2ncia\u00a0Invisalign\u00a0disposem de la certificaci\u00f3\u00a0Invisalign\u00a0Diamond II Provider\u00a0que \u00e9s la m\u00e0xima categoria a nivell mundial que reben aquells\u00a0ortodoncistas\u00a0que realitzen m\u00e9s de 200 tractaments\u00a0Invisalign\u00a0a l'any.\"\n    }\n  },{\n    \"@type\": \"Question\",\n    \"name\": \"Com puc veure si necessito ortod\u00f2ncia?\",\n    \"acceptedAnswer\": {\n      \"@type\": \"Answer\",\n      \"text\": \"Per a veure si necessites ortod\u00f2ncia el correcte \u00e9s que et visiti un ortodoncista. Per\u00f2 pots adonar-te que probablement necessitis tractar-te si es d\u00f3na algun d'aquests casos:\n\nLes dents frontals superiors sobresurten per sobre dels inferiors.\nEn mossegar les dents frontals superiors cobreixen als inferiors.\nTens les dents frontals superiors per darrere dels inferiors.\nLes dents frontals superiors i inferiors no entren en contacte quan mossegues.\nLes teves dents estan apinyades.\nTens problemes en mastegar.\nNotes que se't desgasten molt les dents.\nEn mastegar tens la sensaci\u00f3 que el maxil\u00b7lar inferior es va per a un costat.\nTens espais entre les dents.\nQuan els nens segueixen xuclant-se el dit despr\u00e9s dels 6 anys o tenen mossegada creuada.\"\n    }\n  },{\n    \"@type\": \"Question\",\n    \"name\": \"En qu\u00e8 consisteix la primera visita?\",\n    \"acceptedAnswer\": {\n      \"@type\": \"Answer\",\n      \"text\": \"A la primera visita d'uns 45 minuts realitzem fotos\u00a0extraorals\u00a0i intraorals i un examen cl\u00ednic per evaluar la maloclusi\u00f3. Amb el diagn\u00f2stic a la m\u00e0 estem en disposici\u00f3 de plantejar-te els problemes apreciats a les teves dents, ossos i cara, i la manera de resoldre'ls mitjan\u00e7ant l'ortod\u00f2ncia.\"\n    }\n  },{\n    \"@type\": \"Question\",\n    \"name\": \"Haig de pagar la primera visita?\",\n    \"acceptedAnswer\": {\n      \"@type\": \"Answer\",\n      \"text\": \"A Ortod\u00f2ncia Tres Torres no pagar\u00e0s la primera visita de reconeixement. Quan tinguem el diagn\u00f2stic t'informarem sobre el preu tancat del teu tractament.\"\n    }\n  },{\n    \"@type\": \"Question\",\n    \"name\": \"Puc finan\u00e7ar el meu tractament d'ortod\u00f2ncia sense pagar interessos?\",\n    \"acceptedAnswer\": {\n      \"@type\": \"Answer\",\n      \"text\": \"A Ortod\u00f2ncia Tres Torres Barcelona t'oferim finan\u00e7ar el tractament sense pagar interessos i en c\u00f2modes mensualitats.\"\n    }\n  },{\n    \"@type\": \"Question\",\n    \"name\": \"Sempre m\u2019atendr\u00e0 el mateix doctor?\",\n    \"acceptedAnswer\": {\n      \"@type\": \"Answer\",\n      \"text\": \"S\u00ed. El doctor ortodoncista que porti el teu cas des del principi t\u2019atendr\u00e0 personalment durant tot el tractament i sempre estar\u00e0 a la teva disposici\u00f3 per a resoldre qualsevol dubte que puguis plantejar-te.\"\n    }\n  },{\n    \"@type\": \"Question\",\n    \"name\": \"Quantes vegades haur\u00e9 d\u2019anar a la cl\u00ednica durant el meu tractament?\",\n    \"acceptedAnswer\": {\n      \"@type\": \"Answer\",\n      \"text\": \"Dep\u00e8n del tractament, per\u00f2 com a mitjana haur\u00e0s d'anar a la cl\u00ednica entre 10 i 15 vegades durant l'any \/ any i mig de tractament. Les visites de control s\u00f3n cada 6 setmanes per regla general i en els tractaments amb Invisalign \u00e9s possible concertar-les perqu\u00e8 siguin virtuals mitjan\u00e7ant Skype per als pacients que viuen fora de Barcelona.\"\n    }\n  }]\n}\n<\/script><\/div><\/div><\/div><\/div><div class=\"fusion-fullwidth fullwidth-box fusion-builder-row-22 fusion-flex-container has-pattern-background has-mask-background nonhundred-percent-fullwidth non-hundred-percent-height-scrolling fusion-no-small-visibility\" style=\"--awb-border-sizes-top:1px;--awb-border-sizes-bottom:1px;--awb-border-color:#b1c8d0;--awb-border-radius-top-left:0px;--awb-border-radius-top-right:0px;--awb-border-radius-bottom-right:0px;--awb-border-radius-bottom-left:0px;--awb-padding-top:10px;--awb-padding-bottom:30px;--awb-margin-top:15px;--awb-background-color:#f1f5f7;--awb-flex-wrap:wrap;\" id=\"visita\" ><div class=\"fusion-builder-row fusion-row fusion-flex-align-items-flex-start fusion-flex-content-wrap\" style=\"max-width:1144px;margin-left: calc(-4% \/ 2 );margin-right: calc(-4% \/ 2 );\"><div class=\"fusion-layout-column fusion_builder_column fusion-builder-column-58 fusion_builder_column_1_1 1_1 fusion-flex-column fusion-no-small-visibility\" style=\"--awb-bg-size:cover;--awb-width-large:100%;--awb-margin-top-large:0px;--awb-spacing-right-large:1.92%;--awb-margin-bottom-large:0px;--awb-spacing-left-large:1.92%;--awb-width-medium:100%;--awb-order-medium:0;--awb-spacing-right-medium:1.92%;--awb-spacing-left-medium:1.92%;--awb-width-small:100%;--awb-order-small:0;--awb-spacing-right-small:1.92%;--awb-spacing-left-small:1.92%;\"><div class=\"fusion-column-wrapper fusion-column-has-shadow fusion-flex-justify-content-flex-start fusion-content-layout-column\"><div class=\"fusion-title title fusion-title-41 fusion-sep-none fusion-title-center fusion-title-text fusion-title-size-two\" style=\"--awb-text-color:#000000;--awb-margin-top:10px;--awb-margin-bottom:10px;--awb-margin-top-small:0px;--awb-margin-right-small:0px;--awb-margin-bottom-small:20px;--awb-margin-left-small:0px;--awb-font-size:38px;\"><h2 class=\"fusion-title-heading title-heading-center\" style=\"margin:0;font-size:1em;line-height:1em;\"><p style=\"text-align: center;\"><span style=\"color: #32393c;\">TRUCA&#8217;NS <a href=\"tel:+34934142312\"><strong>934 142 312<\/strong><\/a> <\/span>O SI HO PREFEREIXES ET TRUQUEM<\/p><\/h2><\/div><div class=\"fusion-text fusion-text-26\"><p style=\"text-align: center;\"><strong>Demana visita i estudiarem el teu cas sense comprom\u00eds<\/strong>. No haur\u00e0s de pagar res en aquesta 1\u00aa visita<\/p>\n<\/div><div class=\"fusion-separator fusion-full-width-sep\" style=\"align-self: center;margin-left: auto;margin-right: auto;margin-top:0px;margin-bottom:5px;width:100%;\"><div class=\"fusion-separator-border sep-single sep-solid\" style=\"--awb-height:20px;--awb-amount:20px;--awb-sep-color:#b1c8d0;border-color:#b1c8d0;border-top-width:1px;\"><\/div><\/div>\n<div class=\"wpcf7 no-js\" id=\"wpcf7-f7372-o2\" lang=\"en-US\" dir=\"ltr\" data-wpcf7-id=\"7372\">\n<div class=\"screen-reader-response\"><p role=\"status\" aria-live=\"polite\" aria-atomic=\"true\"><\/p> <ul><\/ul><\/div>\n<form action=\"\/ca\/wp-json\/wp\/v2\/pages\/5715#wpcf7-f7372-o2\" method=\"post\" class=\"wpcf7-form init\" aria-label=\"Contact form\" novalidate=\"novalidate\" data-status=\"init\">\n<fieldset class=\"hidden-fields-container\"><input type=\"hidden\" name=\"_wpcf7\" value=\"7372\" \/><input type=\"hidden\" name=\"_wpcf7_version\" value=\"6.1.5\" \/><input type=\"hidden\" name=\"_wpcf7_locale\" value=\"en_US\" \/><input type=\"hidden\" name=\"_wpcf7_unit_tag\" value=\"wpcf7-f7372-o2\" \/><input type=\"hidden\" name=\"_wpcf7_container_post\" value=\"0\" \/><input type=\"hidden\" name=\"_wpcf7_posted_data_hash\" value=\"\" \/><input type=\"hidden\" name=\"_wpcf7_recaptcha_response\" value=\"\" \/>\n<\/fieldset>\n<div style=\"width:80%; margin:auto;\">\n\t<div style=\"width:100%;\" id=\"formulario-preferencia\">\n\t\t<div style=\"width:100%;\">\n\t\t\t<div style=\"float: left; width:33%;\">\n\t\t\t\t<p>Nom<br \/>\n<span class=\"wpcf7-form-control-wrap\" data-name=\"nombre\"><input size=\"40\" maxlength=\"400\" class=\"wpcf7-form-control wpcf7-text wpcf7-validates-as-required\" aria-required=\"true\" aria-invalid=\"false\" value=\"\" type=\"text\" name=\"nombre\" \/><\/span>\n\t\t\t\t<\/p>\n\t\t\t<\/div>\n\t\t\t<div style=\"float: left; width:33%;\">\n\t\t\t\t<p>Tel\u00e8fon<br \/>\n<span class=\"wpcf7-form-control-wrap\" data-name=\"Telfono\"><input size=\"40\" maxlength=\"400\" class=\"wpcf7-form-control wpcf7-text wpcf7-validates-as-required\" aria-required=\"true\" aria-invalid=\"false\" value=\"\" type=\"text\" name=\"Telfono\" \/><\/span>\n\t\t\t\t<\/p>\n\t\t\t<\/div>\n\t\t\t<div style=\"float: left; width:33%;\">\n\t\t\t\t<p>Prefer\u00e8ncies d'horari<br \/>\n<span class=\"wpcf7-form-control-wrap\" data-name=\"your-country\"><span class=\"wpcf7-form-control wpcf7-checkbox wpcf7-validates-as-required\"><span class=\"wpcf7-list-item first\"><label><input type=\"checkbox\" name=\"your-country[]\" value=\"Mat\u00ed\" \/><span class=\"wpcf7-list-item-label\">Mat\u00ed<\/span><\/label><\/span><span class=\"wpcf7-list-item last\"><label><input type=\"checkbox\" name=\"your-country[]\" value=\"Tarda\" \/><span class=\"wpcf7-list-item-label\">Tarda<\/span><\/label><\/span><\/span><\/span>\n\t\t\t\t<\/p>\n\t\t\t<\/div>\n\t\t<\/div>\n\t\t<div style=\"width:100%;\">\n\t\t\t<div style=\"width:48%; text-align: left; float:left; margin-top: 10px;\">\n\t\t\t\t<p><span class=\"wpcf7-form-control-wrap\" data-name=\"politica\"><span class=\"wpcf7-form-control wpcf7-acceptance\"><span class=\"wpcf7-list-item\"><label><input type=\"checkbox\" name=\"politica\" value=\"1\" aria-invalid=\"false\" \/><span class=\"wpcf7-list-item-label\">He llegit i accepto la <a href=\"https:\/\/ortodonciabarcelona.com\/politica-de-privacidad\/\" target=\"_blank\"><strong>pol\u00ed\u00adtica de privacitat<\/strong><\/a> i <a href=\"https:\/\/ortodonciabarcelona.com\/aviso-legal\/\">l\u00b4<strong>av\u00eds legal<\/strong><\/a><\/span><\/label><\/span><\/span><\/span>\n\t\t\t\t<\/p>\n\t\t\t<\/div>\n\t\t\t<div style=\"width:48%; text-align: center; float:right; margin-top: 10px;\">\n\t\t\t\t<p><input class=\"wpcf7-form-control wpcf7-submit has-spinner\" type=\"submit\" value=\"Enviar\" \/>\n\t\t\t\t<\/p>\n\t\t\t<\/div>\n\t\t<\/div>\n\t<\/div>\n<\/div>\n<style>\n#formulario-preferencia .wpcf7-form-control-wrap {\n max-width: fit-content;\n}\n#formulario-preferencia .wpcf7-form-control-wrap.politica {\n width:80%;\n max-width: 80%;\n}\n#formulario-preferencia .wpcf7-form-control-wrap.politica label {\n font-size: 12px;\n}\n#formulario-preferencia > div:nth-child(1) > div:nth-child(2) > span > input,\n#formulario-preferencia > div:nth-child(1) > div:nth-child(1) > span > input {\n width: 230px!important;\n}\n#formulario-preferencia .wpcf7-form-control.wpcf7-submit {\n width: 42%;\n max-width: 42%;\n}\n#formulario-preferencia .wpcf7-form-control-wrap.nombre,\n#formulario-preferencia .wpcf7-form-control-wrap.Telfono {\n max-width: 300px;\n}\n#formulario-preferencia .wpcf7-form-control.wpcf7-submit {\n background-color: #32393c;\n border-radius: 8px;\n}\n#formulario-preferencia > div:nth-child(1) > div:nth-child(3) > span > span > span.wpcf7-list-item.first > label > span,\n#formulario-preferencia > div:nth-child(1) > div:nth-child(3) > span > span > span.wpcf7-list-item.last > label > span {\n margin-left: 4px;\n}\n#formulario-preferencia > div:nth-child(1) > div:nth-child(3) > span > span > span.wpcf7-list-item.last {\n margin-left: 8px;\n}\n#formulario-preferencia > div:nth-child(1) > div:nth-child(3) > span > span > span.wpcf7-list-item.first > label > span,\n#formulario-preferencia > div:nth-child(1) > div:nth-child(3) > span > span > span.wpcf7-list-item.last > label > span {\n font-size:16px;\n}\n#formulario-preferencia .wpcf7-form-control-wrap.your-country span.wpcf7-list-item.first,\n#formulario-preferencia .wpcf7-form-control-wrap.your-country span.wpcf7-list-item.last {\n width: 100px;\n}\n#formulario-preferencia .wpcf7-form-control-wrap.your-country {\n max-width: 100%;\n}\n@media only screen and (min-device-width: 320px) and (max-device-width: 667px) and (orientation: portrait) {\n #formulario-preferencia > div:nth-child(1) > div:nth-child(1),\n #formulario-preferencia > div:nth-child(1) > div:nth-child(2),\n #formulario-preferencia > div:nth-child(1) > div:nth-child(3),\n #formulario-preferencia > div:nth-child(2) > div:nth-child(1),\n #formulario-preferencia > div:nth-child(2) > div:nth-child(2) {\n width:100%!important;\n }\n} \n@media only screen and (min-device-width: 320px) and (max-device-width: 667px) and (orientation: landscape) {\n #formulario-preferencia > div:nth-child(1) > div:nth-child(1),\n #formulario-preferencia > div:nth-child(1) > div:nth-child(2),\n #formulario-preferencia > div:nth-child(1) > div:nth-child(3),\n #formulario-preferencia > div:nth-child(2) > div:nth-child(1),\n #formulario-preferencia > div:nth-child(2) > div:nth-child(2) {\n width:100%!important;\n }\n}\n@media only screen and (min-device-width: 390px) and (max-device-width: 844px) and (orientation: landscape) {\n #formulario-preferencia > div:nth-child(1) > div:nth-child(1),\n #formulario-preferencia > div:nth-child(1) > div:nth-child(2),\n #formulario-preferencia > div:nth-child(1) > div:nth-child(3),\n #formulario-preferencia > div:nth-child(2) > div:nth-child(1),\n #formulario-preferencia > div:nth-child(2) > div:nth-child(2) {\n width:100%!important;\n }\n}\n<\/style><div class=\"fusion-alert alert custom alert-custom fusion-alert-center wpcf7-response-output fusion-alert-capitalize awb-alert-native-link-color alert-dismissable awb-alert-close-boxed\" style=\"--awb-border-size:1px;--awb-border-top-left-radius:0px;--awb-border-top-right-radius:0px;--awb-border-bottom-left-radius:0px;--awb-border-bottom-right-radius:0px;\" role=\"alert\"><div class=\"fusion-alert-content-wrapper\"><span class=\"fusion-alert-content\"><\/span><\/div><button type=\"button\" class=\"close toggle-alert\" data-dismiss=\"alert\" aria-label=\"Close\">&times;<\/button><\/div>\n<\/form>\n<\/div>\n<\/div><\/div><\/div><\/div><\/p>\n","protected":false},"excerpt":{"rendered":"","protected":false},"author":1,"featured_media":0,"parent":0,"menu_order":0,"comment_status":"closed","ping_status":"closed","template":"100-width.php","meta":{"footnotes":""},"class_list":["post-5715","page","type-page","status-publish","hentry"],"yoast_head":"<!-- This site is optimized with the Yoast SEO plugin v27.3 - https:\/\/yoast.com\/product\/yoast-seo-wordpress\/ -->\n<title>\u25b7Ortod\u00f2ncia Barcelona | Especialistes en Ortod\u00f2ncia Barcelona<\/title>\n<meta name=\"description\" content=\"Especialistes en ortod\u00f2ncia a Barcelona: invisible i brackets. Descobreix les millors valoracions com a cl\u00ednica d&#039;ortod\u00f2ncia a Barcelona. \u2705 Visita&#039;ns\" \/>\n<meta name=\"robots\" content=\"index, follow, max-snippet:-1, max-image-preview:large, max-video-preview:-1\" \/>\n<link rel=\"canonical\" href=\"https:\/\/ortodonciabarcelona.com\/ca\/\" \/>\n<meta property=\"og:locale\" content=\"ca_ES\" \/>\n<meta property=\"og:type\" content=\"website\" \/>\n<meta property=\"og:title\" content=\"Ortod\u00f2ncia Barcelona | La teva Millor Ortod\u00f2ncia a Barcelona\" \/>\n<meta property=\"og:description\" content=\"Especialistes en ortod\u00f2ncia a Barcelona: lingual, Invisalign i brackets. A la teva disposici\u00f3 els millors ortodoncistas de Barcelona. Visita&#039;ns!\" \/>\n<meta property=\"og:url\" content=\"https:\/\/ortodonciabarcelona.com\/ca\/\" \/>\n<meta property=\"og:site_name\" content=\"Ortodoncia Tres Torres Barcelona\" \/>\n<meta property=\"article:modified_time\" content=\"2026-02-03T10:03:20+00:00\" \/>\n<meta property=\"og:image\" content=\"https:\/\/ortodonciabarcelona.com\/wp-content\/uploads\/2022\/03\/ortodoncia-tres-torres-barcelona.jpg\" \/>\n\t<meta property=\"og:image:width\" content=\"1200\" \/>\n\t<meta property=\"og:image:height\" content=\"630\" \/>\n\t<meta property=\"og:image:type\" content=\"image\/jpeg\" \/>\n<script type=\"application\/ld+json\" class=\"yoast-schema-graph\">{\n\t    \"@context\": \"https:\\\/\\\/schema.org\",\n\t    \"@graph\": {\n\t        \"0\": {\n\t            \"@type\": \"WebPage\",\n\t            \"@id\": \"https:\\\/\\\/ortodonciabarcelona.com\\\/ca\\\/\",\n\t            \"url\": \"https:\\\/\\\/ortodonciabarcelona.com\\\/ca\\\/\",\n\t            \"name\": \"\u25b7Ortod\u00f2ncia Barcelona | Especialistes en Ortod\u00f2ncia Barcelona\",\n\t            \"isPartOf\": {\n\t                \"@id\": \"https:\\\/\\\/ortodonciabarcelona.com\\\/ca\\\/#website\"\n\t            },\n\t            \"datePublished\": \"2019-11-22T12:13:09+00:00\",\n\t            \"dateModified\": \"2026-02-03T10:03:20+00:00\",\n\t            \"description\": \"Especialistes en ortod\u00f2ncia a Barcelona: invisible i brackets. Descobreix les millors valoracions com a cl\u00ednica d'ortod\u00f2ncia a Barcelona. \u2705 Visita'ns\",\n\t            \"breadcrumb\": {\n\t                \"@id\": \"https:\\\/\\\/ortodonciabarcelona.com\\\/ca\\\/#breadcrumb\"\n\t            },\n\t            \"inLanguage\": \"ca-ES\",\n\t            \"potentialAction\": [\n\t                {\n\t                    \"@type\": \"ReadAction\",\n\t                    \"target\": [\n\t                        \"https:\\\/\\\/ortodonciabarcelona.com\\\/ca\\\/\"\n\t                    ]\n\t                }\n\t            ]\n\t        },\n\t        \"1\": {\n\t            \"@type\": \"BreadcrumbList\",\n\t            \"@id\": \"https:\\\/\\\/ortodonciabarcelona.com\\\/ca\\\/#breadcrumb\",\n\t            \"itemListElement\": [\n\t                {\n\t                    \"@type\": \"ListItem\",\n\t                    \"position\": 1,\n\t                    \"name\": \"Portada\",\n\t                    \"item\": \"https:\\\/\\\/ortodonciabarcelona.com\\\/ca\\\/\"\n\t                },\n\t                {\n\t                    \"@type\": \"ListItem\",\n\t                    \"position\": 2,\n\t                    \"name\": \"Inici &#8211; Ortodoncia Barcelona\"\n\t                }\n\t            ]\n\t        },\n\t        \"2\": {\n\t            \"@type\": \"WebSite\",\n\t            \"@id\": \"https:\\\/\\\/ortodonciabarcelona.com\\\/ca\\\/#website\",\n\t            \"url\": \"https:\\\/\\\/ortodonciabarcelona.com\\\/ca\\\/\",\n\t            \"name\": \"Ortodoncia Tres Torres Barcelona\",\n\t            \"description\": \"Especialistas en Ortodoncia Invisible\",\n\t            \"publisher\": {\n\t                \"@id\": \"https:\\\/\\\/ortodonciabarcelona.com\\\/ca\\\/#organization\"\n\t            },\n\t            \"potentialAction\": [\n\t                {\n\t                    \"@type\": \"SearchAction\",\n\t                    \"target\": {\n\t                        \"@type\": \"EntryPoint\",\n\t                        \"urlTemplate\": \"https:\\\/\\\/ortodonciabarcelona.com\\\/ca\\\/?s={search_term_string}\"\n\t                    },\n\t                    \"query-input\": {\n\t                        \"@type\": \"PropertyValueSpecification\",\n\t                        \"valueRequired\": true,\n\t                        \"valueName\": \"search_term_string\"\n\t                    }\n\t                }\n\t            ],\n\t            \"inLanguage\": \"ca-ES\"\n\t        },\n\t        \"3\": {\n\t            \"@type\": \"Organization\",\n\t            \"@id\": \"https:\\\/\\\/ortodonciabarcelona.com\\\/ca\\\/#organization\",\n\t            \"name\": \"Ortodoncia Tres Torres Barcelona\",\n\t            \"url\": \"https:\\\/\\\/ortodonciabarcelona.com\\\/ca\\\/\",\n\t            \"logo\": {\n\t                \"@type\": \"ImageObject\",\n\t                \"inLanguage\": \"ca-ES\",\n\t                \"@id\": \"https:\\\/\\\/ortodonciabarcelona.com\\\/ca\\\/#\\\/schema\\\/logo\\\/image\\\/\",\n\t                \"url\": \"https:\\\/\\\/ortodonciabarcelona.com\\\/wp-content\\\/uploads\\\/2021\\\/04\\\/logo-ortodoncia-tres-torres-barcelona.png\",\n\t                \"contentUrl\": \"https:\\\/\\\/ortodonciabarcelona.com\\\/wp-content\\\/uploads\\\/2021\\\/04\\\/logo-ortodoncia-tres-torres-barcelona.png\",\n\t                \"width\": 250,\n\t                \"height\": 250,\n\t                \"caption\": \"Ortodoncia Tres Torres Barcelona\"\n\t            },\n\t            \"image\": {\n\t                \"@id\": \"https:\\\/\\\/ortodonciabarcelona.com\\\/ca\\\/#\\\/schema\\\/logo\\\/image\\\/\"\n\t            }\n\t        },\n\t        \"@type\": \"Dentist\",\n\t        \"name\": \"Ortodoncia Tres Torres Barcelona\",\n\t        \"image\": \"https:\\\/\\\/ortodonciabarcelona.com\\\/wp-content\\\/uploads\\\/2017\\\/01\\\/ortodonciatrestorres-Invisalign-Platinum-Elite02.jpg\",\n\t        \"@id\": \"https:\\\/\\\/www.google.es\\\/maps\\\/place\\\/Ortodoncia+Tres+Torres+-+Ortodoncia+Barcelona\\\/@41.3946938,2.1333029,data=!3m1!4b1!4m5!3m4!1s0x12a49871d963a167:0x4b484f525e410dc5!8m2!3d41.3946938!4d2.1354916\",\n\t        \"itemListElement\": \"\",\n\t        \"url\": \"https:\\\/\\\/ortodonciabarcelona.com\\\/\",\n\t        \"telephone\": \"934142312\",\n\t        \"priceRange\": \"Desde 1500\u20ac\",\n\t        \"address\": [\n\t            {\n\t                \"@type\": \"PostalAddress\",\n\t                \"streetAddress\": \"Jacinto Benavente, 6\",\n\t                \"addressLocality\": \"Barcelona\",\n\t                \"postalCode\": \"08017\",\n\t                \"addressCountry\": \"ES\"\n\t            }\n\t        ],\n\t        \"geo\": [\n\t            {\n\t                \"@type\": \"GeoCoordinates\",\n\t                \"latitude\": 41.3946938,\n\t                \"longitude\": 2.1354916\n\t            }\n\t        ],\n\t        \"sameAs\": [\n\t            \"https:\\\/\\\/www.instagram.com\\\/ortodonciatrestorres\\\/\",\n\t            \"https:\\\/\\\/www.facebook.com\\\/OrtodonciaBarcelona\\\/\",\n\t            \"https:\\\/\\\/www.youtube.com\\\/channel\\\/UCqh2n-W5uqX24kD88dgbyTA\"\n\t        ],\n\t        \"openingHoursSpecification\": [\n\t            {\n\t                \"@type\": \"OpeningHoursSpecification\",\n\t                \"dayOfWeek\": [\n\t                    \"Monday\",\n\t                    \"Wednesday\"\n\t                ],\n\t                \"opens\": \"09:00\",\n\t                \"closes\": \"13:00\"\n\t            },\n\t            {\n\t                \"@type\": \"OpeningHoursSpecification\",\n\t                \"dayOfWeek\": [\n\t                    \"Monday\",\n\t                    \"Wednesday\"\n\t                ],\n\t                \"opens\": \"15:00\",\n\t                \"closes\": \"20:00\"\n\t            },\n\t            {\n\t                \"@type\": \"OpeningHoursSpecification\",\n\t                \"dayOfWeek\": \"Tuesday\",\n\t                \"opens\": \"08:00\",\n\t                \"closes\": \"13:00\"\n\t            },\n\t            {\n\t                \"@type\": \"OpeningHoursSpecification\",\n\t                \"dayOfWeek\": \"Tuesday\",\n\t                \"opens\": \"15:00\",\n\t                \"closes\": \"20:00\"\n\t            },\n\t            {\n\t                \"@type\": \"OpeningHoursSpecification\",\n\t                \"dayOfWeek\": \"Tuesday\",\n\t                \"opens\": \"9:00\",\n\t                \"closes\": \"20:00\"\n\t            },\n\t            {\n\t                \"@type\": \"OpeningHoursSpecification\",\n\t                \"dayOfWeek\": \"Friday\",\n\t                \"opens\": \"9:00\",\n\t                \"closes\": \"16:00\"\n\t            }\n\t        ]\n\t    }\n\t}<\/script>\n<meta property=\"og:video\" content=\"https:\/\/player.vimeo.com\/video\/470552730\" \/>\n<meta property=\"og:video:type\" content=\"text\/html\" \/>\n<meta property=\"og:video:duration\" content=\"112\" \/>\n<meta property=\"og:video:width\" content=\"1280\" \/>\n<meta property=\"og:video:height\" content=\"720\" \/>\n<meta property=\"ya:ovs:adult\" content=\"false\" \/>\n<meta property=\"ya:ovs:upload_date\" content=\"2019-11-22T12:13:09+00:00\" \/>\n<meta property=\"ya:ovs:allow_embed\" content=\"true\" \/>\n<!-- \/ Yoast SEO plugin. -->","yoast_head_json":{"title":"\u25b7Ortod\u00f2ncia Barcelona | Especialistes en Ortod\u00f2ncia Barcelona","description":"Especialistes en ortod\u00f2ncia a Barcelona: invisible i brackets. Descobreix les millors valoracions com a cl\u00ednica d'ortod\u00f2ncia a Barcelona. \u2705 Visita'ns","robots":{"index":"index","follow":"follow","max-snippet":"max-snippet:-1","max-image-preview":"max-image-preview:large","max-video-preview":"max-video-preview:-1"},"canonical":"https:\/\/ortodonciabarcelona.com\/ca\/","og_locale":"ca_ES","og_type":"website","og_title":"Ortod\u00f2ncia Barcelona | La teva Millor Ortod\u00f2ncia a Barcelona","og_description":"Especialistes en ortod\u00f2ncia a Barcelona: lingual, Invisalign i brackets. A la teva disposici\u00f3 els millors ortodoncistas de Barcelona. Visita'ns!","og_url":"https:\/\/ortodonciabarcelona.com\/ca\/","og_site_name":"Ortodoncia Tres Torres Barcelona","article_modified_time":"2026-02-03T10:03:20+00:00","og_image":[{"width":1200,"height":630,"url":"https:\/\/ortodonciabarcelona.com\/wp-content\/uploads\/2022\/03\/ortodoncia-tres-torres-barcelona.jpg","type":"image\/jpeg"}],"schema":{"@context":"https:\/\/schema.org","@graph":{"0":{"@type":"WebPage","@id":"https:\/\/ortodonciabarcelona.com\/ca\/","url":"https:\/\/ortodonciabarcelona.com\/ca\/","name":"\u25b7Ortod\u00f2ncia Barcelona | Especialistes en Ortod\u00f2ncia Barcelona","isPartOf":{"@id":"https:\/\/ortodonciabarcelona.com\/ca\/#website"},"datePublished":"2019-11-22T12:13:09+00:00","dateModified":"2026-02-03T10:03:20+00:00","description":"Especialistes en ortod\u00f2ncia a Barcelona: invisible i brackets. Descobreix les millors valoracions com a cl\u00ednica d'ortod\u00f2ncia a Barcelona. \u2705 Visita'ns","breadcrumb":{"@id":"https:\/\/ortodonciabarcelona.com\/ca\/#breadcrumb"},"inLanguage":"ca-ES","potentialAction":[{"@type":"ReadAction","target":["https:\/\/ortodonciabarcelona.com\/ca\/"]}]},"1":{"@type":"BreadcrumbList","@id":"https:\/\/ortodonciabarcelona.com\/ca\/#breadcrumb","itemListElement":[{"@type":"ListItem","position":1,"name":"Portada","item":"https:\/\/ortodonciabarcelona.com\/ca\/"},{"@type":"ListItem","position":2,"name":"Inici &#8211; Ortodoncia Barcelona"}]},"2":{"@type":"WebSite","@id":"https:\/\/ortodonciabarcelona.com\/ca\/#website","url":"https:\/\/ortodonciabarcelona.com\/ca\/","name":"Ortodoncia Tres Torres Barcelona","description":"Especialistas en Ortodoncia Invisible","publisher":{"@id":"https:\/\/ortodonciabarcelona.com\/ca\/#organization"},"potentialAction":[{"@type":"SearchAction","target":{"@type":"EntryPoint","urlTemplate":"https:\/\/ortodonciabarcelona.com\/ca\/?s={search_term_string}"},"query-input":{"@type":"PropertyValueSpecification","valueRequired":true,"valueName":"search_term_string"}}],"inLanguage":"ca-ES"},"3":{"@type":"Organization","@id":"https:\/\/ortodonciabarcelona.com\/ca\/#organization","name":"Ortodoncia Tres Torres Barcelona","url":"https:\/\/ortodonciabarcelona.com\/ca\/","logo":{"@type":"ImageObject","inLanguage":"ca-ES","@id":"https:\/\/ortodonciabarcelona.com\/ca\/#\/schema\/logo\/image\/","url":"https:\/\/ortodonciabarcelona.com\/wp-content\/uploads\/2021\/04\/logo-ortodoncia-tres-torres-barcelona.png","contentUrl":"https:\/\/ortodonciabarcelona.com\/wp-content\/uploads\/2021\/04\/logo-ortodoncia-tres-torres-barcelona.png","width":250,"height":250,"caption":"Ortodoncia Tres Torres Barcelona"},"image":{"@id":"https:\/\/ortodonciabarcelona.com\/ca\/#\/schema\/logo\/image\/"}},"@type":"Dentist","name":"Ortodoncia Tres Torres Barcelona","image":"https:\/\/ortodonciabarcelona.com\/wp-content\/uploads\/2017\/01\/ortodonciatrestorres-Invisalign-Platinum-Elite02.jpg","@id":"https:\/\/www.google.es\/maps\/place\/Ortodoncia+Tres+Torres+-+Ortodoncia+Barcelona\/@41.3946938,2.1333029,data=!3m1!4b1!4m5!3m4!1s0x12a49871d963a167:0x4b484f525e410dc5!8m2!3d41.3946938!4d2.1354916","itemListElement":"","url":"https:\/\/ortodonciabarcelona.com\/","telephone":"934142312","priceRange":"Desde 1500\u20ac","address":[{"@type":"PostalAddress","streetAddress":"Jacinto Benavente, 6","addressLocality":"Barcelona","postalCode":"08017","addressCountry":"ES"}],"geo":[{"@type":"GeoCoordinates","latitude":41.3946938,"longitude":2.1354916}],"sameAs":["https:\/\/www.instagram.com\/ortodonciatrestorres\/","https:\/\/www.facebook.com\/OrtodonciaBarcelona\/","https:\/\/www.youtube.com\/channel\/UCqh2n-W5uqX24kD88dgbyTA"],"openingHoursSpecification":[{"@type":"OpeningHoursSpecification","dayOfWeek":["Monday","Wednesday"],"opens":"09:00","closes":"13:00"},{"@type":"OpeningHoursSpecification","dayOfWeek":["Monday","Wednesday"],"opens":"15:00","closes":"20:00"},{"@type":"OpeningHoursSpecification","dayOfWeek":"Tuesday","opens":"08:00","closes":"13:00"},{"@type":"OpeningHoursSpecification","dayOfWeek":"Tuesday","opens":"15:00","closes":"20:00"},{"@type":"OpeningHoursSpecification","dayOfWeek":"Tuesday","opens":"9:00","closes":"20:00"},{"@type":"OpeningHoursSpecification","dayOfWeek":"Friday","opens":"9:00","closes":"16:00"}]}},"og_video":"https:\/\/player.vimeo.com\/video\/470552730","og_video_type":"text\/html","og_video_duration":"112","og_video_width":"1280","og_video_height":"720","ya_ovs_adult":"false","ya_ovs_upload_date":"2019-11-22T12:13:09+00:00","ya_ovs_allow_embed":"true"},"_links":{"self":[{"href":"https:\/\/ortodonciabarcelona.com\/ca\/wp-json\/wp\/v2\/pages\/5715","targetHints":{"allow":["GET"]}}],"collection":[{"href":"https:\/\/ortodonciabarcelona.com\/ca\/wp-json\/wp\/v2\/pages"}],"about":[{"href":"https:\/\/ortodonciabarcelona.com\/ca\/wp-json\/wp\/v2\/types\/page"}],"author":[{"embeddable":true,"href":"https:\/\/ortodonciabarcelona.com\/ca\/wp-json\/wp\/v2\/users\/1"}],"replies":[{"embeddable":true,"href":"https:\/\/ortodonciabarcelona.com\/ca\/wp-json\/wp\/v2\/comments?post=5715"}],"version-history":[{"count":5,"href":"https:\/\/ortodonciabarcelona.com\/ca\/wp-json\/wp\/v2\/pages\/5715\/revisions"}],"predecessor-version":[{"id":20797,"href":"https:\/\/ortodonciabarcelona.com\/ca\/wp-json\/wp\/v2\/pages\/5715\/revisions\/20797"}],"wp:attachment":[{"href":"https:\/\/ortodonciabarcelona.com\/ca\/wp-json\/wp\/v2\/media?parent=5715"}],"curies":[{"name":"wp","href":"https:\/\/api.w.org\/{rel}","templated":true}]}}