{"id":1202,"date":"2018-11-29T11:40:53","date_gmt":"2018-11-29T11:40:53","guid":{"rendered":"https:\/\/ortodonciabarcelona.com\/blog-profesional\/?page_id=1202"},"modified":"2023-06-23T09:40:42","modified_gmt":"2023-06-23T09:40:42","slug":"dr-fernando-de-la-iglesia","status":"publish","type":"page","link":"https:\/\/ortodonciabarcelona.com\/blog-profesional\/dr-fernando-de-la-iglesia\/","title":{"rendered":"Dr. Fernando de la Iglesia"},"content":{"rendered":"<div class=\"fusion-fullwidth fullwidth-box fusion-builder-row-1 fusion-flex-container has-pattern-background has-mask-background nonhundred-percent-fullwidth non-hundred-percent-height-scrolling\" style=\"--awb-border-radius-top-left:0px;--awb-border-radius-top-right:0px;--awb-border-radius-bottom-right:0px;--awb-border-radius-bottom-left:0px;--awb-flex-wrap:wrap;\" ><div class=\"fusion-builder-row fusion-row fusion-flex-align-items-flex-start fusion-flex-content-wrap\" style=\"max-width:1248px;margin-left: calc(-4% \/ 2 );margin-right: calc(-4% \/ 2 );\"><div class=\"fusion-layout-column fusion_builder_column fusion-builder-column-0 fusion_builder_column_3_4 3_4 fusion-flex-column\" style=\"--awb-padding-top:25px;--awb-padding-right:25px;--awb-padding-bottom:25px;--awb-padding-left:25px;--awb-bg-color:#ffffff;--awb-bg-color-hover:#ffffff;--awb-bg-size:cover;--awb-width-large:75%;--awb-margin-top-large:0px;--awb-spacing-right-large:2.56%;--awb-margin-bottom-large:20px;--awb-spacing-left-large:2.56%;--awb-width-medium:75%;--awb-order-medium:0;--awb-spacing-right-medium:2.56%;--awb-spacing-left-medium:2.56%;--awb-width-small:100%;--awb-order-small:0;--awb-spacing-right-small:1.92%;--awb-spacing-left-small:1.92%;\" data-scroll-devices=\"small-visibility,medium-visibility,large-visibility\"><div class=\"fusion-column-wrapper fusion-column-has-shadow fusion-flex-justify-content-flex-start fusion-content-layout-column\"><div class=\"fusion-title title fusion-title-1 fusion-sep-none fusion-title-text fusion-title-size-one\" style=\"--awb-text-color:#333333;--awb-margin-top-small:10px;--awb-margin-right-small:0px;--awb-margin-bottom-small:10px;--awb-margin-left-small:0px;--awb-font-size:48px;\"><h1 class=\"fusion-title-heading title-heading-left\" style=\"font-family:&quot;Roboto&quot;;font-style:normal;font-weight:400;margin:0;font-size:1em;\">Dr. Fernando de la Iglesia<\/h1><\/div><div class=\"fusion-text fusion-text-1\"><p><img decoding=\"async\" class=\"lazyload size-full wp-image-1294 aligncenter\" src=\"https:\/\/ortodonciabarcelona.com\/blog-profesional\/wp-content\/uploads\/2019\/01\/ortodoncia-tres-dr-torres-barcelona-fernando-de-la-iglesia.jpg\" data-orig-src=\"https:\/\/ortodonciabarcelona.com\/blog-profesional\/wp-content\/uploads\/2019\/01\/ortodoncia-tres-dr-torres-barcelona-fernando-de-la-iglesia.jpg\" alt=\"Fernando de la Iglesia es fundador de Ortodoncia Tres Torres y Ortodoncia Sant Cugat\" width=\"300\" height=\"250\" srcset=\"data:image\/svg+xml,%3Csvg%20xmlns%3D%27http%3A%2F%2Fwww.w3.org%2F2000%2Fsvg%27%20width%3D%27300%27%20height%3D%27250%27%20viewBox%3D%270%200%20300%20250%27%3E%3Crect%20width%3D%27300%27%20height%3D%27250%27%20fill-opacity%3D%220%22%2F%3E%3C%2Fsvg%3E\" data-srcset=\"https:\/\/ortodonciabarcelona.com\/blog-profesional\/wp-content\/uploads\/2019\/01\/ortodoncia-tres-dr-torres-barcelona-fernando-de-la-iglesia-200x167.jpg 200w, https:\/\/ortodonciabarcelona.com\/blog-profesional\/wp-content\/uploads\/2019\/01\/ortodoncia-tres-dr-torres-barcelona-fernando-de-la-iglesia.jpg 300w\" data-sizes=\"auto\" data-orig-sizes=\"(max-width: 300px) 100vw, 300px\" \/><\/p>\n<p class=\"p1\"><span class=\"s1\">El <strong>Dr. Fernando de la Iglesia Beyme<\/strong> es socio fundador de Ortodoncia Tres Torres y Ortodoncia Sant Cugat<br \/>\n<\/span><\/p>\n<ul>\n<li>Licenciado en Odontolog\u00eda \u2013 Universidad de Barcelona 1999<\/li>\n<li>M\u00e1ster en Ortodoncia \u2013 Universidad Internacional de Catalu\u00f1a 2001<\/li>\n<li>Doctor en Odontolog\u00eda \u2013 Universitat Internacional de Catalunya con calificaci\u00f3n de \u201cexcelente cum laude\u201d (2005)<\/li>\n<li>Especialista en ortodoncia invisible con la distinci\u00f3n Invisalign Diamond II<\/li>\n<li>Primer Premio a los mejores casos tratados con ortodoncia invisible lingual \u2013 Sociedad Europea de Ortodoncia Lingual (2012)<\/li>\n<li><strong>Miembro diplomado de la Sociedad Espa\u00f1ola de Ortodoncia (SEDO)<\/strong> &#8211; M\u00e1xima categor\u00eda que otorga esta Sociedad a sus miembros<\/li>\n<li><strong>Miembro del Spanish Board of Orthodontics (SBO)<\/strong>\u00a0&#8211; Reconocido a nivel mundial por la World Federation of Orthodontists (WFO)<\/li>\n<li>Profesor asociado de Ortodoncia \u2013 Universidad Internacional de Catalu\u00f1a (desde 2001)<\/li>\n<li>Especializado en ortodoncia invisible y ortodoncia lingual<\/li>\n<li>Residencia de Ortodoncia Lingual con el Dr. Hiro (Jap\u00f3n)<\/li>\n<li>Colaborador peri\u00f3dico de la Revista Espa\u00f1ola de Ortodoncia<\/li>\n<li>Art\u00edculos publicados en revistas nacionales e internacionales<\/li>\n<li>Pr\u00e1ctica exclusiva en ortodoncia invisible y ortodoncia infantil en Barcelona (desde 2001)<br \/>\n<a href=\"https:\/\/www.linkedin.com\/in\/fernando-de-la-iglesia-beyme-6b531223\" target=\"_blank\" rel=\"noopener noreferrer\"><br \/>\n<img decoding=\"async\" class=\"lazyload alignnone wp-image-1298\" src=\"https:\/\/ortodonciabarcelona.com\/blog-profesional\/wp-content\/uploads\/2019\/01\/images-150x150.png\" data-orig-src=\"https:\/\/ortodonciabarcelona.com\/blog-profesional\/wp-content\/uploads\/2019\/01\/images-150x150.png\" alt=\"Linkedin Doctores de Ortodoncia Tres Torres Barcelona\" width=\"51\" height=\"51\" srcset=\"data:image\/svg+xml,%3Csvg%20xmlns%3D%27http%3A%2F%2Fwww.w3.org%2F2000%2Fsvg%27%20width%3D%2751%27%20height%3D%2751%27%20viewBox%3D%270%200%2051%2051%27%3E%3Crect%20width%3D%2751%27%20height%3D%2751%27%20fill-opacity%3D%220%22%2F%3E%3C%2Fsvg%3E\" data-srcset=\"https:\/\/ortodonciabarcelona.com\/blog-profesional\/wp-content\/uploads\/2019\/01\/images-150x150.png 150w, https:\/\/ortodonciabarcelona.com\/blog-profesional\/wp-content\/uploads\/2019\/01\/images-200x200.png 200w, https:\/\/ortodonciabarcelona.com\/blog-profesional\/wp-content\/uploads\/2019\/01\/images.png 225w\" data-sizes=\"auto\" data-orig-sizes=\"(max-width: 51px) 100vw, 51px\" \/><br \/>\n<\/a><\/p>\n<p class=\"p1\"><a href=\"https:\/\/ortodonciabarcelona.com\/blog-profesional\/wp-content\/uploads\/2023\/06\/cv-dr-fernando-de-la-iglesia-beyme.pdf\"><span class=\"s1\"><u>CV Dr. Fernando de la Iglesia Beyme<\/u><\/span><i class=\"fa fa-arrow-down\" style=\"color: #b1c8d0;\" aria-hidden=\"true\"><\/i><\/a><\/p>\n<p class=\"p1\"><a href=\"https:\/\/www.topdoctors.es\/doctor\/fernando-de-la-iglesia\" target=\"_blank\" rel=\"noopener noreferrer\"><span class=\"s1\"><u>V\u00eddeos y art\u00edculos del Dr. Fernando de la Iglesia en Top Doctors<\/u><\/span><\/a><\/p>\n<p class=\"p1\"><a href=\"http:\/\/www.blogcoea.com\/dr-fernando-de-la-iglesia-beyme-la-ortodoncia-en-adultos-es-muy-satisfactoria-por-su-gran-motivacion\/\" target=\"_blank\" rel=\"noopener noreferrer\"><span class=\"s1\"><u>Entrevista del Colegio Oficial de Odont\u00f3logos y Estomat\u00f3logos de Alicante<\/u><\/span><\/a><\/p>\n<p class=\"p1\"><a href=\"http:\/\/www.uic.es\/es\/profesor\/de-la-iglesia-beyme-fernando\" target=\"_blank\" rel=\"noopener noreferrer\"><span class=\"s1\"><u>Publicaciones del Dr. Fernando de la Iglesia<\/u><\/span><\/a><\/p>\n<p class=\"p1\"><a href=\"https:\/\/ortodonciabarcelona.com\/blog-profesional\/wp-content\/uploads\/2020\/01\/casos-correccion-desviacion-mandibular-e-inclinacion-oclusal-maxilar.pdf\" target=\" _blank\" rel=\"noopener noreferrer\"><span class=\"s1\"><u>Coautor de la publicaci\u00f3n de dos casos sobre la correcci\u00f3n de la desviaci\u00f3n mandibular y la inclinaci\u00f3n oclusal maxilar con cirug\u00eda temprana y micro tornillos<\/u><\/span><\/a><\/p>\n<p class=\"p1\"><a href=\"https:\/\/ortodonciabarcelona.com\/blog-profesional\/wp-content\/uploads\/2020\/03\/cirugia-bimaxilar-con-segmentacion-maxilar-y-ortodoncia-lingual.pdf\"><span class=\"s1\"><u>Coautor de la publicaci\u00f3n sobre cirug\u00eda bimaxilar con segmentaci\u00f3n maxilar y ortodoncia lingual<\/u><\/span><\/a><\/p>\n<p class=\"p1\"><a href=\"https:\/\/ortodonciabarcelona.com\/blog-profesional\/wp-content\/uploads\/2020\/03\/estudio-in-vitro-estabilidad-brazo-anterior-de-3-expansores-hibridos-hyrax.pdf\"><span class=\"s1\"><u>Coautor del estudio in vitro sobre la estabilidad del brazo anterior de tres expansores h\u00edbridos Hyrax diferentes<\/u><\/span><\/a><\/p>\n<p><a href=\"https:\/\/ortodonciabarcelona.com\/blog-profesional\/\" target=\"_blank\" rel=\"noopener noreferrer\"><span class=\"s1\"><u>Blog profesional Dr. Fernando de la Iglesia Beyme<\/u><\/span><\/a><\/li>\n<\/ul>\n<\/div><\/div><\/div><div class=\"fusion-layout-column fusion_builder_column fusion-builder-column-1 fusion_builder_column_1_4 1_4 fusion-flex-column columna-derecha-autor\" style=\"--awb-bg-size:cover;--awb-width-large:25%;--awb-margin-top-large:0px;--awb-spacing-right-large:7.68%;--awb-margin-bottom-large:20px;--awb-spacing-left-large:7.68%;--awb-width-medium:25%;--awb-order-medium:0;--awb-spacing-right-medium:7.68%;--awb-spacing-left-medium:7.68%;--awb-width-small:100%;--awb-order-small:0;--awb-spacing-right-small:1.92%;--awb-spacing-left-small:1.92%;\" data-scroll-devices=\"small-visibility,medium-visibility,large-visibility\"><div class=\"fusion-column-wrapper fusion-column-has-shadow fusion-flex-justify-content-flex-start fusion-content-layout-column\"><div class=\"fusion-title title fusion-title-2 fusion-sep-none fusion-title-center fusion-title-text fusion-title-size-three h3-pagina-autor\" style=\"--awb-margin-top-small:10px;--awb-margin-right-small:0px;--awb-margin-bottom-small:10px;--awb-margin-left-small:0px;\"><h3 class=\"fusion-title-heading title-heading-center\" style=\"margin:0;\">ESPECIALISTAS EN ORTODONCIA<\/h3><\/div><div class=\"fusion-image-element \" style=\"--awb-caption-title-font-family:var(--h2_typography-font-family);--awb-caption-title-font-weight:var(--h2_typography-font-weight);--awb-caption-title-font-style:var(--h2_typography-font-style);--awb-caption-title-size:var(--h2_typography-font-size);--awb-caption-title-transform:var(--h2_typography-text-transform);--awb-caption-title-line-height:var(--h2_typography-line-height);--awb-caption-title-letter-spacing:var(--h2_typography-letter-spacing);\"><span class=\" fusion-imageframe imageframe-none imageframe-1 hover-type-none\"><a class=\"fusion-no-lightbox\" href=\"https:\/\/ortodonciabarcelona.com\/blog-profesional\/dr-oriol-quevedo\/\" target=\"_self\" aria-label=\"Doctor Oriol Quevedo Pou\"><img decoding=\"async\" width=\"282\" height=\"300\" alt=\"Doctor Oriol Quevedo Pou\" src=\"https:\/\/ortodonciabarcelona.com\/blog-profesional\/wp-content\/uploads\/2017\/11\/ortodoncia_tres_torres_barcelona_dr_oriol_quevedo_poublog-1.jpg\" data-orig-src=\"https:\/\/ortodonciabarcelona.com\/blog-profesional\/wp-content\/uploads\/2017\/11\/ortodoncia_tres_torres_barcelona_dr_oriol_quevedo_poublog-1-282x300.jpg\" class=\"lazyload img-responsive wp-image-914\" srcset=\"data:image\/svg+xml,%3Csvg%20xmlns%3D%27http%3A%2F%2Fwww.w3.org%2F2000%2Fsvg%27%20width%3D%27310%27%20height%3D%27330%27%20viewBox%3D%270%200%20310%20330%27%3E%3Crect%20width%3D%27310%27%20height%3D%27330%27%20fill-opacity%3D%220%22%2F%3E%3C%2Fsvg%3E\" data-srcset=\"https:\/\/ortodonciabarcelona.com\/blog-profesional\/wp-content\/uploads\/2017\/11\/ortodoncia_tres_torres_barcelona_dr_oriol_quevedo_poublog-1-200x213.jpg 200w, https:\/\/ortodonciabarcelona.com\/blog-profesional\/wp-content\/uploads\/2017\/11\/ortodoncia_tres_torres_barcelona_dr_oriol_quevedo_poublog-1.jpg 310w\" data-sizes=\"auto\" data-orig-sizes=\"(max-width: 640px) 100vw, 282px\" \/><\/a><\/span><\/div><\/div><\/div><\/div><\/div>\n","protected":false},"excerpt":{"rendered":"","protected":false},"author":2,"featured_media":0,"parent":0,"menu_order":0,"comment_status":"closed","ping_status":"closed","template":"100-width.php","meta":{"footnotes":""},"class_list":["post-1202","page","type-page","status-publish","hentry"],"yoast_head":"<!-- This site is optimized with the Yoast SEO plugin v27.3 - https:\/\/yoast.com\/product\/yoast-seo-wordpress\/ -->\n<title>Dr. Fernando de la Iglesia<\/title>\n<meta name=\"description\" content=\"Fernando de la Iglesia es fundador de Ortodoncia Tres Torres Barcelona y Ortodoncia Sant Cugat, doctor en odontolog\u00eda y m\u00e1ster en ortodoncia\" \/>\n<meta name=\"robots\" content=\"noindex, follow\" \/>\n<meta property=\"og:locale\" content=\"es_ES\" \/>\n<meta property=\"og:type\" content=\"article\" \/>\n<meta property=\"og:title\" content=\"Dr. Fernando de la Iglesia\" \/>\n<meta property=\"og:description\" content=\"Fernando de la Iglesia es fundador de Ortodoncia Tres Torres Barcelona y Ortodoncia Sant Cugat, doctor en odontolog\u00eda y m\u00e1ster en ortodoncia\" \/>\n<meta property=\"og:url\" content=\"https:\/\/ortodonciabarcelona.com\/blog-profesional\/dr-fernando-de-la-iglesia\/\" \/>\n<meta property=\"og:site_name\" content=\"Blog Profesional Ortodoncia Tres Torres\" \/>\n<meta property=\"article:modified_time\" content=\"2023-06-23T09:40:42+00:00\" \/>\n<meta property=\"og:image\" content=\"https:\/\/ortodonciabarcelona.com\/blog-profesional\/wp-content\/uploads\/2019\/01\/ortodoncia-tres-dr-torres-barcelona-fernando-de-la-iglesia.jpg\" \/>\n<meta name=\"twitter:label1\" content=\"Tiempo de lectura\" \/>\n\t<meta name=\"twitter:data1\" content=\"6 minutos\" \/>\n<script type=\"application\/ld+json\" class=\"yoast-schema-graph\">{\"@context\":\"https:\\\/\\\/schema.org\",\"@graph\":[{\"@type\":\"WebPage\",\"@id\":\"https:\\\/\\\/ortodonciabarcelona.com\\\/blog-profesional\\\/dr-fernando-de-la-iglesia\\\/\",\"url\":\"https:\\\/\\\/ortodonciabarcelona.com\\\/blog-profesional\\\/dr-fernando-de-la-iglesia\\\/\",\"name\":\"Dr. Fernando de la Iglesia\",\"isPartOf\":{\"@id\":\"https:\\\/\\\/ortodonciabarcelona.com\\\/blog-profesional\\\/#website\"},\"primaryImageOfPage\":{\"@id\":\"https:\\\/\\\/ortodonciabarcelona.com\\\/blog-profesional\\\/dr-fernando-de-la-iglesia\\\/#primaryimage\"},\"image\":{\"@id\":\"https:\\\/\\\/ortodonciabarcelona.com\\\/blog-profesional\\\/dr-fernando-de-la-iglesia\\\/#primaryimage\"},\"thumbnailUrl\":\"https:\\\/\\\/ortodonciabarcelona.com\\\/blog-profesional\\\/wp-content\\\/uploads\\\/2019\\\/01\\\/ortodoncia-tres-dr-torres-barcelona-fernando-de-la-iglesia.jpg\",\"datePublished\":\"2018-11-29T11:40:53+00:00\",\"dateModified\":\"2023-06-23T09:40:42+00:00\",\"description\":\"Fernando de la Iglesia es fundador de Ortodoncia Tres Torres Barcelona y Ortodoncia Sant Cugat, doctor en odontolog\u00eda y m\u00e1ster en ortodoncia\",\"breadcrumb\":{\"@id\":\"https:\\\/\\\/ortodonciabarcelona.com\\\/blog-profesional\\\/dr-fernando-de-la-iglesia\\\/#breadcrumb\"},\"inLanguage\":\"es\",\"potentialAction\":[{\"@type\":\"ReadAction\",\"target\":[\"https:\\\/\\\/ortodonciabarcelona.com\\\/blog-profesional\\\/dr-fernando-de-la-iglesia\\\/\"]}]},{\"@type\":\"ImageObject\",\"inLanguage\":\"es\",\"@id\":\"https:\\\/\\\/ortodonciabarcelona.com\\\/blog-profesional\\\/dr-fernando-de-la-iglesia\\\/#primaryimage\",\"url\":\"https:\\\/\\\/ortodonciabarcelona.com\\\/blog-profesional\\\/wp-content\\\/uploads\\\/2019\\\/01\\\/ortodoncia-tres-dr-torres-barcelona-fernando-de-la-iglesia.jpg\",\"contentUrl\":\"https:\\\/\\\/ortodonciabarcelona.com\\\/blog-profesional\\\/wp-content\\\/uploads\\\/2019\\\/01\\\/ortodoncia-tres-dr-torres-barcelona-fernando-de-la-iglesia.jpg\"},{\"@type\":\"BreadcrumbList\",\"@id\":\"https:\\\/\\\/ortodonciabarcelona.com\\\/blog-profesional\\\/dr-fernando-de-la-iglesia\\\/#breadcrumb\",\"itemListElement\":[{\"@type\":\"ListItem\",\"position\":1,\"name\":\"Portada\",\"item\":\"https:\\\/\\\/ortodonciabarcelona.com\\\/blog-profesional\\\/\"},{\"@type\":\"ListItem\",\"position\":2,\"name\":\"Dr. Fernando de la Iglesia\"}]},{\"@type\":\"WebSite\",\"@id\":\"https:\\\/\\\/ortodonciabarcelona.com\\\/blog-profesional\\\/#website\",\"url\":\"https:\\\/\\\/ortodonciabarcelona.com\\\/blog-profesional\\\/\",\"name\":\"Blog Profesional Ortodoncia Tres Torres\",\"description\":\"Blog profesional sobre ortodoncia\",\"publisher\":{\"@id\":\"https:\\\/\\\/ortodonciabarcelona.com\\\/blog-profesional\\\/#organization\"},\"potentialAction\":[{\"@type\":\"SearchAction\",\"target\":{\"@type\":\"EntryPoint\",\"urlTemplate\":\"https:\\\/\\\/ortodonciabarcelona.com\\\/blog-profesional\\\/?s={search_term_string}\"},\"query-input\":{\"@type\":\"PropertyValueSpecification\",\"valueRequired\":true,\"valueName\":\"search_term_string\"}}],\"inLanguage\":\"es\"},{\"@type\":\"Organization\",\"@id\":\"https:\\\/\\\/ortodonciabarcelona.com\\\/blog-profesional\\\/#organization\",\"name\":\"Blog Profesional Ortodoncia Tres Torres\",\"url\":\"https:\\\/\\\/ortodonciabarcelona.com\\\/blog-profesional\\\/\",\"logo\":{\"@type\":\"ImageObject\",\"inLanguage\":\"es\",\"@id\":\"https:\\\/\\\/ortodonciabarcelona.com\\\/blog-profesional\\\/#\\\/schema\\\/logo\\\/image\\\/\",\"url\":\"https:\\\/\\\/ortodonciabarcelona.com\\\/blog-profesional\\\/wp-content\\\/uploads\\\/2023\\\/05\\\/logo-blog-profesional-vertical.png\",\"contentUrl\":\"https:\\\/\\\/ortodonciabarcelona.com\\\/blog-profesional\\\/wp-content\\\/uploads\\\/2023\\\/05\\\/logo-blog-profesional-vertical.png\",\"width\":253,\"height\":323,\"caption\":\"Blog Profesional Ortodoncia Tres Torres\"},\"image\":{\"@id\":\"https:\\\/\\\/ortodonciabarcelona.com\\\/blog-profesional\\\/#\\\/schema\\\/logo\\\/image\\\/\"}}]}<\/script>\n<!-- \/ Yoast SEO plugin. -->","yoast_head_json":{"title":"Dr. Fernando de la Iglesia","description":"Fernando de la Iglesia es fundador de Ortodoncia Tres Torres Barcelona y Ortodoncia Sant Cugat, doctor en odontolog\u00eda y m\u00e1ster en ortodoncia","robots":{"index":"noindex","follow":"follow"},"og_locale":"es_ES","og_type":"article","og_title":"Dr. Fernando de la Iglesia","og_description":"Fernando de la Iglesia es fundador de Ortodoncia Tres Torres Barcelona y Ortodoncia Sant Cugat, doctor en odontolog\u00eda y m\u00e1ster en ortodoncia","og_url":"https:\/\/ortodonciabarcelona.com\/blog-profesional\/dr-fernando-de-la-iglesia\/","og_site_name":"Blog Profesional Ortodoncia Tres Torres","article_modified_time":"2023-06-23T09:40:42+00:00","og_image":[{"url":"https:\/\/ortodonciabarcelona.com\/blog-profesional\/wp-content\/uploads\/2019\/01\/ortodoncia-tres-dr-torres-barcelona-fernando-de-la-iglesia.jpg","type":"","width":"","height":""}],"twitter_misc":{"Tiempo de lectura":"6 minutos"},"schema":{"@context":"https:\/\/schema.org","@graph":[{"@type":"WebPage","@id":"https:\/\/ortodonciabarcelona.com\/blog-profesional\/dr-fernando-de-la-iglesia\/","url":"https:\/\/ortodonciabarcelona.com\/blog-profesional\/dr-fernando-de-la-iglesia\/","name":"Dr. Fernando de la Iglesia","isPartOf":{"@id":"https:\/\/ortodonciabarcelona.com\/blog-profesional\/#website"},"primaryImageOfPage":{"@id":"https:\/\/ortodonciabarcelona.com\/blog-profesional\/dr-fernando-de-la-iglesia\/#primaryimage"},"image":{"@id":"https:\/\/ortodonciabarcelona.com\/blog-profesional\/dr-fernando-de-la-iglesia\/#primaryimage"},"thumbnailUrl":"https:\/\/ortodonciabarcelona.com\/blog-profesional\/wp-content\/uploads\/2019\/01\/ortodoncia-tres-dr-torres-barcelona-fernando-de-la-iglesia.jpg","datePublished":"2018-11-29T11:40:53+00:00","dateModified":"2023-06-23T09:40:42+00:00","description":"Fernando de la Iglesia es fundador de Ortodoncia Tres Torres Barcelona y Ortodoncia Sant Cugat, doctor en odontolog\u00eda y m\u00e1ster en ortodoncia","breadcrumb":{"@id":"https:\/\/ortodonciabarcelona.com\/blog-profesional\/dr-fernando-de-la-iglesia\/#breadcrumb"},"inLanguage":"es","potentialAction":[{"@type":"ReadAction","target":["https:\/\/ortodonciabarcelona.com\/blog-profesional\/dr-fernando-de-la-iglesia\/"]}]},{"@type":"ImageObject","inLanguage":"es","@id":"https:\/\/ortodonciabarcelona.com\/blog-profesional\/dr-fernando-de-la-iglesia\/#primaryimage","url":"https:\/\/ortodonciabarcelona.com\/blog-profesional\/wp-content\/uploads\/2019\/01\/ortodoncia-tres-dr-torres-barcelona-fernando-de-la-iglesia.jpg","contentUrl":"https:\/\/ortodonciabarcelona.com\/blog-profesional\/wp-content\/uploads\/2019\/01\/ortodoncia-tres-dr-torres-barcelona-fernando-de-la-iglesia.jpg"},{"@type":"BreadcrumbList","@id":"https:\/\/ortodonciabarcelona.com\/blog-profesional\/dr-fernando-de-la-iglesia\/#breadcrumb","itemListElement":[{"@type":"ListItem","position":1,"name":"Portada","item":"https:\/\/ortodonciabarcelona.com\/blog-profesional\/"},{"@type":"ListItem","position":2,"name":"Dr. Fernando de la Iglesia"}]},{"@type":"WebSite","@id":"https:\/\/ortodonciabarcelona.com\/blog-profesional\/#website","url":"https:\/\/ortodonciabarcelona.com\/blog-profesional\/","name":"Blog Profesional Ortodoncia Tres Torres","description":"Blog profesional sobre ortodoncia","publisher":{"@id":"https:\/\/ortodonciabarcelona.com\/blog-profesional\/#organization"},"potentialAction":[{"@type":"SearchAction","target":{"@type":"EntryPoint","urlTemplate":"https:\/\/ortodonciabarcelona.com\/blog-profesional\/?s={search_term_string}"},"query-input":{"@type":"PropertyValueSpecification","valueRequired":true,"valueName":"search_term_string"}}],"inLanguage":"es"},{"@type":"Organization","@id":"https:\/\/ortodonciabarcelona.com\/blog-profesional\/#organization","name":"Blog Profesional Ortodoncia Tres Torres","url":"https:\/\/ortodonciabarcelona.com\/blog-profesional\/","logo":{"@type":"ImageObject","inLanguage":"es","@id":"https:\/\/ortodonciabarcelona.com\/blog-profesional\/#\/schema\/logo\/image\/","url":"https:\/\/ortodonciabarcelona.com\/blog-profesional\/wp-content\/uploads\/2023\/05\/logo-blog-profesional-vertical.png","contentUrl":"https:\/\/ortodonciabarcelona.com\/blog-profesional\/wp-content\/uploads\/2023\/05\/logo-blog-profesional-vertical.png","width":253,"height":323,"caption":"Blog Profesional Ortodoncia Tres Torres"},"image":{"@id":"https:\/\/ortodonciabarcelona.com\/blog-profesional\/#\/schema\/logo\/image\/"}}]}},"_links":{"self":[{"href":"https:\/\/ortodonciabarcelona.com\/blog-profesional\/wp-json\/wp\/v2\/pages\/1202","targetHints":{"allow":["GET"]}}],"collection":[{"href":"https:\/\/ortodonciabarcelona.com\/blog-profesional\/wp-json\/wp\/v2\/pages"}],"about":[{"href":"https:\/\/ortodonciabarcelona.com\/blog-profesional\/wp-json\/wp\/v2\/types\/page"}],"author":[{"embeddable":true,"href":"https:\/\/ortodonciabarcelona.com\/blog-profesional\/wp-json\/wp\/v2\/users\/2"}],"replies":[{"embeddable":true,"href":"https:\/\/ortodonciabarcelona.com\/blog-profesional\/wp-json\/wp\/v2\/comments?post=1202"}],"version-history":[{"count":35,"href":"https:\/\/ortodonciabarcelona.com\/blog-profesional\/wp-json\/wp\/v2\/pages\/1202\/revisions"}],"predecessor-version":[{"id":1645,"href":"https:\/\/ortodonciabarcelona.com\/blog-profesional\/wp-json\/wp\/v2\/pages\/1202\/revisions\/1645"}],"wp:attachment":[{"href":"https:\/\/ortodonciabarcelona.com\/blog-profesional\/wp-json\/wp\/v2\/media?parent=1202"}],"curies":[{"name":"wp","href":"https:\/\/api.w.org\/{rel}","templated":true}]}}